{"id":646,"date":"2025-05-16T13:57:06","date_gmt":"2025-05-16T13:57:06","guid":{"rendered":"https:\/\/www.coachwp.fr\/pierre-et-vacances\/?page_id=646"},"modified":"2025-05-30T17:35:54","modified_gmt":"2025-05-30T17:35:54","slug":"credits-image","status":"publish","type":"page","link":"https:\/\/www.coachwp.fr\/pierre-et-vacances\/credits-image\/","title":{"rendered":"Cr\u00e9dits images"},"content":{"rendered":"\n<p><\/p>\n\n\n\n<p style=\"font-size:16px\"><strong>Toutes les images du site proviennent du Groupe Pierre &amp; Vacances &#8211; Center Parcs et de ses 4 marques : Pierre &amp; Vacances,  Center Parcs, Maeva et Adagio.<\/strong><\/p>\n\n\n\n<p style=\"font-size:16px\"><strong>Sauf pour les visuels suivants :<\/strong><\/p>\n\n\n\n<p><\/p>\n\n\n\n<h2 class=\"wp-block-heading\" style=\"font-size:20px\">L&rsquo;accueil<\/h2>\n\n\n\n<ul class=\"wp-block-list\">\n<li style=\"font-size:16px;font-style:normal;font-weight:500\">Patong Beach Lodge \u00a9 Flickr<\/li>\n<\/ul>\n\n\n\n<p><\/p>\n\n\n\n<h2 class=\"wp-block-heading\" style=\"font-size:20px\">L&rsquo;h\u00e9bergement touristique<\/h2>\n\n\n\n<p><\/p>\n\n\n\n<p style=\"font-size:18px\"><strong>Pr\u00e9sentation &amp; Chiffres cl\u00e9s<\/strong><\/p>\n\n\n\n<ul class=\"wp-block-list\">\n<li style=\"font-size:16px\">Graphique de l&rsquo;observatoire \u00e9conomique du tourisme \u00a9 Alliance France Tourisme<\/li>\n\n\n\n<li style=\"font-size:16px\">Tableau de l&rsquo;observatoire \u00e9conomique du tourisme \u00a9 Alliance France Tourisme<\/li>\n\n\n\n<li style=\"font-size:16px\">Carte de la France de l&rsquo;observatoire \u00e9conomique du tourisme \u00a9 Alliance France Tourisme<\/li>\n<\/ul>\n\n\n\n<h2 class=\"wp-block-heading\" style=\"font-size:20px\">Le Groupe Pierre &amp; Vacances &#8211; Center Parcs<\/h2>\n\n\n\n<p><\/p>\n\n\n\n<p style=\"font-size:18px\"><strong>Pr\u00e9sentation, histoire et gouvernance<\/strong><\/p>\n\n\n\n<ul class=\"wp-block-list\">\n<li style=\"font-size:16px\">Frise historique du Groupe \u00a9 E. Vandenbussche<\/li>\n\n\n\n<li style=\"font-size:16px\">Organigramme du Conseil d\u2019Administration \u00a9 Groupe Pierre &amp; Vacances \u2013 Center Parcs<\/li>\n\n\n\n<li style=\"font-size:16px\">Organigramme du Comit\u00e9 Ex\u00e9cutif \u00a9 Groupe Pierre &amp; Vacances \u2013 Center Parcs<\/li>\n<\/ul>\n\n\n\n<p style=\"font-size:18px\"><strong>Activit\u00e9s et marques<\/strong><\/p>\n\n\n\n<ul class=\"wp-block-list\">\n<li style=\"font-size:16px\">Infographie des chiffres cl\u00e9s du Groupe&nbsp;\u00a9 Groupe Pierre &amp; Vacances \u2013 Center Parcs<\/li>\n\n\n\n<li style=\"font-size:16px\">Infographie des marques du Groupe&nbsp;\u00a9 E.Vandenbussche<\/li>\n<\/ul>\n\n\n\n<p style=\"font-size:18px\"><strong>Economie et finances<\/strong><\/p>\n\n\n\n<ul class=\"wp-block-list\">\n<li style=\"font-size:16px\">Principaux actionnaires du Groupe PVCP au 30 septembre 2024 \u00a9 Groupe Pierre &amp; Vacances \u2013 Center Parcs<\/li>\n\n\n\n<li style=\"font-size:16px\">R\u00e9partition du CA par marques, activit\u00e9s et types de destination \u00a9 Groupe Pierre &amp; Vacances \u2013 Center Parcs<\/li>\n\n\n\n<li style=\"font-size:16px\">Dette financi\u00e8re 2024 vs 2023 \u00a9 Groupe Pierre &amp; Vacances \u2013 Center Parcs<\/li>\n\n\n\n<li style=\"font-size:16px\">Cours de bourse sur 1 an (au 13\/05\/2025) \u00a9 Boursorama<\/li>\n<\/ul>\n\n\n\n<p style=\"font-size:18px\"><strong>Enjeux et strat\u00e9gie<\/strong><\/p>\n\n\n\n<ul class=\"wp-block-list\">\n<li style=\"font-size:16px\">Infographie de la strat\u00e9gie R\u00e9invention \u00a9 E. Vandenbussche<\/li>\n\n\n\n<li style=\"font-size:16px\">Infographie de la strat\u00e9gie R\u00e9invention \u00a9 Groupe Pierre &amp; Vacances \u2013 Center Parcs<\/li>\n<\/ul>\n\n\n\n<h2 class=\"wp-block-heading has-medium-font-size\">La strat\u00e9gie R\u00e9invention<\/h2>\n\n\n\n<p><\/p>\n\n\n\n<p style=\"font-size:18px\"><strong>Le d\u00e9veloppement d\u2019asset-light<\/strong><\/p>\n\n\n\n<ul class=\"wp-block-list\">\n<li style=\"font-size:16px\">Graphique de la fluctuation des baux et asset de 2022 \u00e0 2023 \u00a9 Groupe Pierre &amp; Vacances \u2013 Center Parcs<\/li>\n\n\n\n<li style=\"font-size:16px\">Graphique de l&rsquo;\u00e9volution du stock des baux et des asset-light de 2023-2024 (hors la marque maeva) \u00a9 Groupe Pierre &amp; Vacances \u2013 Center Parcs<\/li>\n<\/ul>\n\n\n\n<p><\/p>\n\n\n\n<h2 class=\"wp-block-heading\" style=\"font-size:20px\">Rubrique En savoir plus<\/h2>\n\n\n\n<p><\/p>\n\n\n\n<p style=\"font-size:18px\"><strong>La r\u00e9daction d&rsquo;Horizons M\u00e9dias<\/strong><\/p>\n\n\n\n<ul class=\"wp-block-list\">\n<li style=\"font-size:16px\">Avatars des r\u00e9dacteurs : \u00a9 E. Vandenbussche by CANVA<\/li>\n<\/ul>\n\n\n\n<p style=\"font-size:18px\"><strong>Revue de Presse<\/strong><\/p>\n\n\n\n<ul class=\"wp-block-list\">\n<li style=\"font-size:16px\">Coll\u00e8gues travaillant au bureau : \u00a9 Marisha Studio \u00a9 Flickr <\/li>\n<\/ul>\n","protected":false},"excerpt":{"rendered":"<p>Toutes les images du site proviennent du Groupe Pierre &amp; Vacances &#8211; Center Parcs et de ses 4 marques : Pierre &amp; Vacances, Center Parcs, Maeva et Adagio. Sauf pour les visuels suivants : L&rsquo;accueil L&rsquo;h\u00e9bergement touristique Pr\u00e9sentation &amp; Chiffres cl\u00e9s Le Groupe Pierre &amp; Vacances &#8211; Center Parcs Pr\u00e9sentation, histoire et gouvernance Activit\u00e9s et [&hellip;]<\/p>\n","protected":false},"author":4,"featured_media":0,"parent":0,"menu_order":0,"comment_status":"closed","ping_status":"closed","template":"","meta":{"_et_pb_use_builder":"off","_et_pb_old_content":"<!-- wp:paragraph -->\n<p><\/p>\n<!-- \/wp:paragraph -->\n\n<!-- wp:paragraph {\"style\":{\"typography\":{\"fontSize\":\"16px\"}}} -->\n<p style=\"font-size:16px\"><strong>Toutes les images du site proviennent du Groupe Pierre &amp; Vacances - Center Parcs et de ses 4 marques : Pierre &amp; Vacances,  Center Parcs, Maeva et Adagio.<\/strong><\/p>\n<!-- \/wp:paragraph -->\n\n<!-- wp:paragraph {\"style\":{\"typography\":{\"fontSize\":\"16px\"}}} -->\n<p style=\"font-size:16px\"><strong>Sauf pour les visuels suivants :<\/strong><\/p>\n<!-- \/wp:paragraph -->\n\n<!-- wp:paragraph -->\n<p><\/p>\n<!-- \/wp:paragraph -->\n\n<!-- wp:heading {\"style\":{\"typography\":{\"fontSize\":\"20px\"}}} -->\n<h2 class=\"wp-block-heading\" style=\"font-size:20px\">L'accueil<\/h2>\n<!-- \/wp:heading -->\n\n<!-- wp:list -->\n<ul class=\"wp-block-list\"><!-- wp:list-item {\"style\":{\"typography\":{\"fontSize\":\"16px\",\"fontStyle\":\"normal\",\"fontWeight\":\"500\"}}} -->\n<li style=\"font-size:16px;font-style:normal;font-weight:500\">Patong Beach Lodge \u00a9 Flickr<\/li>\n<!-- \/wp:list-item --><\/ul>\n<!-- \/wp:list -->\n\n<!-- wp:paragraph -->\n<p><\/p>\n<!-- \/wp:paragraph -->\n\n<!-- wp:heading {\"style\":{\"typography\":{\"fontSize\":\"20px\"}}} -->\n<h2 class=\"wp-block-heading\" style=\"font-size:20px\">L'h\u00e9bergement touristique<\/h2>\n<!-- \/wp:heading -->\n\n<!-- wp:paragraph -->\n<p><\/p>\n<!-- \/wp:paragraph -->\n\n<!-- wp:paragraph {\"style\":{\"typography\":{\"fontSize\":\"18px\"}}} -->\n<p style=\"font-size:18px\"><strong>Pr\u00e9sentation &amp; Chiffres cl\u00e9s<\/strong><\/p>\n<!-- \/wp:paragraph -->\n\n<!-- wp:list -->\n<ul class=\"wp-block-list\"><!-- wp:list-item {\"style\":{\"typography\":{\"fontSize\":\"16px\"}}} -->\n<li style=\"font-size:16px\">Graphique de l'observatoire \u00e9conomique du tourisme \u00a9 Alliance France Tourisme<\/li>\n<!-- \/wp:list-item -->\n\n<!-- wp:list-item {\"style\":{\"typography\":{\"fontSize\":\"16px\"}}} -->\n<li style=\"font-size:16px\">Tableau de l'observatoire \u00e9conomique du tourisme \u00a9 Alliance France Tourisme<\/li>\n<!-- \/wp:list-item -->\n\n<!-- wp:list-item {\"style\":{\"typography\":{\"fontSize\":\"16px\"}}} -->\n<li style=\"font-size:16px\">Carte de la France de l'observatoire \u00e9conomique du tourisme \u00a9 Alliance France Tourisme<\/li>\n<!-- \/wp:list-item --><\/ul>\n<!-- \/wp:list -->\n\n<!-- wp:heading {\"style\":{\"typography\":{\"fontSize\":\"20px\"}}} -->\n<h2 class=\"wp-block-heading\" style=\"font-size:20px\">Le Groupe Pierre &amp; Vacances - Center Parcs<\/h2>\n<!-- \/wp:heading -->\n\n<!-- wp:paragraph -->\n<p><\/p>\n<!-- \/wp:paragraph -->\n\n<!-- wp:paragraph {\"style\":{\"typography\":{\"fontSize\":\"18px\"}}} -->\n<p style=\"font-size:18px\"><strong>Pr\u00e9sentation, histoire et gouvernance<\/strong><\/p>\n<!-- \/wp:paragraph -->\n\n<!-- wp:list -->\n<ul class=\"wp-block-list\"><!-- wp:list-item {\"style\":{\"typography\":{\"fontSize\":\"16px\"}}} -->\n<li style=\"font-size:16px\">Frise historique du Groupe \u00a9 E. Vandenbussche<\/li>\n<!-- \/wp:list-item -->\n\n<!-- wp:list-item {\"style\":{\"typography\":{\"fontSize\":\"16px\"}}} -->\n<li style=\"font-size:16px\">Organigramme du Conseil d\u2019Administration \u00a9 Groupe Pierre &amp; Vacances \u2013 Center Parcs<\/li>\n<!-- \/wp:list-item -->\n\n<!-- wp:list-item {\"style\":{\"typography\":{\"fontSize\":\"16px\"}}} -->\n<li style=\"font-size:16px\">Organigramme du Comit\u00e9 Ex\u00e9cutif \u00a9 Groupe Pierre &amp; Vacances \u2013 Center Parcs<\/li>\n<!-- \/wp:list-item --><\/ul>\n<!-- \/wp:list -->\n\n<!-- wp:paragraph {\"style\":{\"typography\":{\"fontSize\":\"18px\"}}} -->\n<p style=\"font-size:18px\"><strong>Activit\u00e9s et marques<\/strong><\/p>\n<!-- \/wp:paragraph -->\n\n<!-- wp:list -->\n<ul class=\"wp-block-list\"><!-- wp:list-item {\"style\":{\"typography\":{\"fontSize\":\"16px\"}}} -->\n<li style=\"font-size:16px\">Infographie des chiffres cl\u00e9s du Groupe&nbsp;\u00a9 Groupe Pierre &amp; Vacances \u2013 Center Parcs<\/li>\n<!-- \/wp:list-item -->\n\n<!-- wp:list-item {\"style\":{\"typography\":{\"fontSize\":\"16px\"}}} -->\n<li style=\"font-size:16px\">Infographie des marques du Groupe&nbsp;\u00a9 E.Vandenbussche<\/li>\n<!-- \/wp:list-item --><\/ul>\n<!-- \/wp:list -->\n\n<!-- wp:paragraph {\"style\":{\"typography\":{\"fontSize\":\"18px\"}}} -->\n<p style=\"font-size:18px\"><strong>Economie et finances<\/strong><\/p>\n<!-- \/wp:paragraph -->\n\n<!-- wp:list -->\n<ul class=\"wp-block-list\"><!-- wp:list-item {\"style\":{\"typography\":{\"fontSize\":\"16px\"}}} -->\n<li style=\"font-size:16px\">Principaux actionnaires du Groupe PVCP au 30 septembre 2024 \u00a9 Groupe Pierre &amp; Vacances \u2013 Center Parcs<\/li>\n<!-- \/wp:list-item -->\n\n<!-- wp:list-item {\"style\":{\"typography\":{\"fontSize\":\"16px\"}}} -->\n<li style=\"font-size:16px\">R\u00e9partition du CA par marques, activit\u00e9s et types de destination \u00a9 Groupe Pierre &amp; Vacances \u2013 Center Parcs<\/li>\n<!-- \/wp:list-item -->\n\n<!-- wp:list-item {\"style\":{\"typography\":{\"fontSize\":\"16px\"}}} -->\n<li style=\"font-size:16px\">Dette financi\u00e8re 2024 vs 2023 \u00a9 Groupe Pierre &amp; Vacances \u2013 Center Parcs<\/li>\n<!-- \/wp:list-item -->\n\n<!-- wp:list-item {\"style\":{\"typography\":{\"fontSize\":\"16px\"}}} -->\n<li style=\"font-size:16px\">Cours de bourse sur 1 an (au 13\/05\/2025) \u00a9 Boursorama<\/li>\n<!-- \/wp:list-item --><\/ul>\n<!-- \/wp:list -->\n\n<!-- wp:paragraph {\"style\":{\"typography\":{\"fontSize\":\"18px\"}}} -->\n<p style=\"font-size:18px\"><strong>Enjeux et strat\u00e9gie<\/strong><\/p>\n<!-- \/wp:paragraph -->\n\n<!-- wp:list -->\n<ul class=\"wp-block-list\"><!-- wp:list-item {\"style\":{\"typography\":{\"fontSize\":\"16px\"}}} -->\n<li style=\"font-size:16px\">Infographie de la strat\u00e9gie R\u00e9invention \u00a9 E. Vandenbussche<\/li>\n<!-- \/wp:list-item -->\n\n<!-- wp:list-item {\"style\":{\"typography\":{\"fontSize\":\"16px\"}}} -->\n<li style=\"font-size:16px\">Infographie de la strat\u00e9gie R\u00e9invention \u00a9 Groupe Pierre &amp; Vacances \u2013 Center Parcs<\/li>\n<!-- \/wp:list-item --><\/ul>\n<!-- \/wp:list -->\n\n<!-- wp:heading {\"fontSize\":\"medium\"} -->\n<h2 class=\"wp-block-heading has-medium-font-size\">La strat\u00e9gie R\u00e9invention<\/h2>\n<!-- \/wp:heading -->\n\n<!-- wp:paragraph -->\n<p><\/p>\n<!-- \/wp:paragraph -->\n\n<!-- wp:paragraph {\"style\":{\"typography\":{\"fontSize\":\"18px\"}}} -->\n<p style=\"font-size:18px\"><strong>Le d\u00e9veloppement d\u2019asset-light<\/strong><\/p>\n<!-- \/wp:paragraph -->\n\n<!-- wp:list -->\n<ul class=\"wp-block-list\"><!-- wp:list-item {\"style\":{\"typography\":{\"fontSize\":\"16px\"}}} -->\n<li style=\"font-size:16px\">Graphique de la fluctuation des baux et asset de 2022 \u00e0 2023 \u00a9 Groupe Pierre &amp; Vacances \u2013 Center Parcs<\/li>\n<!-- \/wp:list-item -->\n\n<!-- wp:list-item {\"style\":{\"typography\":{\"fontSize\":\"16px\"}}} -->\n<li style=\"font-size:16px\">Graphique de l'\u00e9volution du stock des baux et des asset-light de 2023-2024 (hors la marque maeva) \u00a9 Groupe Pierre &amp; Vacances \u2013 Center Parcs<\/li>\n<!-- \/wp:list-item --><\/ul>\n<!-- \/wp:list -->\n\n<!-- wp:paragraph -->\n<p><\/p>\n<!-- \/wp:paragraph -->\n\n<!-- wp:heading {\"style\":{\"typography\":{\"fontSize\":\"20px\"}}} -->\n<h2 class=\"wp-block-heading\" style=\"font-size:20px\">Rubrique En savoir plus<\/h2>\n<!-- \/wp:heading -->\n\n<!-- wp:paragraph -->\n<p><\/p>\n<!-- \/wp:paragraph -->\n\n<!-- wp:paragraph {\"style\":{\"typography\":{\"fontSize\":\"18px\"}}} -->\n<p style=\"font-size:18px\"><strong>La r\u00e9daction d'Horizons M\u00e9dias<\/strong><\/p>\n<!-- \/wp:paragraph -->\n\n<!-- wp:list -->\n<ul class=\"wp-block-list\"><!-- wp:list-item {\"style\":{\"typography\":{\"fontSize\":\"16px\"}}} -->\n<li style=\"font-size:16px\">Avatars des r\u00e9dacteurs : \u00a9 E. Vandenbussche by CANVA<\/li>\n<!-- \/wp:list-item --><\/ul>\n<!-- \/wp:list -->","_et_gb_content_width":"","footnotes":""},"class_list":["post-646","page","type-page","status-publish","hentry"],"yoast_head":"<!-- This site is optimized with the Yoast SEO plugin v25.2 - https:\/\/yoast.com\/wordpress\/plugins\/seo\/ -->\n<title>Cr\u00e9dits images - Horizons M\u00e9dias<\/title>\n<meta name=\"robots\" content=\"index, follow, max-snippet:-1, max-image-preview:large, max-video-preview:-1\" \/>\n<link rel=\"canonical\" href=\"https:\/\/www.coachwp.fr\/pierre-et-vacances\/credits-image\/\" \/>\n<meta property=\"og:locale\" content=\"fr_FR\" \/>\n<meta property=\"og:type\" content=\"article\" \/>\n<meta property=\"og:title\" content=\"Cr\u00e9dits images - Horizons M\u00e9dias\" \/>\n<meta property=\"og:description\" content=\"Toutes les images du site proviennent du Groupe Pierre &amp; Vacances &#8211; Center Parcs et de ses 4 marques : Pierre &amp; Vacances, Center Parcs, Maeva et Adagio. Sauf pour les visuels suivants : L&rsquo;accueil L&rsquo;h\u00e9bergement touristique Pr\u00e9sentation &amp; Chiffres cl\u00e9s Le Groupe Pierre &amp; Vacances &#8211; Center Parcs Pr\u00e9sentation, histoire et gouvernance Activit\u00e9s et [&hellip;]\" \/>\n<meta property=\"og:url\" content=\"https:\/\/www.coachwp.fr\/pierre-et-vacances\/credits-image\/\" \/>\n<meta property=\"og:site_name\" content=\"Horizons M\u00e9dias\" \/>\n<meta property=\"article:modified_time\" content=\"2025-05-30T17:35:54+00:00\" \/>\n<meta name=\"twitter:card\" content=\"summary_large_image\" \/>\n<meta name=\"twitter:label1\" content=\"Dur\u00e9e de lecture estim\u00e9e\" \/>\n\t<meta name=\"twitter:data1\" content=\"2 minutes\" \/>\n<script type=\"application\/ld+json\" class=\"yoast-schema-graph\">{\"@context\":\"https:\/\/schema.org\",\"@graph\":[{\"@type\":\"WebPage\",\"@id\":\"https:\/\/www.coachwp.fr\/pierre-et-vacances\/credits-image\/\",\"url\":\"https:\/\/www.coachwp.fr\/pierre-et-vacances\/credits-image\/\",\"name\":\"Cr\u00e9dits images - Horizons M\u00e9dias\",\"isPartOf\":{\"@id\":\"https:\/\/www.coachwp.fr\/pierre-et-vacances\/#website\"},\"datePublished\":\"2025-05-16T13:57:06+00:00\",\"dateModified\":\"2025-05-30T17:35:54+00:00\",\"breadcrumb\":{\"@id\":\"https:\/\/www.coachwp.fr\/pierre-et-vacances\/credits-image\/#breadcrumb\"},\"inLanguage\":\"fr-FR\",\"potentialAction\":[{\"@type\":\"ReadAction\",\"target\":[\"https:\/\/www.coachwp.fr\/pierre-et-vacances\/credits-image\/\"]}]},{\"@type\":\"BreadcrumbList\",\"@id\":\"https:\/\/www.coachwp.fr\/pierre-et-vacances\/credits-image\/#breadcrumb\",\"itemListElement\":[{\"@type\":\"ListItem\",\"position\":1,\"name\":\"Accueil\",\"item\":\"https:\/\/www.coachwp.fr\/pierre-et-vacances\/\"},{\"@type\":\"ListItem\",\"position\":2,\"name\":\"Cr\u00e9dits images\"}]},{\"@type\":\"WebSite\",\"@id\":\"https:\/\/www.coachwp.fr\/pierre-et-vacances\/#website\",\"url\":\"https:\/\/www.coachwp.fr\/pierre-et-vacances\/\",\"name\":\"Horizons M\u00e9dias\",\"description\":\"Votre source d&#039;information sur le Groupe Pierre &amp; Vacances-Center Parcs\",\"potentialAction\":[{\"@type\":\"SearchAction\",\"target\":{\"@type\":\"EntryPoint\",\"urlTemplate\":\"https:\/\/www.coachwp.fr\/pierre-et-vacances\/?s={search_term_string}\"},\"query-input\":{\"@type\":\"PropertyValueSpecification\",\"valueRequired\":true,\"valueName\":\"search_term_string\"}}],\"inLanguage\":\"fr-FR\"}]}<\/script>\n<!-- \/ Yoast SEO plugin. -->","yoast_head_json":{"title":"Cr\u00e9dits images - Horizons M\u00e9dias","robots":{"index":"index","follow":"follow","max-snippet":"max-snippet:-1","max-image-preview":"max-image-preview:large","max-video-preview":"max-video-preview:-1"},"canonical":"https:\/\/www.coachwp.fr\/pierre-et-vacances\/credits-image\/","og_locale":"fr_FR","og_type":"article","og_title":"Cr\u00e9dits images - Horizons M\u00e9dias","og_description":"Toutes les images du site proviennent du Groupe Pierre &amp; Vacances &#8211; Center Parcs et de ses 4 marques : Pierre &amp; Vacances, Center Parcs, Maeva et Adagio. Sauf pour les visuels suivants : L&rsquo;accueil L&rsquo;h\u00e9bergement touristique Pr\u00e9sentation &amp; Chiffres cl\u00e9s Le Groupe Pierre &amp; Vacances &#8211; Center Parcs Pr\u00e9sentation, histoire et gouvernance Activit\u00e9s et [&hellip;]","og_url":"https:\/\/www.coachwp.fr\/pierre-et-vacances\/credits-image\/","og_site_name":"Horizons M\u00e9dias","article_modified_time":"2025-05-30T17:35:54+00:00","twitter_card":"summary_large_image","twitter_misc":{"Dur\u00e9e de lecture estim\u00e9e":"2 minutes"},"schema":{"@context":"https:\/\/schema.org","@graph":[{"@type":"WebPage","@id":"https:\/\/www.coachwp.fr\/pierre-et-vacances\/credits-image\/","url":"https:\/\/www.coachwp.fr\/pierre-et-vacances\/credits-image\/","name":"Cr\u00e9dits images - Horizons M\u00e9dias","isPartOf":{"@id":"https:\/\/www.coachwp.fr\/pierre-et-vacances\/#website"},"datePublished":"2025-05-16T13:57:06+00:00","dateModified":"2025-05-30T17:35:54+00:00","breadcrumb":{"@id":"https:\/\/www.coachwp.fr\/pierre-et-vacances\/credits-image\/#breadcrumb"},"inLanguage":"fr-FR","potentialAction":[{"@type":"ReadAction","target":["https:\/\/www.coachwp.fr\/pierre-et-vacances\/credits-image\/"]}]},{"@type":"BreadcrumbList","@id":"https:\/\/www.coachwp.fr\/pierre-et-vacances\/credits-image\/#breadcrumb","itemListElement":[{"@type":"ListItem","position":1,"name":"Accueil","item":"https:\/\/www.coachwp.fr\/pierre-et-vacances\/"},{"@type":"ListItem","position":2,"name":"Cr\u00e9dits images"}]},{"@type":"WebSite","@id":"https:\/\/www.coachwp.fr\/pierre-et-vacances\/#website","url":"https:\/\/www.coachwp.fr\/pierre-et-vacances\/","name":"Horizons M\u00e9dias","description":"Votre source d&#039;information sur le Groupe Pierre &amp; Vacances-Center Parcs","potentialAction":[{"@type":"SearchAction","target":{"@type":"EntryPoint","urlTemplate":"https:\/\/www.coachwp.fr\/pierre-et-vacances\/?s={search_term_string}"},"query-input":{"@type":"PropertyValueSpecification","valueRequired":true,"valueName":"search_term_string"}}],"inLanguage":"fr-FR"}]}},"_links":{"self":[{"href":"https:\/\/www.coachwp.fr\/pierre-et-vacances\/wp-json\/wp\/v2\/pages\/646","targetHints":{"allow":["GET"]}}],"collection":[{"href":"https:\/\/www.coachwp.fr\/pierre-et-vacances\/wp-json\/wp\/v2\/pages"}],"about":[{"href":"https:\/\/www.coachwp.fr\/pierre-et-vacances\/wp-json\/wp\/v2\/types\/page"}],"author":[{"embeddable":true,"href":"https:\/\/www.coachwp.fr\/pierre-et-vacances\/wp-json\/wp\/v2\/users\/4"}],"replies":[{"embeddable":true,"href":"https:\/\/www.coachwp.fr\/pierre-et-vacances\/wp-json\/wp\/v2\/comments?post=646"}],"version-history":[{"count":43,"href":"https:\/\/www.coachwp.fr\/pierre-et-vacances\/wp-json\/wp\/v2\/pages\/646\/revisions"}],"predecessor-version":[{"id":1835,"href":"https:\/\/www.coachwp.fr\/pierre-et-vacances\/wp-json\/wp\/v2\/pages\/646\/revisions\/1835"}],"wp:attachment":[{"href":"https:\/\/www.coachwp.fr\/pierre-et-vacances\/wp-json\/wp\/v2\/media?parent=646"}],"curies":[{"name":"wp","href":"https:\/\/api.w.org\/{rel}","templated":true}]}}