{"id":281,"date":"2025-05-06T13:10:54","date_gmt":"2025-05-06T13:10:54","guid":{"rendered":"https:\/\/www.coachwp.fr\/pierre-et-vacances\/?page_id=281"},"modified":"2025-06-01T14:11:13","modified_gmt":"2025-06-01T14:11:13","slug":"bibliographie","status":"publish","type":"page","link":"https:\/\/www.coachwp.fr\/pierre-et-vacances\/bibliographie\/","title":{"rendered":"Bibliographie"},"content":{"rendered":"[et_pb_section fb_built=\u00a0\u00bb1&Prime; admin_label=\u00a0\u00bbAbout\u00a0\u00bb _builder_version=\u00a0\u00bb4.22.0&Prime; _module_preset=\u00a0\u00bbdefault\u00a0\u00bb locked=\u00a0\u00bboff\u00a0\u00bb collapsed=\u00a0\u00bbon\u00a0\u00bb global_colors_info=\u00a0\u00bb{}\u00a0\u00bb][et_pb_row _builder_version=\u00a0\u00bb4.27.4&Prime; _module_preset=\u00a0\u00bbdefault\u00a0\u00bb width=\u00a0\u00bb100%\u00a0\u00bb max_width=\u00a0\u00bb1180px\u00a0\u00bb min_height=\u00a0\u00bb126.5px\u00a0\u00bb custom_padding=\u00a0\u00bb57px||57px||true|\u00a0\u00bb global_colors_info=\u00a0\u00bb{}\u00a0\u00bb][et_pb_column type=\u00a0\u00bb4_4&Prime; _builder_version=\u00a0\u00bb4.22.0&Prime; _module_preset=\u00a0\u00bbdefault\u00a0\u00bb global_colors_info=\u00a0\u00bb{}\u00a0\u00bb][et_pb_heading title=\u00a0\u00bbBibliographie\u00a0\u00bb _builder_version=\u00a0\u00bb4.27.4&Prime; _module_preset=\u00a0\u00bbdefault\u00a0\u00bb title_text_align=\u00a0\u00bbcenter\u00a0\u00bb title_font_size=\u00a0\u00bb43px\u00a0\u00bb global_colors_info=\u00a0\u00bb{}\u00a0\u00bb][\/et_pb_heading][et_pb_text _builder_version=\u00a0\u00bb4.27.4&Prime; _module_preset=\u00a0\u00bbdefault\u00a0\u00bb global_colors_info=\u00a0\u00bb{}\u00a0\u00bb]<p style=\"text-align: center;\">Voici la biographie constitu\u00e9e des ressources consult\u00e9es pour ce dossier documentaire num\u00e9rique \u00e9labor\u00e9 par Horizon M\u00e9dias.<br \/>Vous trouverez les \u00e9tudes, articles et autres m\u00e9dias selon les cat\u00e9gories du site.<\/p>[\/et_pb_text][\/et_pb_column][\/et_pb_row][et_pb_row _builder_version=\u00a0\u00bb4.27.4&Prime; _module_preset=\u00a0\u00bbdefault\u00a0\u00bb width=\u00a0\u00bb100%\u00a0\u00bb max_width=\u00a0\u00bb1180px\u00a0\u00bb min_height=\u00a0\u00bb126.5px\u00a0\u00bb custom_padding=\u00a0\u00bb10px||10px||true|false\u00a0\u00bb global_colors_info=\u00a0\u00bb{}\u00a0\u00bb][et_pb_column type=\u00a0\u00bb4_4&Prime; _builder_version=\u00a0\u00bb4.22.0&Prime; _module_preset=\u00a0\u00bbdefault\u00a0\u00bb global_colors_info=\u00a0\u00bb{}\u00a0\u00bb][et_pb_text _builder_version=\u00a0\u00bb4.27.4&Prime; _module_preset=\u00a0\u00bbc1ccfd77-cac1-4faa-8e41-20d723f81385&Prime; text_font=\u00a0\u00bb&#8211;et_global_body_font||on||||||\u00a0\u00bb text_text_color=\u00a0\u00bb#016577&Prime; text_font_size=\u00a0\u00bb22px\u00a0\u00bb text_letter_spacing=\u00a0\u00bb1px\u00a0\u00bb width=\u00a0\u00bb100%\u00a0\u00bb custom_margin=\u00a0\u00bb||10px||false|false\u00a0\u00bb global_colors_info=\u00a0\u00bb{}\u00a0\u00bb]<p><strong>L&rsquo;h\u00e9bergement touristique<\/strong><\/p>[\/et_pb_text][et_pb_text _builder_version=\u00a0\u00bb4.27.4&Prime; _module_preset=\u00a0\u00bbac363a56-eeb7-41d0-9b0f-5a4a2b62c7e3&Prime; hover_enabled=\u00a0\u00bb0&Prime; global_colors_info=\u00a0\u00bb{}\u00a0\u00bb sticky_enabled=\u00a0\u00bb0&Prime;]<ul>\n<li><a href=\"https:\/\/www.france-tourisme-observation.fr\/actualites\/nette-reprise-de-lemploi-dans-le-secteur-de-lhotellerie-restauration-avec-des-contrats-plus-longs\" target=\"_blank\" rel=\"noopener\">Nette reprise de l&#8217;emploi dans le secteur de l&rsquo;h\u00f4tellerie-restauration avec des contrats plus longs<\/a>, <em>France tourisme Observation. 2024 <\/em>[en ligne].[consult\u00e9 le 15 mai 2025].<\/li>\n<li><a href=\"https:\/\/www.atout-france.fr\/fr\/actualites\/tourisme-en-france-2024-devrait-tenir-toutes-ses-promesses\" target=\"_blank\" rel=\"noopener\">Tourisme en France : 2024 devrait tenir toutes ses promesses<\/a>,\u00a0<em>Atout France. <\/em>[en ligne]. [consult\u00e9 le 15 mai 2025].<\/li>\n<li><a href=\"https:\/\/www.lefigaro.fr\/voyages\/il-y-aura-beaucoup-de-touristes-en-france-au-printemps-20250328\" target=\"_blank\" rel=\"noopener\">Il y aura beaucoup de touristes en France au printemps<\/a>, <em>Le Figaro. <\/em>28 mars 2025 [en ligne].\u00a0[consult\u00e9 le 15 mai 2025].<\/li>\n<li><a href=\"https:\/\/www.alliance-france-tourisme.fr\/posts\/enquete-sur-les-vacances-2025-des-francais-en-partenariat-avec-ipsos\" target=\"_blank\" rel=\"noopener\">Enqu\u00eate sur les vacances 2025 des Fran\u00e7ais en partenariat avec Ipsos, <\/a><em>Alliance france tourisme. <\/em>2025<em>.<\/em>[en ligne]. [consult\u00e9 le 15 mai 2025].<\/li>\n<li><a href=\"https:\/\/www.atout-france.fr\/fr\/actualites\/un-debut-dannee-prometteur-pour-le-tourisme-francais\" target=\"_blank\" rel=\"noopener\">Un d\u00e9but d&rsquo;ann\u00e9e prometteur pour le tourisme fran\u00e7ais,<\/a>\u00a0<em>Atout France<\/em><em>. <\/em>2024 [en ligne].[consult\u00e9 le 15 mai 2025].<\/li>\n<li><a href=\"https:\/\/www.forbes.fr\/business\/tourisme-debut-dannee-encourageant-pour-le-secteur\/\" target=\"_blank\" rel=\"noopener\">Tourisme : d\u00e9but d&rsquo;ann\u00e9e encourageant pour le secteur,<\/a> <em>Forbes France. <\/em>2024 [en ligne].[consult\u00e9 le 15 mai 2025].<\/li>\n<li><a href=\"https:\/\/www.insee.fr\/fr\/statistiques\/8376531\" target=\"_blank\" rel=\"noopener\">Statistiques emploi dans le secteur du tourisme,<\/a> <em>INSEE. <\/em>2024 [en ligne].\u00a0[consult\u00e9 le 15 mai 2025].<\/li>\n<li><a href=\"https:\/\/www.entreprises.gouv.fr\/secteurs-dactivite\/le-secteur-du-tourisme-en-france\" target=\"_blank\" rel=\"noopener\">Le secteur du tourisme en France, <\/a><em>Direction G\u00e9n\u00e9rale des entreprises.<\/em>[en ligne]. [consult\u00e9 le 15 mai 2025].<\/li>\n<li><a href=\"https:\/\/www.atout-france.fr\/fr\/recherche?search_api_fulltext=memento\" target=\"_blank\" rel=\"noopener\">Recherche memento du tourisme 2024,<\/a>\u00a0<em>Atout France<\/em><em>\u00a0<\/em>[en ligne].\u00a0[consult\u00e9 le 15 mai 2025].<\/li>\n<li><a href=\"https:\/\/www.insee.fr\/fr\/statistiques\/8564493\" target=\"_blank\" rel=\"noopener\">Statistiques du tourisme 2024,<\/a>\u00a0<em>INSEE <\/em>[en ligne].\u00a0[consult\u00e9 le 15 mai 2025].<\/li>\n<li><a href=\"https:\/\/www.alliance-france-tourisme.fr\/posts\/observatoire-economique-du-tourisme-numero-11\" target=\"_blank\" rel=\"noopener\">Observatoire \u00e9conomique du tourisme<\/a> num\u00e9ro 11, <em>Alliance france tourisme, <\/em>2025.[en ligne].[consult\u00e9 le 15 mai 2025]<\/li>\n<\/ul>[\/et_pb_text][\/et_pb_column][\/et_pb_row][et_pb_row _builder_version=\u00a0\u00bb4.27.4&Prime; _module_preset=\u00a0\u00bbdefault\u00a0\u00bb width=\u00a0\u00bb100%\u00a0\u00bb max_width=\u00a0\u00bb1180px\u00a0\u00bb min_height=\u00a0\u00bb126.5px\u00a0\u00bb custom_padding=\u00a0\u00bb10px||10px||true|false\u00a0\u00bb global_colors_info=\u00a0\u00bb{}\u00a0\u00bb][et_pb_column type=\u00a0\u00bb4_4&Prime; _builder_version=\u00a0\u00bb4.22.0&Prime; _module_preset=\u00a0\u00bbdefault\u00a0\u00bb global_colors_info=\u00a0\u00bb{}\u00a0\u00bb][et_pb_text _builder_version=\u00a0\u00bb4.27.4&Prime; _module_preset=\u00a0\u00bbc1ccfd77-cac1-4faa-8e41-20d723f81385&Prime; text_font=\u00a0\u00bb&#8211;et_global_body_font||on||||||\u00a0\u00bb text_text_color=\u00a0\u00bb#016577&Prime; text_font_size=\u00a0\u00bb22px\u00a0\u00bb text_letter_spacing=\u00a0\u00bb1px\u00a0\u00bb width=\u00a0\u00bb100%\u00a0\u00bb custom_margin=\u00a0\u00bb||10px||false|false\u00a0\u00bb locked=\u00a0\u00bboff\u00a0\u00bb global_colors_info=\u00a0\u00bb{}\u00a0\u00bb]<p><strong>Le Groupe Pierre &amp; Vacances &#8211; Center Parcs<\/strong><\/p>[\/et_pb_text][et_pb_text _builder_version=\u00a0\u00bb4.27.4&Prime; _module_preset=\u00a0\u00bbac363a56-eeb7-41d0-9b0f-5a4a2b62c7e3&Prime; hover_enabled=\u00a0\u00bb0&Prime; global_colors_info=\u00a0\u00bb{}\u00a0\u00bb sticky_enabled=\u00a0\u00bb0&Prime;]<ul>\n<li aria-level=\"1\"><a href=\"https:\/\/news.groupepvcp.com\/3-nouvelles-nominations-au-sein-du-comite-executif-et-conseil-dadministration\/\" target=\"_blank\" rel=\"noopener\"><span>3 nouvelles nominations au sein du Comit\u00e9 Ex\u00e9cutif et Conseil d\u2019Administration<\/span><\/a><span>\u00a0\u2013 <em>Site presse du Groupe PVCP<\/em>, [en\u00a0ligne] [consult\u00e9 le 15\u00a0mai\u00a02025].\u00a0<\/span><\/li>\n<li aria-level=\"1\"><a href=\"https:\/\/www.groupepvcp.com\/finance\/action\/\" target=\"_blank\" rel=\"noopener\">Action.<\/a>\u00a0<em>Groupe PVCP<\/em><span>\u00a0<\/span>[en ligne] [consult\u00e9 le 10 mai 2025].<span><\/span><\/li>\n<li aria-level=\"1\"><a href=\"https:\/\/www.groupepvcp.com\/adagio\/\" target=\"_blank\" rel=\"noopener\"><span>Adagio<\/span><\/a><span>,<span>\u00a0<\/span><\/span><i><span>Groupe PVCP<\/span><\/i><span><span>\u00a0<\/span>[en\u00a0ligne][consult\u00e9 le 16\u00a0mai\u00a02025].\u00a0<\/span><\/li>\n<li aria-level=\"1\"><a href=\"https:\/\/hospitality-on.com\/fr\/ouverture\/adagio-vise-une-annee-2024-axee-sur-lhospitalite-apres-une-performance-record-en-202\" target=\"_blank\" rel=\"noopener\"><span>Adagio vise une ann\u00e9e 2024 ax\u00e9e sur l\u2019hospitalit\u00e9 apr\u00e8s une performance record en 2023<\/span><\/a><span>,<span>\u00a0<\/span><\/span><i><span>Hospitality ON<\/span><\/i><span><span>\u00a0<\/span>[en\u00a0ligne][consult\u00e9 le 16\u00a0mai\u00a02025].\u00a0<\/span><\/li>\n<li aria-level=\"1\"><a href=\"https:\/\/www.groupepvcp.com\/engagement\/tourisme-impact-positif\/\" target=\"_blank\" rel=\"noopener\"><span>Agir pour un tourisme \u00e0 impact positif<\/span><\/a><span>,<span>\u00a0<\/span><\/span><i><span>Groupe PVCP<\/span><\/i><span><span>\u00a0<\/span>[en\u00a0ligne][consult\u00e9 le 16\u00a0mai\u00a02025].\u00a0<\/span><span><\/span><\/li>\n<li aria-level=\"1\"><a href=\"https:\/\/www.groupepvcp.com\/finance\/assemblee-generale-et-statuts\/\" target=\"_blank\" rel=\"noopener\"><span>Assembl\u00e9e G\u00e9n\u00e9rale et Statuts<\/span><\/a><span>,\u00a0<\/span><i><span>Groupe PVCP<\/span><\/i><span>\u00a0[en\u00a0ligne] [consult\u00e9 le 15\u00a0mai\u00a02025].\u00a0<\/span><\/li>\n<li aria-level=\"1\"><a href=\"https:\/\/www.youtube.com\/watch?v=dkRLtyM9E7s\" target=\"_blank\" rel=\"noopener\"><span>C\u2019est notre raison d\u2019\u00eatre<\/span><\/a><span><span>\u00a0<\/span>\u2013 YouTube,<span>\u00a0<\/span><\/span><i><span>Groupe PVCP<span>\u00a0<\/span><\/span><\/i><span>[en\u00a0ligne] [consult\u00e9 le 16\u00a0mai\u00a02025].\u00a0<\/span><span><\/span><\/li>\n<li aria-level=\"1\"><a href=\"https:\/\/www.groupepvcp.com\/app\/uploads\/2025\/04\/chiffre-daffaires-du-1er-semestre-20242025-pvcp-ca-s12025-communique.pdf\" target=\"_blank\" rel=\"noopener\">Chiffre d\u2019affaires du 1er semestre de l\u2019exercice 2024\/2025.<\/a>\u00a0<em>Groupe PVCP\u00a0<\/em>[en ligne] [consult\u00e9 le 10 mai 2025].<span><\/span><\/li>\n<li aria-level=\"1\"><a href=\"https:\/\/www.lefigaro.fr\/societes\/cottage-vip-appart-hotels-en-ville-la-recette-de-pierre-vacances-center-parcs-pour-attirer-les-familles-20241203\" target=\"_blank\" rel=\"noopener\"><span>Cottage VIP, appart\u2019h\u00f4tels en ville\u2026 La recette de Pierre &amp; Vacances Center Parcs pour attirer les familles<\/span><\/a><span>,\u00a0<\/span><i><span>Le Figaro, 2024<\/span><\/i><span><span>\u00a0<\/span>[en\u00a0ligne][consult\u00e9 le 16\u00a0mai\u00a02025].\u00a0<\/span><span><\/span><\/li>\n<li aria-level=\"1\"><a href=\"https:\/\/www.boursorama.com\/cours\/1rPVAC\/\" target=\"_blank\" rel=\"noopener\">Cours de l\u2019action Pierre et Vacances (VAC) \u2013 Euronext Paris<\/a>.<span>\u00a0<\/span><em>Boursorama<\/em><span>\u00a0<\/span>[en ligne] [consult\u00e9 le 12 mai 2025].<span><\/span><\/li>\n<li aria-level=\"1\">DE PAOLA Florian.<span>\u00a0<\/span><a href=\"https:\/\/www.lechotouristique.com\/article\/comment-pierre-vacances-center-parcs-veut-devenir-tres-rentable-en-2028\" target=\"_blank\" rel=\"noopener\">Comment Pierre &amp; Vacances-Center Parcs veut devenir tr\u00e8s rentable en 2028<\/a>.<span>\u00a0<\/span><em>L\u2019\u00c9cho Touristique,<span>\u00a0<\/span><\/em>2024 [en ligne] [consult\u00e9 le 12 mai 2025].<\/li>\n<li aria-level=\"1\">DE PAOLA Florian.<span>\u00a0<\/span><a href=\"https:\/\/www.lechotouristique.com\/article\/pierre-vacances-center-parcs-renoue-avec-les-benefices\" target=\"_blank\" rel=\"noopener\">Pierre &amp; Vacances\/Center Parcs renoue avec les b\u00e9n\u00e9fices.<span>\u00a0<\/span><\/a><i>L\u2019Echo Touristique,<span>\u00a0<\/span><\/i><span>2024<\/span><span><span>\u00a0<\/span>[en ligne] [consult\u00e9 le 12 mai 2025].\u00a0<\/span><\/li>\n<li aria-level=\"1\">DE PAOLA Florian,<span>\u00a0<\/span><a href=\"https:\/\/www.lechotouristique.com\/article\/economie-pierre-vacances-center-parcs-va-supprimer-105-postes-au-siege\" target=\"_blank\" rel=\"noopener\"><span>Pierre &amp; Vacances\/Center Parcs va supprimer 105 postes au si\u00e8ge<\/span><\/a><span>.<span>\u00a0<\/span><\/span><i><span>L\u2019Echo Touristique,<span>\u00a0<\/span><\/span><\/i><span>2022<\/span><span><span>\u00a0<\/span>[en ligne] [consult\u00e9 le 12 mai 2025].<\/span><\/li>\n<li aria-level=\"1\"><span><a href=\"https:\/\/www.groupepvcp.com\/app\/uploads\/2024\/12\/deu_20dec24-fr.pdf\" target=\"_blank\" rel=\"noopener\">Document d\u2019Enregistrement Universel 2023-2024<\/a>,\u00a0<\/span><i><span>Groupe PVCP<\/span><\/i><span>\u00a0[en\u00a0ligne] [consult\u00e9 le 15\u00a0mai\u00a02025].\u00a0<\/span><\/li>\n<li aria-level=\"1\"><a href=\"https:\/\/www.lechotouristique.com\/article\/du-changement-au-comite-executif-de-pierre-vacances-centers-parcs\" target=\"_blank\" rel=\"noopener\"><span>Du changement au comit\u00e9 ex\u00e9cutif de Pierre &amp; Vacances\/Centers Parcs<\/span><\/a><span>, <\/span><i><span>L\u2019Echo Touristique, 2024<\/span><\/i><span>\u00a0[en\u00a0ligne]. [consult\u00e9 le 15\u00a0mai\u00a02025].\u00a0<\/span><\/li>\n<li><span style=\"font-weight: 400;\"><a href=\"https:\/\/www.linkedin.com\/in\/franck-gervais-59a48554\/?originalSubdomain=fr\" target=\"_blank\" rel=\"noopener\">Biographie Franck Gervais<\/a>. <em>Linkedin<\/em> [en\u00a0ligne] [consult\u00e9 le 15\u00a0mai\u00a02025].\u00a0<\/span><\/li>\n<li aria-level=\"1\"><a href=\"https:\/\/www.groupepvcp.com\/groupe\/gouvernance\/\" target=\"_blank\" rel=\"noopener\"><span>Gouvernance<\/span><\/a><span>,\u00a0<\/span><i><span>Groupe PVCP<\/span><\/i><span>\u00a0[en\u00a0ligne] [consult\u00e9 le 15\u00a0mai\u00a02025].\u00a0<\/span><\/li>\n<li aria-level=\"1\"><a href=\"https:\/\/www.groupepvcp.com\/groupe\/\" target=\"_blank\" rel=\"noopener\"><span>Groupe<\/span><\/a><span>,<span>\u00a0<\/span><\/span><i><span>Groupe PVCP<\/span><\/i><span><span>\u00a0<\/span>[en\u00a0ligne][consult\u00e9 le 16\u00a0mai\u00a02025].\u00a0<\/span><\/li>\n<li aria-level=\"1\"><a href=\"https:\/\/www.businesswire.com\/news\/home\/20241203378754\/fr\" target=\"_blank\" rel=\"noopener\"><span>Groupe Pierre &amp; Vacances-Center Parcs\u202f: R\u00e9sultats de l\u2019exercice 2023\/2024<\/span><\/a><span>, [en\u00a0ligne][consult\u00e9 le 16\u00a0mai\u00a02025].\u00a0<\/span><\/li>\n<li aria-level=\"1\">GUILLOU Cl\u00e9ment.<span>\u00a0<\/span><a href=\"https:\/\/www.lemonde.fr\/economie\/article\/2022\/03\/10\/pierre-vacances-center-parcs-repris-par-deux-fonds-britanniques-change-de-modele_6116890_3234.html\" target=\"_blank\" rel=\"noopener\">Pierre &amp; Vacances \u2013 Center Parcs, repris par deux fonds britanniques, change de mod\u00e8le.<\/a>\u00a0<em>Le Monde<\/em>, 2022 [en ligne] [consult\u00e9 le 12 mai 2025].\u00a0<span><\/span><\/li>\n<li aria-level=\"1\"><a href=\"https:\/\/www.adagio-city.com\/fr\/investir.shtml\" target=\"_blank\" rel=\"noopener\"><span>Investir chez Adagio<\/span><\/a><span><span>\u00a0<\/span>| Aparthotels Adagio, [en\u00a0ligne] [consult\u00e9 le 16\u00a0mai\u00a02025].\u00a0<\/span><span><\/span><\/li>\n<li aria-level=\"1\"><a href=\"https:\/\/www.lemonde.fr\/economie\/article\/2022\/03\/10\/la-triste-sortie-de-gerard-bremond-patron-de-pierre-vacances_6116918_3234.html\" target=\"_blank\" rel=\"noopener\"><span>La triste sortie de G\u00e9rard Br\u00e9mond, fondateur de Pierre &amp; Vacances-Center Parcs<\/span><\/a><span>, <em>Le Monde<\/em>,\u00a0 2022 [en ligne] [consult\u00e9 le 15 mai 2025].\u00a0<\/span><\/li>\n<li aria-level=\"1\"><a href=\"https:\/\/www.boursorama.com\/bourse\/actualites\/la-valeur-du-jour-a-paris-pierre-et-vacances-bondit-apres-des-resultats-historiques-a863931fb889fa40401e21887c976ffd\" target=\"_blank\" rel=\"noopener\">La valeur du jour \u00e0 Paris \u2013 Pierre et Vacances bondit apr\u00e8s des r\u00e9sultats historiques.<\/a><span>\u00a0<\/span><em>Boursorama<\/em>, 2024. [en ligne] [consult\u00e9 le 10 mai 2025].<span><\/span><\/li>\n<li aria-level=\"1\"><a href=\"https:\/\/hospitality-on.com\/fr\/residence-service\/le-groupe-pierre-vacances-center-parcs-se-porte-bien-voire-tres-bien\" target=\"_blank\" rel=\"noopener\"><span>Le groupe Pierre &amp; Vacances\/ Center Parcs se porte bien, voire tr\u00e8s bien<\/span><\/a><span>,<span>\u00a0<\/span><\/span><i><span>Hospitality ON<\/span><\/i><span><span>\u00a0<\/span>[en\u00a0ligne] [consult\u00e9 le 16\u00a0mai\u00a02025].\u00a0<\/span><\/li>\n<li aria-level=\"1\"><a href=\"https:\/\/www.pcscp.org\/-Le-modele-economique-.html\" target=\"_blank\" rel=\"noopener\"><span>Le mod\u00e8le \u00e9conomique \u2013 PCSCP<\/span><\/a><span>, [en ligne][consult\u00e9 le 16 mai 2025].\u00a0<\/span><span><\/span><\/li>\n<li aria-level=\"1\"><a href=\"https:\/\/www.groupepvcp.com\/maeva\/\" target=\"_blank\" rel=\"noopener\"><span>Maeva<\/span><\/a><span>,<span>\u00a0<\/span><\/span><i><span>Groupe PVCP<\/span><\/i><span><span>\u00a0<\/span>[en\u00a0ligne][consult\u00e9 le 16\u00a0mai\u00a02025].\u00a0<\/span><span><\/span><\/li>\n<li aria-level=\"1\"><a href=\"https:\/\/hospitality-on.com\/fr\/fusionacquisition\/maeva-setend-en-europe-avec-lacquisition-strategique-de-la-marque-vacansoleil\" target=\"_blank\" rel=\"noopener\">Maeva s\u2019\u00e9tend en Europe avec l\u2019acquisition strat\u00e9gique de la marque Vacansoleil<\/a>.<span>\u00a0<\/span><em>Hospitality ON<\/em>, 2023 [en ligne] [consult\u00e9 le 10 mai 2025].<span><\/span><\/li>\n<li aria-level=\"1\"><a href=\"https:\/\/www.groupepvcp.com\/mentions-legales\/\" target=\"_blank\" rel=\"noopener\"><span>Mentions L\u00e9gales<\/span><\/a><span>,\u00a0<\/span><i><span>Groupe PVCP<\/span><\/i><span>\u00a0[en\u00a0ligne] [consult\u00e9 le 15\u00a0mai\u00a02025].\u00a0<\/span><\/li>\n<li aria-level=\"1\">PALIERSE Christophe.<span>\u00a0<\/span><a href=\"https:\/\/www.lesechos.fr\/industrie-services\/tourisme-transport\/pierre-vacances-center-parcs-les-nouveaux-proprietaires-prennent-la-main-1787020\" target=\"_blank\" rel=\"noopener\">Pierre &amp; Vacances-Center Parcs : les nouveaux propri\u00e9taires prennent la main.<\/a>\u00a0<em>Les Echos<\/em>, 2022 [en ligne] [consult\u00e9 le 10 mai 2025].<span><\/span><\/li>\n<li aria-level=\"1\"><a href=\"https:\/\/www.groupepvcp.com\/pierre-vacances\/\" target=\"_blank\" rel=\"noopener\"><span>Pierre &amp; Vacances<\/span><\/a><span>,<span>\u00a0<\/span><\/span><i><span>Groupe PVCP<\/span><\/i><span><span>\u00a0<\/span>[en\u00a0ligne][consult\u00e9 le 16\u00a0mai\u00a02025].\u00a0<\/span><span><\/span><\/li>\n<li aria-level=\"1\"><span><a href=\"https:\/\/hospitality-on.com\/fr\/fusionacquisition\/pierre-vacances-finalise-le-rachat-de-villages-nature-paris\" target=\"_blank\" rel=\"noopener\">Pierre &amp; Vacances finalise le rachat de Villages Nature Paris<\/a>.<span>\u00a0<\/span><em>Hospitality ON,<\/em><span>\u00a0<\/span>2022 [en ligne] [consult\u00e9 le 10 mai 2025].<\/span><\/li>\n<li aria-level=\"1\"><a href=\"https:\/\/www.lechotouristique.com\/article\/pierre-vacances-center-parcs-veut-retrouver-sa-place-de-leader-europeen\" target=\"_blank\" rel=\"noopener\"><span>Pierre &amp; Vacances\/Center Parcs veut retrouver sa place de leader europ\u00e9en<\/span><\/a><span>, <\/span><i><span>L\u2019Echo Touristique, 2021<\/span><\/i><span>\u00a0[en\u00a0ligne][consult\u00e9 le 15\u00a0mai\u00a02025].\u00a0<\/span><\/li>\n<li><a href=\"https:\/\/bourse.lefigaro.fr\/actu-conseils\/pierre-et-vacances-vise-un-retour-a-la-rentabilite-des-2021-20200129\" target=\"_blank\" rel=\"noopener\">Pierre et Vacances vise un retour \u00e0 la rentabilit\u00e9 d\u00e8s 2021.<span>\u00a0<\/span><\/a><em>Le Figaro,<\/em><span>\u00a0<\/span>2020 [en ligne] [consult\u00e9 le 12 mai 2025].<span><\/span><\/li>\n<li aria-level=\"1\"><a href=\"https:\/\/www.lechotouristique.com\/article\/pierre-vacances-la-pandemie-aura-coute-300-millions-deuros-au-printemps\" target=\"_blank\" rel=\"noopener\"><span>Pierre et Vacances\u202f: la pand\u00e9mie aura co\u00fbt\u00e9 300 millions d\u2019euros au printemps<\/span><\/a><span>, <\/span><i><span>L\u2019Echo Touristique, 2020\u00a0<\/span><\/i><span>\u00a0[en\u00a0ligne] [consult\u00e9 le 15\u00a0mai\u00a02025].\u00a0<\/span><\/li>\n<li aria-level=\"1\"><a href=\"https:\/\/www.abcbourse.com\/analyses\/chiffres\/VACp\" target=\"_blank\" rel=\"noopener\">Profil soci\u00e9t\u00e9 de Pierre Vacances.<\/a>\u00a0<em>ABC Bourse\u00a0<\/em>[en ligne] [consult\u00e9 le 10 mai 2025].<span><\/span><\/li>\n<li aria-level=\"1\"><a href=\"https:\/\/www.maeva.com\/fr-fr\/qui-sommes-nous\/notre-mission\" target=\"_blank\" rel=\"noopener\"><span>Qui sommes-nous\u202f? Nos missions<\/span><\/a><span>,<span>\u00a0<\/span><\/span><i><span>Maeva<span>\u00a0<\/span><\/span><\/i><span>[en\u00a0ligne][consult\u00e9 le 16\u00a0mai\u00a02025].\u00a0<\/span><\/li>\n<li aria-level=\"1\"><a href=\"https:\/\/www.groupepvcp.com\/groupe\/raison-etre\/\" target=\"_blank\" rel=\"noopener\"><span>Raison d\u2019\u00eatre<\/span><\/a><span>,<span>\u00a0<\/span><\/span><i><span>Groupe PVCP<\/span><\/i><span><span>\u00a0<\/span>[en\u00a0ligne] [consult\u00e9 le 16\u00a0mai\u00a02025].<\/span><span><\/span><\/li>\n<li aria-level=\"1\"><a href=\"https:\/\/www.groupepvcp.com\/app\/uploads\/2024\/12\/resultats-annuels-20232024-fy2024-results-fr.pdf\" target=\"_blank\" rel=\"noopener\">R\u00e9sultats annuels de l\u2019exercice 2024.<\/a>\u00a0<em>Groupe PVCP\u00a0<\/em>[en ligne] [consult\u00e9 le 10 mai 2025].<span><\/span><\/li>\n<li aria-level=\"1\"><a href=\"https:\/\/www.bsmart.fr\/video\/28263-smart-impact-16-avril-2025\" target=\"_blank\" rel=\"noopener\"><span>SMART IMPACT \u2013 Tourisme\u202f: comment r\u00e9inventer la RSE\u202f?<\/span><\/a><span>, [en\u00a0ligne][consult\u00e9 le 16\u00a0mai\u00a02025].\u00a0<\/span><span><\/span><\/li>\n<li aria-level=\"1\"><a href=\"https:\/\/www.pappers.fr\/entreprise\/center-parcs-france-452783970\" target=\"_blank\" rel=\"noopener\"><span>Soci\u00e9t\u00e9 CENTER PARCS FRANCE<\/span><\/a><span>\u202f: Chiffre d\u2019affaires, statuts, extrait d\u2019immatriculation, [en\u00a0ligne] [consult\u00e9 le 15\u00a0mai\u00a02025].\u00a0<\/span><\/li>\n<li aria-level=\"1\"><a href=\"https:\/\/www.pappers.fr\/entreprise\/pierre-et-vacances-316580869\" target=\"_blank\" rel=\"noopener\"><span>Soci\u00e9t\u00e9 PIERRE ET VACANCES<\/span><\/a><span>\u202f: Chiffre d\u2019affaires, statuts, extrait d\u2019immatriculation, [en\u00a0ligne] [consult\u00e9 le 15\u00a0mai\u00a02025].\u00a0<\/span><\/li>\n<li aria-level=\"1\"><a href=\"https:\/\/www.boursorama.com\/cours\/societe\/profil\/1rPVAC\/\" target=\"_blank\" rel=\"noopener\">Soci\u00e9t\u00e9 Pierre et Vacances.<\/a>\u00a0<em>Boursorama<\/em><span>\u00a0<\/span>[en ligne] [consult\u00e9 le 10 mai 2025].\u00a0<span><\/span><\/li>\n<\/ul>[\/et_pb_text][\/et_pb_column][\/et_pb_row][et_pb_row _builder_version=\u00a0\u00bb4.27.4&Prime; _module_preset=\u00a0\u00bbdefault\u00a0\u00bb width=\u00a0\u00bb100%\u00a0\u00bb max_width=\u00a0\u00bb1180px\u00a0\u00bb min_height=\u00a0\u00bb126.5px\u00a0\u00bb custom_padding=\u00a0\u00bb10px||10px||true|false\u00a0\u00bb locked=\u00a0\u00bboff\u00a0\u00bb global_colors_info=\u00a0\u00bb{}\u00a0\u00bb][et_pb_column type=\u00a0\u00bb4_4&Prime; _builder_version=\u00a0\u00bb4.22.0&Prime; _module_preset=\u00a0\u00bbdefault\u00a0\u00bb global_colors_info=\u00a0\u00bb{}\u00a0\u00bb][et_pb_text _builder_version=\u00a0\u00bb4.27.4&Prime; _module_preset=\u00a0\u00bbc1ccfd77-cac1-4faa-8e41-20d723f81385&Prime; text_font=\u00a0\u00bb&#8211;et_global_body_font||on||||||\u00a0\u00bb text_text_color=\u00a0\u00bb#016577&Prime; text_font_size=\u00a0\u00bb22px\u00a0\u00bb text_letter_spacing=\u00a0\u00bb1px\u00a0\u00bb width=\u00a0\u00bb100%\u00a0\u00bb custom_margin=\u00a0\u00bb||10px||false|false\u00a0\u00bb locked=\u00a0\u00bboff\u00a0\u00bb global_colors_info=\u00a0\u00bb{}\u00a0\u00bb]<p><strong>La strat\u00e9gie R\u00e9invention<\/strong><\/p>[\/et_pb_text][et_pb_text _builder_version=\u00a0\u00bb4.27.4&Prime; _module_preset=\u00a0\u00bbc9789490-1279-489e-8feb-a841f606a965&Prime; text_font=\u00a0\u00bb&#8211;et_global_body_font||||||||\u00a0\u00bb text_text_color=\u00a0\u00bb#3d3d3d\u00a0\u00bb text_font_size=\u00a0\u00bb18px\u00a0\u00bb text_letter_spacing=\u00a0\u00bb1px\u00a0\u00bb width=\u00a0\u00bb100%\u00a0\u00bb custom_margin=\u00a0\u00bb||10px||false|false\u00a0\u00bb global_colors_info=\u00a0\u00bb{}\u00a0\u00bb]<p><strong>Le d\u00e9veloppement d&rsquo;asset-light<\/strong><\/p>[\/et_pb_text][et_pb_text _builder_version=\u00a0\u00bb4.27.4&Prime; _module_preset=\u00a0\u00bbac363a56-eeb7-41d0-9b0f-5a4a2b62c7e3&Prime; hover_enabled=\u00a0\u00bb0&Prime; global_colors_info=\u00a0\u00bb{}\u00a0\u00bb sticky_enabled=\u00a0\u00bb0&Prime;]<ul class=\"wp-block-list\">\n<li><a href=\"https:\/\/www.groupepvcp.com\/app\/uploads\/2025\/01\/notre-plan-strategique-reinvention-cmd-pvcp-may-30-2024-def-au-03-06.pdf\" target=\"_blank\" rel=\"noopener noreferrer\">Beyond Reinvention \u2013 CAPITAL MARKETS DAY<\/a>,\u00a0<em>Groupe PVCP<\/em>\u00a0[en\u00a0ligne] [consult\u00e9 le 19\u00a0mai\u00a02025].<\/li>\n<li><a href=\"https:\/\/www.groupepvcp.com\/app\/uploads\/2024\/12\/deu_20dec24-fr.pdf\" target=\"_blank\" rel=\"noopener noreferrer\">Document d\u2019enregistrement universel 2023-2024<\/a>,\u00a0<em>Groupe PVCP<\/em>\u00a0[en\u00a0ligne] [consult\u00e9 le 19\u00a0mai\u00a02025].<\/li>\n<li><a href=\"https:\/\/www.groupepvcp.com\/app\/uploads\/2024\/12\/resultats-annuels-20232024-fy2024-results-fr.pdf\" target=\"_blank\" rel=\"noreferrer noopener\">R\u00e9sultats annuels 2024<\/a>,\u00a0<em>Groupe PVCP<\/em>\u00a0[en\u00a0ligne] [consult\u00e9 le 19\u00a0mai\u00a02025].<\/li>\n<li><a href=\"https:\/\/www.challenges.fr\/entreprise\/tourisme-comment-pierre-vacances-se-reinvente-apres-avoir-frole-la-faillite_894433\" target=\"_blank\" rel=\"noopener noreferrer\">Tourisme : comment Pierre &amp; Vacances se r\u00e9invente apr\u00e8s avoir fr\u00f4l\u00e9 la faillite<\/a>,\u00a0<em>Challenges, <\/em>29 mai 2024\u00a0[en\u00a0ligne] [consult\u00e9 le 19\u00a0mai\u00a02025].<\/li>\n<li><a href=\"https:\/\/www.lechotouristique.com\/article\/comment-pierre-vacances-center-parcs-veut-devenir-tres-rentable-en-2028#:~:text=En%20effet%2C%20pour%20atteindre%20ses,2023)%20de%20PV%2FCP.\" target=\"_blank\" rel=\"noopener noreferrer\">Comment Pierre &amp; Vacances\/Center Parcs veut devenir tr\u00e8s rentable en 2028<\/a>,<span>\u00a0<\/span><em>L\u2019\u00e9cho touristique, <\/em>31 mai 2024<span>\u00a0<\/span>[en\u00a0ligne] [consult\u00e9 le 26\u00a0mai\u00a02025].<\/li>\n<li><a href=\"https:\/\/hospitality-on.com\/fr\/ouverture\/pierre-vacances-une-strategie-de-transformation-reussie-vers-lasset-light\" target=\"_blank\" rel=\"noopener noreferrer\">Pierre &amp; Vacances : une strat\u00e9gie de transformation r\u00e9ussie vers l\u2019asset light<\/a>, <em>Hospitality on, <\/em>22 mai 2024<span> <\/span>[en\u00a0ligne] [consult\u00e9 le 26\u00a0mai\u00a02025]<\/li>\n<\/ul>[\/et_pb_text][et_pb_text _builder_version=\u00a0\u00bb4.27.4&Prime; _module_preset=\u00a0\u00bbc9789490-1279-489e-8feb-a841f606a965&Prime; text_font=\u00a0\u00bb&#8211;et_global_body_font||||||||\u00a0\u00bb text_text_color=\u00a0\u00bb#3d3d3d\u00a0\u00bb text_font_size=\u00a0\u00bb18px\u00a0\u00bb text_letter_spacing=\u00a0\u00bb1px\u00a0\u00bb width=\u00a0\u00bb100%\u00a0\u00bb custom_margin=\u00a0\u00bb||10px||false|false\u00a0\u00bb global_colors_info=\u00a0\u00bb{}\u00a0\u00bb]<p><strong>L&rsquo;am\u00e9lioration de l&rsquo;experience client<\/strong><\/p>[\/et_pb_text][et_pb_text _builder_version=\u00a0\u00bb4.27.4&Prime; _module_preset=\u00a0\u00bbac363a56-eeb7-41d0-9b0f-5a4a2b62c7e3&Prime; hover_enabled=\u00a0\u00bb0&Prime; global_colors_info=\u00a0\u00bb{}\u00a0\u00bb sticky_enabled=\u00a0\u00bb0&Prime;]<ul>\n<li><a href=\"https:\/\/lehub.laposte.fr\/audrey-brayer-pierre-vacances-hyper-personnalise-relation-client\" target=\"_blank\" rel=\"noopener\"><span style=\"font-weight: 400;\">Audrey Brayer (Pierre &amp; Vacances)\u202f: la data r\u00e9invente le tourisme<\/span><\/a><span style=\"font-weight: 400;\">, <\/span><i><span style=\"font-weight: 400;\">Le Hub La Poste<\/span><\/i><span style=\"font-weight: 400;\"> [en ligne]. [consult\u00e9 le 28 mai 2025].\u00a0<\/span><\/li>\n<li><a href=\"https:\/\/www.groupepvcp.com\/app\/uploads\/2024\/12\/deu_20dec24-fr.pdf\" target=\"_blank\" rel=\"noopener\"><span style=\"font-weight: 400;\">Document d\u2019Enregistrement Universel 2023-2024<\/span><\/a><span style=\"font-weight: 400;\">, <\/span><i><span style=\"font-weight: 400;\">Groupe PVCP<\/span><\/i><span style=\"font-weight: 400;\"> [en ligne]. [consult\u00e9 le 28 mai 2025].<\/span><\/li>\n<li><span style=\"font-weight: 400;\">JEANNE, Fran\u00e7ois. <\/span><a href=\"https:\/\/www.itforbusiness.fr\/audrey-brayer-le-digital-a-pris-toute-sa-place-dans-la-reinvention-du-groupe-pierre-vacances-87055\" target=\"_blank\" rel=\"noopener\">Audrey Brayer\u202f: \u00ab\u202fLe digital a pris toute sa place dans la r\u00e9invention du groupe\u202f<\/a>, <span style=\"font-weight: 400;\"><em>IT for Business, <\/em>20\u00a0d\u00e9cembre\u00a02024<em>.<\/em> [en ligne]. [consult\u00e9 le 28 mai 2025].<\/span><\/li>\n<li>MARCELLIN, Dorian. <a href=\"https:\/\/www.hubinstitute.com\/articles\/local-durable-et-experientiel-les-3-maitre-mots-de-la-nouvelle-strategie-de-pierre-vacances-center-parcs\" target=\"_blank\" rel=\"noopener\">Local, durable, et exp\u00e9rientiel: les 3 ma\u00eetre mots de la nouvelle strat\u00e9gie de Pierre &amp; Vacances &#8211; Center Parcs<\/a><span style=\"font-weight: 400;\"> , <em>HUB Institute &#8211; Digital Think Tank<\/em>, 2025 [en ligne].[consult\u00e9 le 28 mai 2025]. <\/span><\/li>\n<li><a href=\"https:\/\/www.alliancy.fr\/pierre-et-vacances-center-parcs-compte-sur-ses-pionniers-de-lia-generative-pour-passer-a-lechell\" target=\"_blank\" rel=\"noopener\"><span style=\"font-weight: 400;\">Pierre et Vacances \u2013 Center Parcs compte sur ses pionniers de l\u2019IA g\u00e9n\u00e9rative pour passer \u00e0 l\u2019\u00e9chelle.<\/span><\/a><span style=\"font-weight: 400;\"><em> Alliancy,<\/em> 23 avril 2025 [en ligne].[consult\u00e9 le 28 mai 2025].<\/span><span style=\"font-weight: 400;\"><\/span><\/li>\n<li><a href=\"https:\/\/business.adobe.com\/fr\/customer-success-stories\/pierre-vacances-center-parcs-case-study.html\" target=\"_blank\" rel=\"noopener\"><span style=\"font-weight: 400;\">PVCP r\u00e9invente les exp\u00e9riences touristiques avec Adobe<\/span><\/a><span style=\"font-weight: 400;\"> | <em>Adobe France,<\/em> [en ligne]. [consult\u00e9 le 28 mai 2025].\u00a0<\/span><\/li>\n<\/ul>[\/et_pb_text][et_pb_text _builder_version=\u00a0\u00bb4.27.4&Prime; _module_preset=\u00a0\u00bbc9789490-1279-489e-8feb-a841f606a965&Prime; text_font=\u00a0\u00bb&#8211;et_global_body_font||||||||\u00a0\u00bb text_text_color=\u00a0\u00bb#3d3d3d\u00a0\u00bb text_font_size=\u00a0\u00bb18px\u00a0\u00bb text_letter_spacing=\u00a0\u00bb1px\u00a0\u00bb width=\u00a0\u00bb100%\u00a0\u00bb custom_margin=\u00a0\u00bb||10px||false|false\u00a0\u00bb global_colors_info=\u00a0\u00bb{}\u00a0\u00bb]<p><strong>L&rsquo;acc\u00e9l\u00e9ration de la transition \u00e9cologique<\/strong><\/p>[\/et_pb_text][et_pb_text _builder_version=\u00a0\u00bb4.27.4&Prime; _module_preset=\u00a0\u00bbac363a56-eeb7-41d0-9b0f-5a4a2b62c7e3&Prime; hover_enabled=\u00a0\u00bb0&Prime; global_colors_info=\u00a0\u00bb{}\u00a0\u00bb sticky_enabled=\u00a0\u00bb0&Prime;]<ul>\n<li><a href=\"https:\/\/www.groupepvcp.com\/app\/uploads\/2024\/12\/deu_20dec24-fr.pdf\" target=\"_blank\" rel=\"noopener noreferrer\">Document d\u2019Enregistrement Universel 2023-2024.<\/a>\u00a0<em>Groupe PVCP<\/em> [en ligne] [consult\u00e9 le 19 mai 2025].<\/li>\n<li><a href=\"https:\/\/institut-superieur-environnement.com\/blog\/impact-environnemental-du-tourisme-vers-un-avenir-durable-et-plus-responsable\/\" target=\"_blank\" rel=\"noopener\">Impact environnemental du tourisme : vers un avenir durable et plus responsable<\/a>. <em>Institut Sup\u00e9rieur de l&rsquo;Environnement<\/em>, 2024 [en ligne] [consult\u00e9 le 19 mai 2025].<!-- \/wp:post-content --> <!-- wp:list-item --><\/li>\n<li><a href=\"https:\/\/infos.ademe.fr\/lettre-strategie-juillet-2024\/ladaptation-dans-le-tourisme-zoom-sur-le-groupe-pierre-vacances-center-parcs\/\" target=\"_blank\" rel=\"noopener\">L\u2019adaptation dans le tourisme, zoom sur le Groupe Pierre &amp; Vacances Center Parcs<\/a>. <em>ADEME Infos<\/em> [en ligne] [consult\u00e9 le 19 mai 2025].<!-- \/wp:list-item --> <!-- wp:list-item --><\/li>\n<li><a href=\"https:\/\/www.groupepvcp.com\/engagement\/tourisme-impact-positif\/\">Nous agissons pour un tourisme positif<\/a>. <em>Groupe PVCP<\/em> [en ligne] [consult\u00e9 le 19 mai 2025].<!-- \/wp:list-item --> <!-- wp:list-item --><\/li>\n<li><a href=\"https:\/\/www.tendancehotellerie.fr\/articles-breves\/communique-de-presse\/19038-article\/pierre-vacances-s-engage-dans-la-reduction-de-ses-emissions-en-exploitation-pour-des-vacances-bas-carbone\" target=\"_blank\" rel=\"noopener\">Pierre &amp; Vacances s&rsquo;engage dans la r\u00e9duction de ses \u00e9missions en exploitation pour des vacances bas carbone<\/a>. <em>Tendance Hotellerie<\/em>, 2023 [en ligne] [consult\u00e9 le 19 mai 2025].<!-- \/wp:list-item --> <!-- wp:list-item --><\/li>\n<li>POMMIER Romain. <a href=\"https:\/\/www.voyagesresponsables.com\/actualites\/tourisme-durable-comment-pierre-vacances-va-reduire-ses-emissions-de-co2-a7032\/\" target=\"_blank\" rel=\"noopener\">Tourisme durable : Comment Pierre &amp; Vacances va r\u00e9duire ses \u00e9missions de CO2 ?<\/a> <em>Voyages Responsables<\/em>, 2023 [en ligne] [consult\u00e9 le 19 mai 2025].<!-- \/wp:list-item --> <!-- wp:list-item --><\/li>\n<li><a href=\"https:\/\/www.pierreetvacances.com\/fr-fr\/developpement-durable_ms\" target=\"_blank\" rel=\"noopener\">Pour des vacances locales bas carbone<\/a>. <em>Pierre &amp; Vacances<\/em> [en ligne] [consult\u00e9 le 19 mai 2025].<\/li>\n<\/ul>[\/et_pb_text][et_pb_text _builder_version=\u00a0\u00bb4.27.4&Prime; _module_preset=\u00a0\u00bbc9789490-1279-489e-8feb-a841f606a965&Prime; text_font=\u00a0\u00bb&#8211;et_global_body_font||||||||\u00a0\u00bb text_text_color=\u00a0\u00bb#3d3d3d\u00a0\u00bb text_font_size=\u00a0\u00bb18px\u00a0\u00bb text_letter_spacing=\u00a0\u00bb1px\u00a0\u00bb width=\u00a0\u00bb100%\u00a0\u00bb custom_margin=\u00a0\u00bb||10px||false|false\u00a0\u00bb global_colors_info=\u00a0\u00bb{}\u00a0\u00bb]<p><strong>La contribution aux territoires<\/strong><\/p>[\/et_pb_text][et_pb_text _builder_version=\u00a0\u00bb4.27.4&Prime; _module_preset=\u00a0\u00bbac363a56-eeb7-41d0-9b0f-5a4a2b62c7e3&Prime; hover_enabled=\u00a0\u00bb0&Prime; global_colors_info=\u00a0\u00bb{}\u00a0\u00bb sticky_enabled=\u00a0\u00bb0&Prime;]<ul class=\"wp-block-list\">\n<li><a href=\"https:\/\/www.groupepvcp.com\/engagement\/achats\/\" target=\"_blank\" rel=\"noreferrer noopener\">Achats<\/a>,<span>\u00a0<\/span><em>Groupe PVCP<\/em><span>\u00a0<\/span>[en\u00a0ligne] [consult\u00e9 le 19\u00a0mai\u00a02025].<\/li>\n<li><a href=\"https:\/\/www.groupepvcp.com\/engagement\/tourisme-impact-positif\/\" target=\"_blank\" rel=\"noreferrer noopener\">Agir pour un tourisme \u00e0 impact positif,<\/a><span>\u00a0<\/span><em>Groupe PVCP<\/em><span>\u00a0<\/span>[en\u00a0ligne] [consult\u00e9 le 19\u00a0mai\u00a02025].<\/li>\n<li><a href=\"https:\/\/news.groupepvcp.com\/?p=20388\" target=\"_blank\" rel=\"noreferrer noopener\">Center Parcs Villages Nature Paris re\u00e7oit le label \u00ab\u202fBeevent Inspirant\u202f\u00bb pour son activit\u00e9 \u00e9v\u00e9nementielle<\/a>.<span>\u00a0<\/span><em>Site presse du Groupe PVCP, <\/em>7\u00a0mars\u00a02024<span>\u00a0<\/span>[en ligne].[consult\u00e9 le 19 mai 2025].<\/li>\n<li><a href=\"https:\/\/www.groupepvcp.com\/app\/uploads\/2024\/12\/deu_20dec24-fr.pdf\" target=\"_blank\" rel=\"noreferrer noopener\">Document d\u2019Enregistrement Universel 2023-2024<\/a>,<span>\u00a0<\/span><em>Groupe PVCP<\/em><span>\u00a0<\/span>[en ligne] [consult\u00e9 le 15 mai 2025].<\/li>\n<li><a href=\"https:\/\/www.ehonline.eu\/emilie-riess\/\" target=\"_blank\" rel=\"noopener noreferrer\">Emilie RIESS <\/a>| Article.<span>\u00a0<\/span><em>eh! Online, <\/em>16\u00a0juillet\u00a02021<span>\u00a0<\/span>[en ligne].[consult\u00e9 le 19 mai 2025].<\/li>\n<li><a href=\"https:\/\/pvcp.epresspack.online\/5-activites-authentiques-et-locales-offertes-sur-une-selection-de-residences-pierre-vacances-en-france\/\" target=\"_blank\" rel=\"noopener noreferrer\">EPP, 2022. 5 activit\u00e9s authentiques et locales offertes sur une s\u00e9lection de r\u00e9sidences Pierre &amp; Vacances en France.<\/a><span>\u00a0<\/span><em>Site presse du Groupe PVCP, 22\u00a0juin\u00a02022<\/em><span>\u00a0<\/span>[en ligne]. [consult\u00e9 le 19 mai 2025].<\/li>\n<li><a href=\"https:\/\/news.groupepvcp.com\/?p=16489\" target=\"_blank\" rel=\"noreferrer noopener\">Le Domaine des Trois For\u00eats enrichit son offre avec 4 nouvelles activit\u00e9s Nature<\/a>.<span>\u00a0<\/span><em>Site presse du Groupe PVCP<\/em><span>, 5 juin 2023\u00a0<\/span>[en ligne].[consult\u00e9 le 19 mai 2025].<\/li>\n<li><a href=\"https:\/\/asteres.fr\/etude\/le-tourisme-de-proximite-un-atout-economique-et-ecoresponsable-pour-la-france\/\" target=\"_blank\" rel=\"noopener noreferrer\">Le tourisme de proximit\u00e9\u202f: un atout \u00e9conomique et \u00e9coresponsable pour la France<\/a>, <em>ASTER\u00c8S<\/em>, 2022 [en ligne] [consult\u00e9 le 19 mai 2025].<\/li>\n<li><a href=\"https:\/\/video.lefigaro.fr\/figaro\/video\/les-anciens-sites-militaires-sont-lendroit-parfait-pour-reconvertir-danciennes-friches-explique-franck-gervais-dg-du-groupe-pierre-vacances-center-parcs\/\" target=\"_blank\" rel=\"noreferrer noopener\">\u00ab\u202fLes anciens sites militaires sont l\u2019endroit parfait pour reconvertir d\u2019anciennes friches\u202f\u00bb<\/a><span>\u00a0<\/span>explique Franck Gervais DG du Groupe Pierre &amp;Vacances-Center Parcs, 2025<span>, <\/span><em>Figaro Live<\/em><span>\u00a0<\/span>[en\u00a0ligne] [consult\u00e9 le 19\u00a0mai\u00a02025].<\/li>\n<li><a href=\"https:\/\/www.icade.fr\/activites\/fonciere\/work-in-motion\/actualite-de-work-in-motion\/pierre-vacances-client-icade-sur-le-campus-du-pont-de-flandre-nous-presente-leurs-engagements-rse-avec-jocelyne-rivet\" target=\"_blank\" rel=\"noopener noreferrer\">Pierre &amp; Vacances, client Icade sur le Campus du Pont de Flandre, nous pr\u00e9sente leurs engagements RSE avec Jocelyne Rivet<\/a>,<span>\u00a0<\/span><em>Icade<\/em><span>\u00a0<\/span>[en\u00a0ligne] [consult\u00e9 le 19\u00a0mai\u00a02025].<\/li>\n<li><a href=\"https:\/\/www.bsmart.fr\/video\/28263-smart-impact-16-avril-2025\" target=\"_blank\" rel=\"noreferrer noopener\">SMART IMPACT \u2013 Tourisme\u202f: comment r\u00e9inventer la RSE\u202f?<\/a>, [en\u00a0ligne] [consult\u00e9 le 19\u00a0mai\u00a02025].<\/li>\n<li><a href=\"https:\/\/www.centerparcs.fr\/fr-fr\/toutes-nos-activites_ms\" target=\"_blank\" rel=\"noreferrer noopener\">Toutes nos activit\u00e9s incluses et payantes | Center Parcs<\/a>, [en\u00a0ligne] [consult\u00e9 le 19\u00a0mai\u00a02025].<\/li>\n<li><a href=\"https:\/\/news.groupepvcp.com\/?p=16387\" target=\"_blank\" rel=\"noreferrer noopener\">Un an dans la vie du Domaine Center Parcs Landes de Gascogne.<\/a><span>\u00a0<\/span><em>Site presse du Groupe PVCP<\/em><span>, 2 juin 2023\u00a0<\/span>[en ligne]. [consult\u00e9 le 19 mai 2025].<\/li>\n<\/ul>[\/et_pb_text][et_pb_text _builder_version=\u00a0\u00bb4.27.4&Prime; _module_preset=\u00a0\u00bbc9789490-1279-489e-8feb-a841f606a965&Prime; text_font=\u00a0\u00bb&#8211;et_global_body_font||||||||\u00a0\u00bb text_text_color=\u00a0\u00bb#3d3d3d\u00a0\u00bb text_font_size=\u00a0\u00bb18px\u00a0\u00bb text_letter_spacing=\u00a0\u00bb1px\u00a0\u00bb width=\u00a0\u00bb100%\u00a0\u00bb custom_margin=\u00a0\u00bb||10px||false|false\u00a0\u00bb locked=\u00a0\u00bboff\u00a0\u00bb global_colors_info=\u00a0\u00bb{}\u00a0\u00bb]<p><strong>L&rsquo;accompagnement des collaborateurs<\/strong><\/p>[\/et_pb_text][et_pb_text _builder_version=\u00a0\u00bb4.27.4&Prime; _module_preset=\u00a0\u00bbac363a56-eeb7-41d0-9b0f-5a4a2b62c7e3&Prime; global_colors_info=\u00a0\u00bb{}\u00a0\u00bb]<ul>\n<li style=\"text-align: justify;\"><a href=\"https:\/\/www.groupepvcp.com\/app\/uploads\/2024\/12\/deu_20dec24-fr.pdf\" target=\"_blank\" rel=\"noopener\">Document d\u2019enregistrement universel 2023-2024.<\/a> <em>Groupe Pierre &amp; Vacances &#8211; Centers Parcs.<\/em> [en ligne]. [consult\u00e9 le 15 mai 2025]<\/li>\n<li style=\"text-align: justify;\"><a href=\"https:\/\/www.leaderia.com\/news\/hotellerie-restauration\/les-nouveaux-enjeux-rh-dans-lhotellerie-restauration\/\" target=\"_blank\" rel=\"noopener\">Les nouveaux enjeux RH dans l\u2019h\u00f4tellerie-restauration<\/a> 13 juillet 2023. <em>LEADERIA<\/em> [en ligne].\u00a0[consult\u00e9 le 15 mai 2025].<\/li>\n<li style=\"text-align: justify;\"><a href=\"https:\/\/www.carenews.com\/groupe-pvcp\/news\/quand-l-engagement-solidaire-renforce-la-cohesion-d-equipe,\" target=\"_blank\" rel=\"noopener\">Quand l\u2019engagement solidaire renforce la coh\u00e9sion d\u2019\u00e9quipe, <\/a>18 janvier 2024. <em>CARENEWS<\/em>. [en ligne]. [consult\u00e9 le 15 mai 2025]<\/li>\n<\/ul>[\/et_pb_text][\/et_pb_column][\/et_pb_row][\/et_pb_section]","protected":false},"excerpt":{"rendered":"<p>Voici la biographie constitu\u00e9e des ressources consult\u00e9es pour ce dossier documentaire num\u00e9rique \u00e9labor\u00e9 par Horizon M\u00e9dias.Vous trouverez les \u00e9tudes, articles et autres m\u00e9dias selon les cat\u00e9gories du site.L&rsquo;h\u00e9bergement touristique Nette reprise de l&#8217;emploi dans le secteur de l&rsquo;h\u00f4tellerie-restauration avec des contrats plus longs, France tourisme Observation. 2024 [en ligne].[consult\u00e9 le 15 mai 2025]. Tourisme en [&hellip;]<\/p>\n","protected":false},"author":4,"featured_media":0,"parent":0,"menu_order":0,"comment_status":"closed","ping_status":"closed","template":"","meta":{"_et_pb_use_builder":"on","_et_pb_old_content":"<!-- wp:divi\/placeholder \/-->","_et_gb_content_width":"","footnotes":""},"class_list":["post-281","page","type-page","status-publish","hentry"],"yoast_head":"<!-- This site is optimized with the Yoast SEO plugin v25.2 - https:\/\/yoast.com\/wordpress\/plugins\/seo\/ -->\n<title>Bibliographie - Horizons M\u00e9dias<\/title>\n<meta name=\"robots\" content=\"index, follow, max-snippet:-1, max-image-preview:large, max-video-preview:-1\" \/>\n<link rel=\"canonical\" href=\"https:\/\/www.coachwp.fr\/pierre-et-vacances\/bibliographie\/\" \/>\n<meta property=\"og:locale\" content=\"fr_FR\" \/>\n<meta property=\"og:type\" content=\"article\" \/>\n<meta property=\"og:title\" content=\"Bibliographie - Horizons M\u00e9dias\" \/>\n<meta property=\"og:description\" content=\"Voici la biographie constitu\u00e9e des ressources consult\u00e9es pour ce dossier documentaire num\u00e9rique \u00e9labor\u00e9 par Horizon M\u00e9dias.Vous trouverez les \u00e9tudes, articles et autres m\u00e9dias selon les cat\u00e9gories du site.L&#039;h\u00e9bergement touristique Nette reprise de l&#039;emploi dans le secteur de l&#039;h\u00f4tellerie-restauration avec des contrats plus longs, France tourisme Observation. 2024 [en ligne].[consult\u00e9 le 15 mai 2025]. Tourisme en [&hellip;]\" \/>\n<meta property=\"og:url\" content=\"https:\/\/www.coachwp.fr\/pierre-et-vacances\/bibliographie\/\" \/>\n<meta property=\"og:site_name\" content=\"Horizons M\u00e9dias\" \/>\n<meta property=\"article:modified_time\" content=\"2025-06-01T14:11:13+00:00\" \/>\n<meta name=\"twitter:card\" content=\"summary_large_image\" \/>\n<script type=\"application\/ld+json\" class=\"yoast-schema-graph\">{\"@context\":\"https:\/\/schema.org\",\"@graph\":[{\"@type\":\"WebPage\",\"@id\":\"https:\/\/www.coachwp.fr\/pierre-et-vacances\/bibliographie\/\",\"url\":\"https:\/\/www.coachwp.fr\/pierre-et-vacances\/bibliographie\/\",\"name\":\"Bibliographie - Horizons M\u00e9dias\",\"isPartOf\":{\"@id\":\"https:\/\/www.coachwp.fr\/pierre-et-vacances\/#website\"},\"datePublished\":\"2025-05-06T13:10:54+00:00\",\"dateModified\":\"2025-06-01T14:11:13+00:00\",\"breadcrumb\":{\"@id\":\"https:\/\/www.coachwp.fr\/pierre-et-vacances\/bibliographie\/#breadcrumb\"},\"inLanguage\":\"fr-FR\",\"potentialAction\":[{\"@type\":\"ReadAction\",\"target\":[\"https:\/\/www.coachwp.fr\/pierre-et-vacances\/bibliographie\/\"]}]},{\"@type\":\"BreadcrumbList\",\"@id\":\"https:\/\/www.coachwp.fr\/pierre-et-vacances\/bibliographie\/#breadcrumb\",\"itemListElement\":[{\"@type\":\"ListItem\",\"position\":1,\"name\":\"Accueil\",\"item\":\"https:\/\/www.coachwp.fr\/pierre-et-vacances\/\"},{\"@type\":\"ListItem\",\"position\":2,\"name\":\"Bibliographie\"}]},{\"@type\":\"WebSite\",\"@id\":\"https:\/\/www.coachwp.fr\/pierre-et-vacances\/#website\",\"url\":\"https:\/\/www.coachwp.fr\/pierre-et-vacances\/\",\"name\":\"Horizons M\u00e9dias\",\"description\":\"Votre source d&#039;information sur le Groupe Pierre &amp; Vacances-Center Parcs\",\"potentialAction\":[{\"@type\":\"SearchAction\",\"target\":{\"@type\":\"EntryPoint\",\"urlTemplate\":\"https:\/\/www.coachwp.fr\/pierre-et-vacances\/?s={search_term_string}\"},\"query-input\":{\"@type\":\"PropertyValueSpecification\",\"valueRequired\":true,\"valueName\":\"search_term_string\"}}],\"inLanguage\":\"fr-FR\"}]}<\/script>\n<!-- \/ Yoast SEO plugin. -->","yoast_head_json":{"title":"Bibliographie - Horizons M\u00e9dias","robots":{"index":"index","follow":"follow","max-snippet":"max-snippet:-1","max-image-preview":"max-image-preview:large","max-video-preview":"max-video-preview:-1"},"canonical":"https:\/\/www.coachwp.fr\/pierre-et-vacances\/bibliographie\/","og_locale":"fr_FR","og_type":"article","og_title":"Bibliographie - Horizons M\u00e9dias","og_description":"Voici la biographie constitu\u00e9e des ressources consult\u00e9es pour ce dossier documentaire num\u00e9rique \u00e9labor\u00e9 par Horizon M\u00e9dias.Vous trouverez les \u00e9tudes, articles et autres m\u00e9dias selon les cat\u00e9gories du site.L'h\u00e9bergement touristique Nette reprise de l'emploi dans le secteur de l'h\u00f4tellerie-restauration avec des contrats plus longs, France tourisme Observation. 2024 [en ligne].[consult\u00e9 le 15 mai 2025]. Tourisme en [&hellip;]","og_url":"https:\/\/www.coachwp.fr\/pierre-et-vacances\/bibliographie\/","og_site_name":"Horizons M\u00e9dias","article_modified_time":"2025-06-01T14:11:13+00:00","twitter_card":"summary_large_image","schema":{"@context":"https:\/\/schema.org","@graph":[{"@type":"WebPage","@id":"https:\/\/www.coachwp.fr\/pierre-et-vacances\/bibliographie\/","url":"https:\/\/www.coachwp.fr\/pierre-et-vacances\/bibliographie\/","name":"Bibliographie - Horizons M\u00e9dias","isPartOf":{"@id":"https:\/\/www.coachwp.fr\/pierre-et-vacances\/#website"},"datePublished":"2025-05-06T13:10:54+00:00","dateModified":"2025-06-01T14:11:13+00:00","breadcrumb":{"@id":"https:\/\/www.coachwp.fr\/pierre-et-vacances\/bibliographie\/#breadcrumb"},"inLanguage":"fr-FR","potentialAction":[{"@type":"ReadAction","target":["https:\/\/www.coachwp.fr\/pierre-et-vacances\/bibliographie\/"]}]},{"@type":"BreadcrumbList","@id":"https:\/\/www.coachwp.fr\/pierre-et-vacances\/bibliographie\/#breadcrumb","itemListElement":[{"@type":"ListItem","position":1,"name":"Accueil","item":"https:\/\/www.coachwp.fr\/pierre-et-vacances\/"},{"@type":"ListItem","position":2,"name":"Bibliographie"}]},{"@type":"WebSite","@id":"https:\/\/www.coachwp.fr\/pierre-et-vacances\/#website","url":"https:\/\/www.coachwp.fr\/pierre-et-vacances\/","name":"Horizons M\u00e9dias","description":"Votre source d&#039;information sur le Groupe Pierre &amp; Vacances-Center Parcs","potentialAction":[{"@type":"SearchAction","target":{"@type":"EntryPoint","urlTemplate":"https:\/\/www.coachwp.fr\/pierre-et-vacances\/?s={search_term_string}"},"query-input":{"@type":"PropertyValueSpecification","valueRequired":true,"valueName":"search_term_string"}}],"inLanguage":"fr-FR"}]}},"_links":{"self":[{"href":"https:\/\/www.coachwp.fr\/pierre-et-vacances\/wp-json\/wp\/v2\/pages\/281","targetHints":{"allow":["GET"]}}],"collection":[{"href":"https:\/\/www.coachwp.fr\/pierre-et-vacances\/wp-json\/wp\/v2\/pages"}],"about":[{"href":"https:\/\/www.coachwp.fr\/pierre-et-vacances\/wp-json\/wp\/v2\/types\/page"}],"author":[{"embeddable":true,"href":"https:\/\/www.coachwp.fr\/pierre-et-vacances\/wp-json\/wp\/v2\/users\/4"}],"replies":[{"embeddable":true,"href":"https:\/\/www.coachwp.fr\/pierre-et-vacances\/wp-json\/wp\/v2\/comments?post=281"}],"version-history":[{"count":29,"href":"https:\/\/www.coachwp.fr\/pierre-et-vacances\/wp-json\/wp\/v2\/pages\/281\/revisions"}],"predecessor-version":[{"id":1926,"href":"https:\/\/www.coachwp.fr\/pierre-et-vacances\/wp-json\/wp\/v2\/pages\/281\/revisions\/1926"}],"wp:attachment":[{"href":"https:\/\/www.coachwp.fr\/pierre-et-vacances\/wp-json\/wp\/v2\/media?parent=281"}],"curies":[{"name":"wp","href":"https:\/\/api.w.org\/{rel}","templated":true}]}}