{"id":269,"date":"2025-05-06T13:08:06","date_gmt":"2025-05-06T13:08:06","guid":{"rendered":"https:\/\/www.coachwp.fr\/pierre-et-vacances\/?page_id=269"},"modified":"2025-06-01T13:30:42","modified_gmt":"2025-06-01T13:30:42","slug":"economie-finance","status":"publish","type":"page","link":"https:\/\/www.coachwp.fr\/pierre-et-vacances\/lentreprise\/economie-finance\/","title":{"rendered":"Economie &amp; Finances"},"content":{"rendered":"<p>[et_pb_section fb_built=\u00a0\u00bb1&Prime; admin_label=\u00a0\u00bbAbout\u00a0\u00bb _builder_version=\u00a0\u00bb4.27.4&Prime; _module_preset=\u00a0\u00bbdefault\u00a0\u00bb width=\u00a0\u00bb100%\u00a0\u00bb custom_padding=\u00a0\u00bb|0px||0px|false|false\u00a0\u00bb locked=\u00a0\u00bboff\u00a0\u00bb collapsed=\u00a0\u00bbon\u00a0\u00bb global_colors_info=\u00a0\u00bb{}\u00a0\u00bb][et_pb_row _builder_version=\u00a0\u00bb4.27.4&Prime; _module_preset=\u00a0\u00bbdefault\u00a0\u00bb width=\u00a0\u00bb100%\u00a0\u00bb max_width=\u00a0\u00bb1180px\u00a0\u00bb min_height=\u00a0\u00bb126.5px\u00a0\u00bb custom_padding=\u00a0\u00bb11px||11px||true|\u00a0\u00bb global_colors_info=\u00a0\u00bb{}\u00a0\u00bb][et_pb_column type=\u00a0\u00bb4_4&Prime; _builder_version=\u00a0\u00bb4.22.0&Prime; _module_preset=\u00a0\u00bbdefault\u00a0\u00bb global_colors_info=\u00a0\u00bb{}\u00a0\u00bb][et_pb_heading title=\u00a0\u00bbEconomie &#038; Finances\u00a0\u00bb _builder_version=\u00a0\u00bb4.27.4&Prime; _module_preset=\u00a0\u00bbdefault\u00a0\u00bb title_text_align=\u00a0\u00bbcenter\u00a0\u00bb title_font_size=\u00a0\u00bb43px\u00a0\u00bb custom_margin=\u00a0\u00bb||6px|||\u00a0\u00bb global_colors_info=\u00a0\u00bb{}\u00a0\u00bb][\/et_pb_heading][et_pb_image src=\u00a0\u00bbhttps:\/\/www.coachwp.fr\/pierre-et-vacances\/wp-content\/uploads\/2025\/05\/Banner05.jpg\u00a0\u00bb title_text=\u00a0\u00bbBanner05&Prime; _builder_version=\u00a0\u00bb4.27.4&Prime; _module_preset=\u00a0\u00bbdefault\u00a0\u00bb border_radii=\u00a0\u00bbon|30px|30px|30px|30px\u00a0\u00bb locked=\u00a0\u00bboff\u00a0\u00bb global_colors_info=\u00a0\u00bb{}\u00a0\u00bb][\/et_pb_image][\/et_pb_column][\/et_pb_row][et_pb_row _builder_version=\u00a0\u00bb4.27.4&Prime; _module_preset=\u00a0\u00bbdefault\u00a0\u00bb width=\u00a0\u00bb100%\u00a0\u00bb max_width=\u00a0\u00bb1180px\u00a0\u00bb module_alignment=\u00a0\u00bbcenter\u00a0\u00bb custom_padding=\u00a0\u00bb20px||20px||false|false\u00a0\u00bb global_colors_info=\u00a0\u00bb{}\u00a0\u00bb][et_pb_column type=\u00a0\u00bb4_4&Prime; _builder_version=\u00a0\u00bb4.22.0&Prime; _module_preset=\u00a0\u00bbdefault\u00a0\u00bb global_colors_info=\u00a0\u00bb{}\u00a0\u00bb][et_pb_text _builder_version=\u00a0\u00bb4.27.4&Prime; _module_preset=\u00a0\u00bbc1ccfd77-cac1-4faa-8e41-20d723f81385&Prime; text_font=\u00a0\u00bb&#8211;et_global_body_font||on||||||\u00a0\u00bb text_text_color=\u00a0\u00bb#016577&Prime; text_font_size=\u00a0\u00bb22px\u00a0\u00bb text_letter_spacing=\u00a0\u00bb1px\u00a0\u00bb width=\u00a0\u00bb100%\u00a0\u00bb custom_margin=\u00a0\u00bb||10px||false|false\u00a0\u00bb global_colors_info=\u00a0\u00bb{}\u00a0\u00bb]<\/p>\n<p><strong>Vers un redressement \u00e9conomique r\u00e9ussi<\/strong><\/p>\n<p>[\/et_pb_text][et_pb_text _builder_version=\u00a0\u00bb4.27.4&Prime; _module_preset=\u00a0\u00bbac363a56-eeb7-41d0-9b0f-5a4a2b62c7e3&Prime; width=\u00a0\u00bb100%\u00a0\u00bb custom_margin=\u00a0\u00bb|-110px|||false|false\u00a0\u00bb custom_padding=\u00a0\u00bb|||0px||\u00a0\u00bb global_colors_info=\u00a0\u00bb{}\u00a0\u00bb]<\/p>\n<p style=\"text-align: justify;\">Accusant d\u00e9j\u00e0 une <strong>baisse de rentabilit\u00e9 depuis plusieurs ann\u00e9es<\/strong> et un accroissement de sa dette, le Groupe PVCP a \u00e9t\u00e9 durement touch\u00e9 par la <strong>crise du Covid-19<\/strong>. Suppressions d&#8217;emplois, conversion de la dette, recapitalisation et aide financi\u00e8re de l&rsquo;Etat, ont ponctu\u00e9 cette p\u00e9riode et fait partie d&rsquo;un n\u00e9cessaire <strong>processus de sauvetage de la soci\u00e9t\u00e9<\/strong>.<\/p>\n<p style=\"text-align: justify;\">Ce contexte difficile a donc \u00e9t\u00e9 \u00e0 l&rsquo;origine d&rsquo;un <strong>changement de mod\u00e8le \u00e9conomique<\/strong> entrepris en mai 2021, avec le lancement du <strong><a href=\"https:\/\/www.coachwp.fr\/pierre-et-vacances\/coup-de-projecteur-sur\/\" target=\"_blank\" rel=\"noopener\">plan strat\u00e9gique \u00ab R\u00e9Invention<\/a> \u00bb<\/strong>. En concentrant ses <strong>priorit\u00e9s sur ses activit\u00e9s touristiques<\/strong> et sur une exp\u00e9rience client de qualit\u00e9, associ\u00e9es au d\u00e9veloppement immobilier, le Groupe a annoncer vouloir mieux suivre l&rsquo;\u00e9volution du secteur pour s&rsquo;assurer de <strong>retrouver une rentabilit\u00e9<\/strong>.<\/p>\n<p style=\"text-align: justify;\"><span style=\"color: #000000;\"><strong>Aujourd&rsquo;hui<\/strong><\/span>, sa <strong>situation \u00e9conomique s&rsquo;est nettement am\u00e9lior\u00e9e<\/strong>, et la direction r\u00e9affirme sa nouvelle orientation avec le plan \u00ab Beyond R\u00e9invention \u00bb. C\u00f4t\u00e9 r\u00e9sultats, sur l&rsquo;exercice 2024, le Groupe PVCP peut se satisfaire d&rsquo;avoir <strong>retrouv\u00e9 une situation de b\u00e9n\u00e9fice net pour la premi\u00e8re fois depuis 13 ans<\/strong>. En outre, il affiche une <strong>performance financi\u00e8re en croissance<\/strong> pour la quatri\u00e8me ann\u00e9e cons\u00e9cutive, avec un <a href=\"https:\/\/www.coachwp.fr\/pierre-et-vacances\/glossaire\/\" target=\"_blank\" rel=\"noopener\"><strong>Ebitda<\/strong> <\/a>qui a plus que doubl\u00e9 depuis 2019.<\/p>\n<p>[\/et_pb_text][\/et_pb_column][\/et_pb_row][et_pb_row column_structure=\u00a0\u00bb1_2,1_2&Prime; _builder_version=\u00a0\u00bb4.27.4&Prime; _module_preset=\u00a0\u00bbdefault\u00a0\u00bb width=\u00a0\u00bb100%\u00a0\u00bb max_width=\u00a0\u00bb1180px\u00a0\u00bb module_alignment=\u00a0\u00bbcenter\u00a0\u00bb custom_padding=\u00a0\u00bb20px||20px||false|false\u00a0\u00bb global_colors_info=\u00a0\u00bb{}\u00a0\u00bb][et_pb_column type=\u00a0\u00bb1_2&Prime; _builder_version=\u00a0\u00bb4.22.0&Prime; _module_preset=\u00a0\u00bbdefault\u00a0\u00bb global_colors_info=\u00a0\u00bb{}\u00a0\u00bb][et_pb_text _builder_version=\u00a0\u00bb4.27.4&Prime; _module_preset=\u00a0\u00bbc1ccfd77-cac1-4faa-8e41-20d723f81385&Prime; text_font=\u00a0\u00bb&#8211;et_global_body_font||on||||||\u00a0\u00bb text_text_color=\u00a0\u00bb#016577&Prime; text_font_size=\u00a0\u00bb22px\u00a0\u00bb text_letter_spacing=\u00a0\u00bb1px\u00a0\u00bb width=\u00a0\u00bb100%\u00a0\u00bb custom_margin=\u00a0\u00bb||10px||false|false\u00a0\u00bb locked=\u00a0\u00bboff\u00a0\u00bb global_colors_info=\u00a0\u00bb{}\u00a0\u00bb]<\/p>\n<p><strong>Des changements structurels dans la r\u00e9partition du capital<\/strong><\/p>\n<p>[\/et_pb_text][et_pb_text _builder_version=\u00a0\u00bb4.22.0&Prime; _module_preset=\u00a0\u00bbac363a56-eeb7-41d0-9b0f-5a4a2b62c7e3&Prime; global_colors_info=\u00a0\u00bb{}\u00a0\u00bb]<\/p>\n<p style=\"text-align: justify;\">C\u2019est en <strong>mars 2022<\/strong>, suite \u00e0 d\u2019\u00e2pres n\u00e9gociations, que les fonds d\u2019investissement britanniques <strong>Fidera<\/strong> et <strong>Alcentra<\/strong> sont devenus les nouveaux propri\u00e9taires du groupe en obtenant une majorit\u00e9 des parts. Ils sont associ\u00e9s au g\u00e9rant fran\u00e7ais d\u2019actifs immobiliers <strong>Atream<\/strong>, qui joue un r\u00f4le plus industriel.\u00a0<\/p>\n<p style=\"text-align: justify;\">Cette restructuration financi\u00e8re a permis au Groupe d&rsquo;\u00e9chapper \u00e0 la faillite, apr\u00e8s 10 ans d\u2019exercice d\u00e9ficitaire aggrav\u00e9 par la pand\u00e9mie du Covid-19. Pr\u00e8s de la moiti\u00e9 de sa <strong>dette brute<\/strong> d&rsquo;<strong>1,1 milliard d\u2019euros\u00a0<\/strong>a \u00e9t\u00e9 convertie en capital, y compris la quasi-totalit\u00e9 d&rsquo;un pr\u00eat garanti par l&rsquo;Etat de 240 millions d&rsquo;euros.\u00a0<\/p>\n<p style=\"text-align: justify;\">Depuis, le fondateur <strong>G\u00e9rard Br\u00e9mond<\/strong> conserve moins de 4 % des parts, et a c\u00e9d\u00e9 sa place de pr\u00e9sident du Groupe \u00e0 M. <strong>Georges Sampeur<\/strong>.<\/p>\n<p>[\/et_pb_text][\/et_pb_column][et_pb_column type=\u00a0\u00bb1_2&Prime; _builder_version=\u00a0\u00bb4.22.0&Prime; _module_preset=\u00a0\u00bbdefault\u00a0\u00bb global_colors_info=\u00a0\u00bb{}\u00a0\u00bb][et_pb_image src=\u00a0\u00bbhttps:\/\/www.coachwp.fr\/pierre-et-vacances\/wp-content\/uploads\/2025\/05\/Capture-decran-2025-05-01-120724.png\u00a0\u00bb title_text=\u00a0\u00bbR\u00e9partition des actionnaires\u00a0\u00bb admin_label=\u00a0\u00bbSource : groupe PVCP\u00a0\u00bb _builder_version=\u00a0\u00bb4.27.4&Prime; _module_preset=\u00a0\u00bbdefault\u00a0\u00bb custom_margin=\u00a0\u00bb||1px|||\u00a0\u00bb global_colors_info=\u00a0\u00bb{}\u00a0\u00bb][\/et_pb_image][et_pb_text _builder_version=\u00a0\u00bb4.27.4&Prime; _module_preset=\u00a0\u00bbdefault\u00a0\u00bb custom_padding=\u00a0\u00bb|13px||||\u00a0\u00bb global_colors_info=\u00a0\u00bb{}\u00a0\u00bb]<\/p>\n<p style=\"text-align: center;\">Principaux actionnaires du Groupe PVCP<br \/>au 30 septembre 2024<\/p>\n<p>[\/et_pb_text][\/et_pb_column][\/et_pb_row][et_pb_row column_structure=\u00a0\u00bb1_2,1_2&Prime; _builder_version=\u00a0\u00bb4.27.4&Prime; _module_preset=\u00a0\u00bbdefault\u00a0\u00bb width=\u00a0\u00bb100%\u00a0\u00bb max_width=\u00a0\u00bb1180px\u00a0\u00bb module_alignment=\u00a0\u00bbcenter\u00a0\u00bb custom_padding=\u00a0\u00bb20px||20px||false|false\u00a0\u00bb global_colors_info=\u00a0\u00bb{}\u00a0\u00bb][et_pb_column type=\u00a0\u00bb1_2&Prime; _builder_version=\u00a0\u00bb4.27.4&Prime; _module_preset=\u00a0\u00bbdefault\u00a0\u00bb global_colors_info=\u00a0\u00bb{}\u00a0\u00bb][et_pb_image src=\u00a0\u00bbhttps:\/\/www.coachwp.fr\/pierre-et-vacances\/wp-content\/uploads\/2025\/05\/Repartition-du-CA-par-marque-activite-et-type-de-destination-1.png\u00a0\u00bb title_text=\u00a0\u00bbR\u00e9partition du CA par marque, activit\u00e9 et type de destination\u00a0\u00bb _builder_version=\u00a0\u00bb4.27.4&Prime; _module_preset=\u00a0\u00bbdefault\u00a0\u00bb width=\u00a0\u00bb96.9%\u00a0\u00bb global_colors_info=\u00a0\u00bb{}\u00a0\u00bb][\/et_pb_image][\/et_pb_column][et_pb_column type=\u00a0\u00bb1_2&Prime; _builder_version=\u00a0\u00bb4.27.4&Prime; _module_preset=\u00a0\u00bbdefault\u00a0\u00bb global_colors_info=\u00a0\u00bb{}\u00a0\u00bb][et_pb_text _builder_version=\u00a0\u00bb4.27.4&Prime; _module_preset=\u00a0\u00bbc1ccfd77-cac1-4faa-8e41-20d723f81385&Prime; text_font=\u00a0\u00bb&#8211;et_global_body_font||on||||||\u00a0\u00bb text_text_color=\u00a0\u00bb#016577&Prime; text_font_size=\u00a0\u00bb22px\u00a0\u00bb text_letter_spacing=\u00a0\u00bb1px\u00a0\u00bb width=\u00a0\u00bb100%\u00a0\u00bb custom_margin=\u00a0\u00bb||10px||false|false\u00a0\u00bb locked=\u00a0\u00bboff\u00a0\u00bb global_colors_info=\u00a0\u00bb{}\u00a0\u00bb]<\/p>\n<p><strong>Le poids croissant de l&rsquo;h\u00e9bergement touristique<\/strong><\/p>\n<p>[\/et_pb_text][et_pb_text _builder_version=\u00a0\u00bb4.27.4&Prime; _module_preset=\u00a0\u00bbac363a56-eeb7-41d0-9b0f-5a4a2b62c7e3&Prime; locked=\u00a0\u00bboff\u00a0\u00bb global_colors_info=\u00a0\u00bb{}\u00a0\u00bb]<\/p>\n<p style=\"text-align: justify;\">Au regard des donn\u00e9es de synth\u00e8se ci-contre, le d\u00e9veloppement de PVCP repose essentiellement sur ses <strong>activit\u00e9s d&rsquo;h\u00e9bergement<\/strong>, notamment de <strong>proximit\u00e9<\/strong> et orient\u00e9 <strong>nature<\/strong> avec sa marque <a href=\"https:\/\/www.coachwp.fr\/pierre-et-vacances\/activites-marques\/\" target=\"_blank\" rel=\"noopener\"><strong>Center Parcs <\/strong><\/a>(60% du CA 2024). La part d&rsquo;activit\u00e9 d\u00e9di\u00e9e \u00e0 la gestion immobili\u00e8re ou \u00e0 la gestion de r\u00e9servations est ainsi de plus en plus r\u00e9duite.<\/p>\n<p style=\"text-align: justify;\">Les derni\u00e8res tractations du Groupe vont dans ce sens, avec en octobre 2023 <strong>l&rsquo;acquisition<\/strong> par <a href=\"https:\/\/www.coachwp.fr\/pierre-et-vacances\/activites-marques\/\" target=\"_blank\" rel=\"noopener\">Maeva<\/a> de la soci\u00e9t\u00e9 n\u00e9erlandaise en faillite <a href=\"https:\/\/www.vacansoleil.fr\/\" target=\"_blank\" rel=\"noopener\"><strong>Vacansoleil<\/strong><\/a>, sp\u00e9cialis\u00e9e dans le camping, et en d\u00e9cembre 2022 le <strong>rachat des parts<\/strong> de <a href=\"https:\/\/www.centerparcs.fr\/fr-fr\/france\/fp_VN_vacances-domaine-villages-nature-paris\" target=\"_blank\" rel=\"noopener\"><strong>Villages Nature Tourisme<\/strong><\/a> d\u00e9tenues par Euro Disney SCA, un complexe \u00e9cotouristique situ\u00e9 pr\u00e8s de Disneyland Paris.<\/p>\n<p style=\"text-align: justify;\">En outre, le Groupe diversifie sa <strong>pr\u00e9sence en Europe<\/strong> avec en 2024 la r\u00e9partition du CA suivante : France (51,5%), Pays-Bas (17,7%), Allemagne (13,8%), Belgique (11,3%) et Espagne (5,7%). L&rsquo;activit\u00e9 dans ce dernier pays b\u00e9n\u00e9ficie d&rsquo;ailleurs d&rsquo;une progression de plus de 25%.<\/p>\n<p>[\/et_pb_text][\/et_pb_column][\/et_pb_row][et_pb_row column_structure=\u00a0\u00bb1_2,1_2&Prime; _builder_version=\u00a0\u00bb4.27.4&Prime; _module_preset=\u00a0\u00bbdefault\u00a0\u00bb width=\u00a0\u00bb100%\u00a0\u00bb max_width=\u00a0\u00bb1180px\u00a0\u00bb module_alignment=\u00a0\u00bbcenter\u00a0\u00bb custom_padding=\u00a0\u00bb20px||20px||false|false\u00a0\u00bb locked=\u00a0\u00bboff\u00a0\u00bb global_colors_info=\u00a0\u00bb{}\u00a0\u00bb][et_pb_column type=\u00a0\u00bb1_2&Prime; _builder_version=\u00a0\u00bb4.22.0&Prime; _module_preset=\u00a0\u00bbdefault\u00a0\u00bb global_colors_info=\u00a0\u00bb{}\u00a0\u00bb][et_pb_text _builder_version=\u00a0\u00bb4.27.4&Prime; _module_preset=\u00a0\u00bbc1ccfd77-cac1-4faa-8e41-20d723f81385&Prime; text_font=\u00a0\u00bb&#8211;et_global_body_font||on||||||\u00a0\u00bb text_text_color=\u00a0\u00bb#016577&Prime; text_font_size=\u00a0\u00bb22px\u00a0\u00bb text_letter_spacing=\u00a0\u00bb1px\u00a0\u00bb width=\u00a0\u00bb100%\u00a0\u00bb custom_margin=\u00a0\u00bb||10px||false|false\u00a0\u00bb locked=\u00a0\u00bboff\u00a0\u00bb global_colors_info=\u00a0\u00bb{}\u00a0\u00bb]<\/p>\n<p><strong>R\u00e9sultats financiers : un bilan encourageant<\/strong><strong> en 2024<\/strong><\/p>\n<p>[\/et_pb_text][et_pb_text _builder_version=\u00a0\u00bb4.27.4&Prime; _module_preset=\u00a0\u00bbc9789490-1279-489e-8feb-a841f606a965&Prime; text_font=\u00a0\u00bb&#8211;et_global_body_font||||||||\u00a0\u00bb text_text_color=\u00a0\u00bb#3d3d3d\u00a0\u00bb text_font_size=\u00a0\u00bb18px\u00a0\u00bb text_letter_spacing=\u00a0\u00bb1px\u00a0\u00bb width=\u00a0\u00bb100%\u00a0\u00bb custom_margin=\u00a0\u00bb||10px||false|false\u00a0\u00bb global_colors_info=\u00a0\u00bb{}\u00a0\u00bb]<\/p>\n<p><strong>Une reprise in\u00e9dite<\/strong><\/p>\n<p>[\/et_pb_text][et_pb_text _builder_version=\u00a0\u00bb4.27.4&Prime; _module_preset=\u00a0\u00bbac363a56-eeb7-41d0-9b0f-5a4a2b62c7e3&Prime; global_colors_info=\u00a0\u00bb{}\u00a0\u00bb]<\/p>\n<p style=\"text-align: justify;\">Dans le cadre de son plan de relance, le recentrage du Groupe sur ses activit\u00e9s touristiques transpara\u00eet clairement dans ses r\u00e9sultats financiers. Avec 1806 m\u20ac sur les 1913 m\u20ac de l&rsquo;exercice 2024, le <strong>CA Tourisme repr\u00e9sente 94% du CA global<\/strong>, soit 3% de plus qu&rsquo;en 2023.<\/p>\n<p style=\"text-align: justify;\">Surtout, un <strong>b\u00e9n\u00e9fice net de 28,7 millions d&rsquo;euros<\/strong> a \u00e9t\u00e9 d\u00e9gag\u00e9 sur cet exercice, contre une perte de 20,6 millions un an auparavant. Comme cit\u00e9 plus haut, c&rsquo;est <strong>une premi\u00e8re pour le groupe en 13 ans<\/strong>, avec une marge EBITDA \u00e9galement en croissance, port\u00e9e par l&rsquo;activit\u00e9 touristique.<\/p>\n<p style=\"text-align: justify;\"><strong>C\u00f4t\u00e9 endettement<\/strong>, le Groupe a rembours\u00e9 en juillet 2024 les 328 millions d&rsquo;euros de la dette r\u00e9install\u00e9e et de la dette de pr\u00eat garanti par l&rsquo;Etat. Les chiffres du tableau ci-contre, impensables il y a seulement cinq ans, redonnent <strong>confiance aux investisseurs<\/strong>.<\/p>\n<p>[\/et_pb_text][et_pb_text _builder_version=\u00a0\u00bb4.27.4&Prime; _module_preset=\u00a0\u00bbc9789490-1279-489e-8feb-a841f606a965&Prime; text_font=\u00a0\u00bb&#8211;et_global_body_font||||||||\u00a0\u00bb text_text_color=\u00a0\u00bb#3d3d3d\u00a0\u00bb text_font_size=\u00a0\u00bb18px\u00a0\u00bb text_letter_spacing=\u00a0\u00bb1px\u00a0\u00bb width=\u00a0\u00bb100%\u00a0\u00bb custom_margin=\u00a0\u00bb||10px||false|false\u00a0\u00bb locked=\u00a0\u00bboff\u00a0\u00bb global_colors_info=\u00a0\u00bb{}\u00a0\u00bb]<\/p>\n<p><strong>Le Groupe confiant pour la suite<\/strong><\/p>\n<p>[\/et_pb_text][et_pb_text _builder_version=\u00a0\u00bb4.27.4&Prime; _module_preset=\u00a0\u00bbac363a56-eeb7-41d0-9b0f-5a4a2b62c7e3&Prime; custom_margin=\u00a0\u00bb14px|||||\u00a0\u00bb global_colors_info=\u00a0\u00bb{}\u00a0\u00bb]<\/p>\n<p style=\"text-align: justify;\">Si le CA du 1er semestre de l\u2019<strong>exercice 2024\/2025<\/strong> affiche un recul de 2,4%, la direction pr\u00e9cise qu&rsquo;il a \u00e9t\u00e9 p\u00e9nalis\u00e9 par le calendrier des jours f\u00e9ri\u00e9s et vacances scolaires ainsi que par une baisse temporaire de l\u2019offre.<strong> Apr\u00e8s neutralisation du report calendaire<\/strong> et mise \u00e0 l&rsquo;\u00e9cart de certains \u00e9l\u00e9ments non repr\u00e9sentatifs, <strong>l&rsquo;\u00e9volution est estim\u00e9e \u00e0 +0,5%<\/strong>.<\/p>\n<p style=\"text-align: justify;\">Le directeur g\u00e9n\u00e9ral <strong>Franck Gervais<\/strong> reste <strong>optimiste<\/strong>, en indiquant que <span>le Groupe affiche<span style=\"font-weight: 400;\">\u00a0\u00ab <\/span>de bonnes performances et un taux de satisfaction client en hausse, malgr\u00e9 une situation \u00e9conomique compliqu\u00e9e <span style=\"font-weight: 400;\">\u00bb<\/span> (avril 2025). Pour le second semestre, PVCP <strong>pr\u00e9voit un CA en croissance<\/strong> au vu des r\u00e9servations touristiques \u00e0 date. Son objectif est clair : <strong>atteindre 220 millions d&rsquo;euros d&rsquo;Ebitda en 2028<\/strong>, ce qui compterait pour 10% du CA pr\u00e9visionnel.\u00a0<\/span><\/p>\n<p>[\/et_pb_text][\/et_pb_column][et_pb_column type=\u00a0\u00bb1_2&Prime; _builder_version=\u00a0\u00bb4.22.0&Prime; _module_preset=\u00a0\u00bbdefault\u00a0\u00bb global_colors_info=\u00a0\u00bb{}\u00a0\u00bb][et_pb_image src=\u00a0\u00bbhttps:\/\/www.coachwp.fr\/pierre-et-vacances\/wp-content\/uploads\/2025\/05\/Screenshot-2025-05-12-16.19.01.png\u00a0\u00bb title_text=\u00a0\u00bbComparatif CA 2023\/2024&Prime; _builder_version=\u00a0\u00bb4.27.4&Prime; _module_preset=\u00a0\u00bbdefault\u00a0\u00bb custom_margin=\u00a0\u00bb||0px|||\u00a0\u00bb custom_padding=\u00a0\u00bb|0px||||\u00a0\u00bb global_colors_info=\u00a0\u00bb{}\u00a0\u00bb][\/et_pb_image][et_pb_text _builder_version=\u00a0\u00bb4.27.4&Prime; _module_preset=\u00a0\u00bbdefault\u00a0\u00bb global_colors_info=\u00a0\u00bb{}\u00a0\u00bb]<\/p>\n<p style=\"text-align: center;\">Reporting financier 2024 vs 2023<\/p>\n<p>[\/et_pb_text][et_pb_image src=\u00a0\u00bbhttps:\/\/www.coachwp.fr\/pierre-et-vacances\/wp-content\/uploads\/2025\/05\/Dette-financiere-nette-2024-vs-2023.png\u00a0\u00bb title_text=\u00a0\u00bbDette financi\u00e8re nette 2024 vs 2023&Prime; _builder_version=\u00a0\u00bb4.27.4&Prime; _module_preset=\u00a0\u00bbdefault\u00a0\u00bb custom_margin=\u00a0\u00bb|-8px||||\u00a0\u00bb custom_padding=\u00a0\u00bb|0px||||\u00a0\u00bb global_colors_info=\u00a0\u00bb{}\u00a0\u00bb][\/et_pb_image][et_pb_text _builder_version=\u00a0\u00bb4.27.4&Prime; _module_preset=\u00a0\u00bbdefault\u00a0\u00bb custom_margin=\u00a0\u00bb-38px|||||\u00a0\u00bb global_colors_info=\u00a0\u00bb{}\u00a0\u00bb]<\/p>\n<p style=\"text-align: center;\">Dette financi\u00e8re 2024 vs 2023<\/p>\n<p>[\/et_pb_text][\/et_pb_column][\/et_pb_row][et_pb_row _builder_version=\u00a0\u00bb4.22.0&Prime; _module_preset=\u00a0\u00bbdefault\u00a0\u00bb width=\u00a0\u00bb100%\u00a0\u00bb max_width=\u00a0\u00bb1180px\u00a0\u00bb module_alignment=\u00a0\u00bbcenter\u00a0\u00bb custom_padding=\u00a0\u00bb20px||20px||false|false\u00a0\u00bb locked=\u00a0\u00bboff\u00a0\u00bb global_colors_info=\u00a0\u00bb{}\u00a0\u00bb][et_pb_column type=\u00a0\u00bb4_4&Prime; _builder_version=\u00a0\u00bb4.22.0&Prime; _module_preset=\u00a0\u00bbdefault\u00a0\u00bb global_colors_info=\u00a0\u00bb{}\u00a0\u00bb][et_pb_text _builder_version=\u00a0\u00bb4.27.4&Prime; _module_preset=\u00a0\u00bbc1ccfd77-cac1-4faa-8e41-20d723f81385&Prime; text_font=\u00a0\u00bb&#8211;et_global_body_font||on||||||\u00a0\u00bb text_text_color=\u00a0\u00bb#016577&Prime; text_font_size=\u00a0\u00bb22px\u00a0\u00bb text_letter_spacing=\u00a0\u00bb1px\u00a0\u00bb width=\u00a0\u00bb100%\u00a0\u00bb custom_margin=\u00a0\u00bb||10px||false|false\u00a0\u00bb locked=\u00a0\u00bboff\u00a0\u00bb global_colors_info=\u00a0\u00bb{}\u00a0\u00bb]<\/p>\n<p><strong>Cours boursier : des am\u00e9liorations pr\u00e9vues<\/strong><\/p>\n<p>[\/et_pb_text][et_pb_text _builder_version=\u00a0\u00bb4.27.4&Prime; _module_preset=\u00a0\u00bbac363a56-eeb7-41d0-9b0f-5a4a2b62c7e3&Prime; global_colors_info=\u00a0\u00bb{}\u00a0\u00bb]<\/p>\n<p style=\"text-align: justify;\">Le Groupe PVCP est cot\u00e9 en bourse depuis <strong>1999<\/strong>. L\u2019action Pierre et Vacances est cot\u00e9e sur l\u2019Eurolist d\u2019Euronext Paris (<strong>Compartiment C<\/strong>) et fait partie des indices CAC All\u2011Tradable, CAC Mid &amp; Small 190, CAC Travel &amp; Leisure et CAC Small 90.<\/p>\n<p style=\"text-align: justify;\">En 2024\/2025, le cours de l&rsquo;action est rest\u00e9 relativement <strong>stable<\/strong>, avec une croissance sur l&rsquo;ann\u00e9e 2024 qui s&rsquo;est conclue par une baisse entre janvier et avril 2025. Les derni\u00e8res publications des comptes du Groupe ont dans l&rsquo;ensemble gagn\u00e9 la <strong>confiance des analystes financiers<\/strong>, qui <strong>pr\u00e9voient une hausse<\/strong> de la valeur de l&rsquo;action et recommandent d&rsquo;acheter. Pour en savoir plus sur le cours de l&rsquo;action du groupe, rendez-vous sur les sites sp\u00e9cialis\u00e9s comme <a href=\"https:\/\/www.boursorama.com\/cours\/1rPVAC\/\" target=\"_blank\" rel=\"noopener\">Boursorama<\/a>.<\/p>\n<p><span style=\"font-weight: 400; color: #000000;\"><\/span><\/p>\n<p>[\/et_pb_text][et_pb_image src=\u00a0\u00bbhttps:\/\/www.coachwp.fr\/pierre-et-vacances\/wp-content\/uploads\/2025\/05\/Screenshot-2025-05-13-10.20.41.png\u00a0\u00bb title_text=\u00a0\u00bbCours de bourse sur 1 an au 13\/05\/2025&Prime; _builder_version=\u00a0\u00bb4.27.4&Prime; _module_preset=\u00a0\u00bbdefault\u00a0\u00bb border_radii=\u00a0\u00bbon|30px|30px|30px|30px\u00a0\u00bb global_colors_info=\u00a0\u00bb{}\u00a0\u00bb][\/et_pb_image][et_pb_text _builder_version=\u00a0\u00bb4.27.4&Prime; _module_preset=\u00a0\u00bbdefault\u00a0\u00bb custom_margin=\u00a0\u00bb-11px|||||\u00a0\u00bb custom_padding=\u00a0\u00bb|38px||||\u00a0\u00bb global_colors_info=\u00a0\u00bb{}\u00a0\u00bb]<\/p>\n<p style=\"text-align: center;\">Cours de bourse sur une ann\u00e9e (du 13\/05\/2024 au du 13\/05\/2025)<\/p>\n<p>[\/et_pb_text][\/et_pb_column][\/et_pb_row][et_pb_row _builder_version=\u00a0\u00bb4.27.4&Prime; _module_preset=\u00a0\u00bbdefault\u00a0\u00bb width=\u00a0\u00bb100%\u00a0\u00bb max_width=\u00a0\u00bb1180px\u00a0\u00bb custom_padding=\u00a0\u00bb20px||20px||false|false\u00a0\u00bb global_colors_info=\u00a0\u00bb{}\u00a0\u00bb][et_pb_column type=\u00a0\u00bb4_4&Prime; _builder_version=\u00a0\u00bb4.27.4&Prime; _module_preset=\u00a0\u00bbdefault\u00a0\u00bb global_colors_info=\u00a0\u00bb{}\u00a0\u00bb][et_pb_text _builder_version=\u00a0\u00bb4.27.4&Prime; _module_preset=\u00a0\u00bbdefault\u00a0\u00bb text_font_size=\u00a0\u00bb17px\u00a0\u00bb custom_margin=\u00a0\u00bb||19px|||\u00a0\u00bb custom_padding=\u00a0\u00bb||0px||false|false\u00a0\u00bb locked=\u00a0\u00bboff\u00a0\u00bb global_colors_info=\u00a0\u00bb{}\u00a0\u00bb]<\/p>\n<p><span style=\"color: #008080;\"><b>Les r\u00e9f\u00e9rences consult\u00e9es<\/b><\/span><\/p>\n<p>[\/et_pb_text][et_pb_text _builder_version=\u00a0\u00bb4.27.4&Prime; _module_preset=\u00a0\u00bbac363a56-eeb7-41d0-9b0f-5a4a2b62c7e3&Prime; text_font_size=\u00a0\u00bb14px\u00a0\u00bb custom_padding=\u00a0\u00bb2px|||||\u00a0\u00bb hover_enabled=\u00a0\u00bb0&Prime; locked=\u00a0\u00bboff\u00a0\u00bb global_colors_info=\u00a0\u00bb{}\u00a0\u00bb sticky_enabled=\u00a0\u00bb0&Prime;]<\/p>\n<ul>\n<li style=\"font-weight: 400; text-align: justify;\" aria-level=\"1\"><a href=\"https:\/\/www.groupepvcp.com\/finance\/action\/\" target=\"_blank\" rel=\"noopener\">Action.<\/a>\u00a0<em>Groupe PVCP<\/em> [en ligne] [consult\u00e9 le 10 mai 2025].<\/li>\n<li style=\"font-weight: 400; text-align: justify;\" aria-level=\"1\"><a href=\"https:\/\/www.groupepvcp.com\/app\/uploads\/2025\/04\/chiffre-daffaires-du-1er-semestre-20242025-pvcp-ca-s12025-communique.pdf\" target=\"_blank\" rel=\"noopener\">Chiffre d\u2019affaires du 1er semestre de l\u2019exercice 2024\/2025.<\/a>\u00a0<em>Groupe PVCP\u00a0<\/em>[en ligne] [consult\u00e9 le 10 mai 2025].<\/li>\n<li style=\"font-weight: 400; text-align: justify;\" aria-level=\"1\"><a href=\"https:\/\/www.boursorama.com\/cours\/1rPVAC\/\" target=\"_blank\" rel=\"noopener\">Cours de l&rsquo;action Pierre et Vacances (VAC) &#8211; Euronext Paris<\/a>. <em>Boursorama<\/em> [en ligne] [consult\u00e9 le 12 mai 2025].<\/li>\n<li style=\"font-weight: 400; text-align: justify;\" aria-level=\"1\">DE PAOLA Florian. <a href=\"https:\/\/www.lechotouristique.com\/article\/comment-pierre-vacances-center-parcs-veut-devenir-tres-rentable-en-2028\" target=\"_blank\" rel=\"noopener\">Comment Pierre &amp; Vacances-Center Parcs veut devenir tr\u00e8s rentable en 2028<\/a>. <em>L&rsquo;\u00c9cho Touristique, <\/em>2024 [en ligne] [consult\u00e9 le 12 mai 2025].<\/li>\n<li style=\"font-weight: 400; text-align: justify;\" aria-level=\"1\">DE PAOLA Florian. <a href=\"https:\/\/www.lechotouristique.com\/article\/pierre-vacances-center-parcs-renoue-avec-les-benefices\" target=\"_blank\" rel=\"noopener\">PCVP renoue avec les b\u00e9n\u00e9fices<\/a>, <em>L&rsquo;\u00c9cho Touristique, <\/em>2024 [en ligne] [consult\u00e9 le 12 mai 2025].<\/li>\n<li style=\"font-weight: 400; text-align: justify;\" aria-level=\"1\">DE PAOLA Florian, <a href=\"https:\/\/www.lechotouristique.com\/article\/economie-pierre-vacances-center-parcs-va-supprimer-105-postes-au-siege\" target=\"_blank\" rel=\"noopener\"><span style=\"font-weight: 400;\">Pierre &amp; Vacances\/Center Parcs va supprimer 105 postes au si\u00e8ge<\/span><\/a><span style=\"font-weight: 400;\">. <\/span><i><span style=\"font-weight: 400;\">L\u2019Echo Touristique, <\/span><\/i><span style=\"font-weight: 400;\">2022<\/span><span style=\"font-weight: 400;\"> [en ligne] [consult\u00e9 le 12 mai 2025].<\/span><\/li>\n<li style=\"font-weight: 400; text-align: justify;\" aria-level=\"1\"><span style=\"font-weight: 400;\"><a href=\"https:\/\/www.groupepvcp.com\/app\/uploads\/2024\/12\/deu_20dec24-fr.pdf\" target=\"_blank\" rel=\"noopener\">Document d&rsquo;Enregistrement Universel 2023-2024.<\/a>\u00a0<\/span><i><span style=\"font-weight: 400;\">Groupe PVCP<\/span><\/i><span style=\"font-weight: 400;\"> [en ligne] [consult\u00e9 le 12 mai 2025].<\/span><\/li>\n<li style=\"font-weight: 400; text-align: justify;\" aria-level=\"1\">GUILLOU Cl\u00e9ment. <a href=\"https:\/\/www.lemonde.fr\/economie\/article\/2022\/03\/10\/pierre-vacances-center-parcs-repris-par-deux-fonds-britanniques-change-de-modele_6116890_3234.html\" target=\"_blank\" rel=\"noopener\">Pierre &amp; Vacances &#8211; Center Parcs, repris par deux fonds britanniques, change de mod\u00e8le.<\/a>\u00a0<em>Le Monde<\/em>, 2022 [en ligne] [consult\u00e9 le 12 mai 2025].\u00a0<span style=\"font-weight: 400;\"><\/span><\/li>\n<li style=\"font-weight: 400; text-align: justify;\" aria-level=\"1\"><a href=\"https:\/\/www.boursorama.com\/bourse\/actualites\/la-valeur-du-jour-a-paris-pierre-et-vacances-bondit-apres-des-resultats-historiques-a863931fb889fa40401e21887c976ffd\" target=\"_blank\" rel=\"noopener\">La valeur du jour \u00e0 Paris &#8211; Pierre et Vacances bondit apr\u00e8s des r\u00e9sultats historiques.<\/a> <em>Boursorama<\/em>, 2024. [en ligne] [consult\u00e9 le 10 mai 2025].<\/li>\n<li style=\"font-weight: 400; text-align: justify;\" aria-level=\"1\"><a href=\"https:\/\/hospitality-on.com\/fr\/fusionacquisition\/maeva-setend-en-europe-avec-lacquisition-strategique-de-la-marque-vacansoleil\" target=\"_blank\" rel=\"noopener\">Maeva s&rsquo;\u00e9tend en Europe avec l&rsquo;acquisition strat\u00e9gique de la marque Vacansoleil<\/a>. <em>Hospitality ON<\/em>, 2023 [en ligne] [consult\u00e9 le 10 mai 2025].<\/li>\n<li style=\"font-weight: 400; text-align: justify;\" aria-level=\"1\">PALIERSE Christophe. <a href=\"https:\/\/www.lesechos.fr\/industrie-services\/tourisme-transport\/pierre-vacances-center-parcs-les-nouveaux-proprietaires-prennent-la-main-1787020\" target=\"_blank\" rel=\"noopener\">Pierre &amp; Vacances-Center Parcs : les nouveaux propri\u00e9taires prennent la main.<\/a>\u00a0<em>Les Echos<\/em>, 2022 [en ligne] [consult\u00e9 le 10 mai 2025].<\/li>\n<li style=\"font-weight: 400; text-align: justify;\" aria-level=\"1\"><span style=\"font-weight: 400;\"><a href=\"https:\/\/hospitality-on.com\/fr\/fusionacquisition\/pierre-vacances-finalise-le-rachat-de-villages-nature-paris\" target=\"_blank\" rel=\"noopener\">Pierre &amp; Vacances finalise le rachat de Villages Nature Paris<\/a>. <em>Hospitality ON,<\/em> 2022 [en ligne] [consult\u00e9 le 10 mai 2025].<\/span><\/li>\n<li style=\"font-weight: 400; text-align: justify;\" aria-level=\"1\"><a href=\"https:\/\/bourse.lefigaro.fr\/actu-conseils\/pierre-et-vacances-vise-un-retour-a-la-rentabilite-des-2021-20200129\" target=\"_blank\" rel=\"noopener\">Pierre et Vacances vise un retour \u00e0 la rentabilit\u00e9 d\u00e8s 2021. <\/a><em>Le Figaro,<\/em> 2020 [en ligne] [consult\u00e9 le 12 mai 2025].<\/li>\n<li style=\"font-weight: 400; text-align: justify;\" aria-level=\"1\"><a href=\"https:\/\/www.abcbourse.com\/analyses\/chiffres\/VACp\" target=\"_blank\" rel=\"noopener\">Profil soci\u00e9t\u00e9 de Pierre Vacances.<\/a>\u00a0<em>ABC Bourse\u00a0<\/em>[en ligne] [consult\u00e9 le 10 mai 2025].<\/li>\n<li style=\"font-weight: 400; text-align: justify;\" aria-level=\"1\"><a href=\"https:\/\/www.groupepvcp.com\/app\/uploads\/2024\/12\/resultats-annuels-20232024-fy2024-results-fr.pdf\" target=\"_blank\" rel=\"noopener\">R\u00e9sultats annuels de l&rsquo;exercice 2024.<\/a>\u00a0<em>Groupe PVCP\u00a0<\/em>[en ligne] [consult\u00e9 le 10 mai 2025].<\/li>\n<li style=\"font-weight: 400; text-align: justify;\" aria-level=\"1\"><a href=\"https:\/\/www.boursorama.com\/cours\/societe\/profil\/1rPVAC\/\" target=\"_blank\" rel=\"noopener\">Soci\u00e9t\u00e9 Pierre et Vacances.<\/a>\u00a0<em>Boursorama<\/em> [en ligne] [consult\u00e9 le 10 mai 2025].<\/li>\n<\/ul>\n<p>[\/et_pb_text][\/et_pb_column][\/et_pb_row][et_pb_row _builder_version=\u00a0\u00bb4.27.4&Prime; _module_preset=\u00a0\u00bbdefault\u00a0\u00bb width=\u00a0\u00bb100%\u00a0\u00bb max_width=\u00a0\u00bb1180px\u00a0\u00bb global_colors_info=\u00a0\u00bb{}\u00a0\u00bb][et_pb_column type=\u00a0\u00bb4_4&Prime; _builder_version=\u00a0\u00bb4.27.4&Prime; _module_preset=\u00a0\u00bbdefault\u00a0\u00bb global_colors_info=\u00a0\u00bb{}\u00a0\u00bb][et_pb_post_nav prev_text=\u00a0\u00bb\u00c9conomie et finances\u00a0\u00bb next_text=\u00a0\u00bbEnjeux et strat\u00e9gies\u00a0\u00bb _builder_version=\u00a0\u00bb4.27.4&Prime; _module_preset=\u00a0\u00bbdefault\u00a0\u00bb title_font=\u00a0\u00bb|600|||||||\u00a0\u00bb title_text_color=\u00a0\u00bb#f96c00&Prime; global_colors_info=\u00a0\u00bb{}\u00a0\u00bb][\/et_pb_post_nav][\/et_pb_column][\/et_pb_row][\/et_pb_section]<\/p>\n","protected":false},"excerpt":{"rendered":"<p>Vers un redressement \u00e9conomique r\u00e9ussiAccusant d\u00e9j\u00e0 une baisse de rentabilit\u00e9 depuis plusieurs ann\u00e9es et un accroissement de sa dette, le Groupe PVCP a \u00e9t\u00e9 durement touch\u00e9 par la crise du Covid-19. Suppressions d&#8217;emplois, conversion de la dette, recapitalisation et aide financi\u00e8re de l&rsquo;Etat, ont ponctu\u00e9 cette p\u00e9riode et fait partie d&rsquo;un n\u00e9cessaire processus de sauvetage [&hellip;]<\/p>\n","protected":false},"author":5,"featured_media":0,"parent":82,"menu_order":0,"comment_status":"closed","ping_status":"closed","template":"","meta":{"_et_pb_use_builder":"on","_et_pb_old_content":"<!-- wp:divi\/placeholder \/-->","_et_gb_content_width":"","footnotes":""},"class_list":["post-269","page","type-page","status-publish","hentry"],"yoast_head":"<!-- This site is optimized with the Yoast SEO plugin v25.2 - https:\/\/yoast.com\/wordpress\/plugins\/seo\/ -->\n<title>Economie &amp; Finances - Horizons M\u00e9dias<\/title>\n<meta name=\"robots\" content=\"index, follow, max-snippet:-1, max-image-preview:large, max-video-preview:-1\" \/>\n<link rel=\"canonical\" href=\"https:\/\/www.coachwp.fr\/pierre-et-vacances\/lentreprise\/economie-finance\/\" \/>\n<meta property=\"og:locale\" content=\"fr_FR\" \/>\n<meta property=\"og:type\" content=\"article\" \/>\n<meta property=\"og:title\" content=\"Economie &amp; Finances - Horizons M\u00e9dias\" \/>\n<meta property=\"og:description\" content=\"Vers un redressement \u00e9conomique r\u00e9ussiAccusant d\u00e9j\u00e0 une baisse de rentabilit\u00e9 depuis plusieurs ann\u00e9es et un accroissement de sa dette, le Groupe PVCP a \u00e9t\u00e9 durement touch\u00e9 par la crise du Covid-19. Suppressions d&#039;emplois, conversion de la dette, recapitalisation et aide financi\u00e8re de l&#039;Etat, ont ponctu\u00e9 cette p\u00e9riode et fait partie d&#039;un n\u00e9cessaire processus de sauvetage [&hellip;]\" \/>\n<meta property=\"og:url\" content=\"https:\/\/www.coachwp.fr\/pierre-et-vacances\/lentreprise\/economie-finance\/\" \/>\n<meta property=\"og:site_name\" content=\"Horizons M\u00e9dias\" \/>\n<meta property=\"article:modified_time\" content=\"2025-06-01T13:30:42+00:00\" \/>\n<meta name=\"twitter:card\" content=\"summary_large_image\" \/>\n<script type=\"application\/ld+json\" class=\"yoast-schema-graph\">{\"@context\":\"https:\/\/schema.org\",\"@graph\":[{\"@type\":\"WebPage\",\"@id\":\"https:\/\/www.coachwp.fr\/pierre-et-vacances\/lentreprise\/economie-finance\/\",\"url\":\"https:\/\/www.coachwp.fr\/pierre-et-vacances\/lentreprise\/economie-finance\/\",\"name\":\"Economie &amp; Finances - Horizons M\u00e9dias\",\"isPartOf\":{\"@id\":\"https:\/\/www.coachwp.fr\/pierre-et-vacances\/#website\"},\"datePublished\":\"2025-05-06T13:08:06+00:00\",\"dateModified\":\"2025-06-01T13:30:42+00:00\",\"breadcrumb\":{\"@id\":\"https:\/\/www.coachwp.fr\/pierre-et-vacances\/lentreprise\/economie-finance\/#breadcrumb\"},\"inLanguage\":\"fr-FR\",\"potentialAction\":[{\"@type\":\"ReadAction\",\"target\":[\"https:\/\/www.coachwp.fr\/pierre-et-vacances\/lentreprise\/economie-finance\/\"]}]},{\"@type\":\"BreadcrumbList\",\"@id\":\"https:\/\/www.coachwp.fr\/pierre-et-vacances\/lentreprise\/economie-finance\/#breadcrumb\",\"itemListElement\":[{\"@type\":\"ListItem\",\"position\":1,\"name\":\"Accueil\",\"item\":\"https:\/\/www.coachwp.fr\/pierre-et-vacances\/\"},{\"@type\":\"ListItem\",\"position\":2,\"name\":\"Groupe Pierre &amp; Vacances-Center Parcs\",\"item\":\"https:\/\/www.coachwp.fr\/pierre-et-vacances\/lentreprise\/\"},{\"@type\":\"ListItem\",\"position\":3,\"name\":\"Economie &amp; Finances\"}]},{\"@type\":\"WebSite\",\"@id\":\"https:\/\/www.coachwp.fr\/pierre-et-vacances\/#website\",\"url\":\"https:\/\/www.coachwp.fr\/pierre-et-vacances\/\",\"name\":\"Horizons M\u00e9dias\",\"description\":\"Votre source d&#039;information sur le Groupe Pierre &amp; Vacances-Center Parcs\",\"potentialAction\":[{\"@type\":\"SearchAction\",\"target\":{\"@type\":\"EntryPoint\",\"urlTemplate\":\"https:\/\/www.coachwp.fr\/pierre-et-vacances\/?s={search_term_string}\"},\"query-input\":{\"@type\":\"PropertyValueSpecification\",\"valueRequired\":true,\"valueName\":\"search_term_string\"}}],\"inLanguage\":\"fr-FR\"}]}<\/script>\n<!-- \/ Yoast SEO plugin. -->","yoast_head_json":{"title":"Economie &amp; Finances - Horizons M\u00e9dias","robots":{"index":"index","follow":"follow","max-snippet":"max-snippet:-1","max-image-preview":"max-image-preview:large","max-video-preview":"max-video-preview:-1"},"canonical":"https:\/\/www.coachwp.fr\/pierre-et-vacances\/lentreprise\/economie-finance\/","og_locale":"fr_FR","og_type":"article","og_title":"Economie &amp; Finances - Horizons M\u00e9dias","og_description":"Vers un redressement \u00e9conomique r\u00e9ussiAccusant d\u00e9j\u00e0 une baisse de rentabilit\u00e9 depuis plusieurs ann\u00e9es et un accroissement de sa dette, le Groupe PVCP a \u00e9t\u00e9 durement touch\u00e9 par la crise du Covid-19. Suppressions d'emplois, conversion de la dette, recapitalisation et aide financi\u00e8re de l'Etat, ont ponctu\u00e9 cette p\u00e9riode et fait partie d'un n\u00e9cessaire processus de sauvetage [&hellip;]","og_url":"https:\/\/www.coachwp.fr\/pierre-et-vacances\/lentreprise\/economie-finance\/","og_site_name":"Horizons M\u00e9dias","article_modified_time":"2025-06-01T13:30:42+00:00","twitter_card":"summary_large_image","schema":{"@context":"https:\/\/schema.org","@graph":[{"@type":"WebPage","@id":"https:\/\/www.coachwp.fr\/pierre-et-vacances\/lentreprise\/economie-finance\/","url":"https:\/\/www.coachwp.fr\/pierre-et-vacances\/lentreprise\/economie-finance\/","name":"Economie &amp; Finances - Horizons M\u00e9dias","isPartOf":{"@id":"https:\/\/www.coachwp.fr\/pierre-et-vacances\/#website"},"datePublished":"2025-05-06T13:08:06+00:00","dateModified":"2025-06-01T13:30:42+00:00","breadcrumb":{"@id":"https:\/\/www.coachwp.fr\/pierre-et-vacances\/lentreprise\/economie-finance\/#breadcrumb"},"inLanguage":"fr-FR","potentialAction":[{"@type":"ReadAction","target":["https:\/\/www.coachwp.fr\/pierre-et-vacances\/lentreprise\/economie-finance\/"]}]},{"@type":"BreadcrumbList","@id":"https:\/\/www.coachwp.fr\/pierre-et-vacances\/lentreprise\/economie-finance\/#breadcrumb","itemListElement":[{"@type":"ListItem","position":1,"name":"Accueil","item":"https:\/\/www.coachwp.fr\/pierre-et-vacances\/"},{"@type":"ListItem","position":2,"name":"Groupe Pierre &amp; Vacances-Center Parcs","item":"https:\/\/www.coachwp.fr\/pierre-et-vacances\/lentreprise\/"},{"@type":"ListItem","position":3,"name":"Economie &amp; Finances"}]},{"@type":"WebSite","@id":"https:\/\/www.coachwp.fr\/pierre-et-vacances\/#website","url":"https:\/\/www.coachwp.fr\/pierre-et-vacances\/","name":"Horizons M\u00e9dias","description":"Votre source d&#039;information sur le Groupe Pierre &amp; Vacances-Center Parcs","potentialAction":[{"@type":"SearchAction","target":{"@type":"EntryPoint","urlTemplate":"https:\/\/www.coachwp.fr\/pierre-et-vacances\/?s={search_term_string}"},"query-input":{"@type":"PropertyValueSpecification","valueRequired":true,"valueName":"search_term_string"}}],"inLanguage":"fr-FR"}]}},"_links":{"self":[{"href":"https:\/\/www.coachwp.fr\/pierre-et-vacances\/wp-json\/wp\/v2\/pages\/269","targetHints":{"allow":["GET"]}}],"collection":[{"href":"https:\/\/www.coachwp.fr\/pierre-et-vacances\/wp-json\/wp\/v2\/pages"}],"about":[{"href":"https:\/\/www.coachwp.fr\/pierre-et-vacances\/wp-json\/wp\/v2\/types\/page"}],"author":[{"embeddable":true,"href":"https:\/\/www.coachwp.fr\/pierre-et-vacances\/wp-json\/wp\/v2\/users\/5"}],"replies":[{"embeddable":true,"href":"https:\/\/www.coachwp.fr\/pierre-et-vacances\/wp-json\/wp\/v2\/comments?post=269"}],"version-history":[{"count":60,"href":"https:\/\/www.coachwp.fr\/pierre-et-vacances\/wp-json\/wp\/v2\/pages\/269\/revisions"}],"predecessor-version":[{"id":1906,"href":"https:\/\/www.coachwp.fr\/pierre-et-vacances\/wp-json\/wp\/v2\/pages\/269\/revisions\/1906"}],"up":[{"embeddable":true,"href":"https:\/\/www.coachwp.fr\/pierre-et-vacances\/wp-json\/wp\/v2\/pages\/82"}],"wp:attachment":[{"href":"https:\/\/www.coachwp.fr\/pierre-et-vacances\/wp-json\/wp\/v2\/media?parent=269"}],"curies":[{"name":"wp","href":"https:\/\/api.w.org\/{rel}","templated":true}]}}