{"id":267,"date":"2025-05-06T13:07:51","date_gmt":"2025-05-06T13:07:51","guid":{"rendered":"https:\/\/www.coachwp.fr\/pierre-et-vacances\/?page_id=267"},"modified":"2025-06-01T13:22:15","modified_gmt":"2025-06-01T13:22:15","slug":"activites-marques","status":"publish","type":"page","link":"https:\/\/www.coachwp.fr\/pierre-et-vacances\/activites-marques\/","title":{"rendered":"Activit\u00e9s &amp; Marques"},"content":{"rendered":"<p>[et_pb_section fb_built=\u00a0\u00bb1&Prime; admin_label=\u00a0\u00bbAbout\u00a0\u00bb _builder_version=\u00a0\u00bb4.27.4&Prime; _module_preset=\u00a0\u00bbdefault\u00a0\u00bb width=\u00a0\u00bb100%\u00a0\u00bb custom_padding=\u00a0\u00bb|0px||0px|false|false\u00a0\u00bb locked=\u00a0\u00bboff\u00a0\u00bb collapsed=\u00a0\u00bbon\u00a0\u00bb global_colors_info=\u00a0\u00bb{}\u00a0\u00bb][et_pb_row _builder_version=\u00a0\u00bb4.27.4&Prime; _module_preset=\u00a0\u00bbdefault\u00a0\u00bb width=\u00a0\u00bb100%\u00a0\u00bb max_width=\u00a0\u00bb1180px\u00a0\u00bb min_height=\u00a0\u00bb126.5px\u00a0\u00bb custom_margin=\u00a0\u00bb|auto|-25px|auto||\u00a0\u00bb custom_padding=\u00a0\u00bb18px||18px||true|\u00a0\u00bb global_colors_info=\u00a0\u00bb{}\u00a0\u00bb][et_pb_column type=\u00a0\u00bb4_4&Prime; _builder_version=\u00a0\u00bb4.22.0&Prime; _module_preset=\u00a0\u00bbdefault\u00a0\u00bb global_colors_info=\u00a0\u00bb{}\u00a0\u00bb][et_pb_heading title=\u00a0\u00bbActivit\u00e9s &#038; Marques\u00a0\u00bb _builder_version=\u00a0\u00bb4.27.4&Prime; _module_preset=\u00a0\u00bbdefault\u00a0\u00bb title_text_align=\u00a0\u00bbcenter\u00a0\u00bb title_font_size=\u00a0\u00bb43px\u00a0\u00bb global_colors_info=\u00a0\u00bb{}\u00a0\u00bb][\/et_pb_heading][\/et_pb_column][\/et_pb_row][et_pb_row _builder_version=\u00a0\u00bb4.27.4&Prime; _module_preset=\u00a0\u00bbdefault\u00a0\u00bb width=\u00a0\u00bb100%\u00a0\u00bb max_width=\u00a0\u00bb1180px\u00a0\u00bb min_height=\u00a0\u00bb126.5px\u00a0\u00bb custom_padding=\u00a0\u00bb0px||0px||true|false\u00a0\u00bb global_colors_info=\u00a0\u00bb{}\u00a0\u00bb][et_pb_column type=\u00a0\u00bb4_4&Prime; _builder_version=\u00a0\u00bb4.22.0&Prime; _module_preset=\u00a0\u00bbdefault\u00a0\u00bb global_colors_info=\u00a0\u00bb{}\u00a0\u00bb][et_pb_image src=\u00a0\u00bbhttps:\/\/www.coachwp.fr\/pierre-et-vacances\/wp-content\/uploads\/2025\/05\/Banner04.jpg\u00a0\u00bb title_text=\u00a0\u00bbBanner04&Prime; _builder_version=\u00a0\u00bb4.27.4&Prime; _module_preset=\u00a0\u00bbdefault\u00a0\u00bb min_height=\u00a0\u00bb203.1px\u00a0\u00bb custom_padding=\u00a0\u00bb|30px||42px||\u00a0\u00bb border_radii=\u00a0\u00bbon|30px|30px|30px|30px\u00a0\u00bb global_colors_info=\u00a0\u00bb{}\u00a0\u00bb][\/et_pb_image][et_pb_text _builder_version=\u00a0\u00bb4.27.4&Prime; _module_preset=\u00a0\u00bbc1ccfd77-cac1-4faa-8e41-20d723f81385&Prime; text_font=\u00a0\u00bb&#8211;et_global_body_font||on||||||\u00a0\u00bb text_text_color=\u00a0\u00bb#016577&Prime; text_font_size=\u00a0\u00bb22px\u00a0\u00bb text_letter_spacing=\u00a0\u00bb1px\u00a0\u00bb text_orientation=\u00a0\u00bbcenter\u00a0\u00bb width=\u00a0\u00bb100%\u00a0\u00bb custom_margin=\u00a0\u00bb||10px||false|false\u00a0\u00bb global_colors_info=\u00a0\u00bb{}\u00a0\u00bb]<\/p>\n<p><strong>Activit\u00e9s<\/strong><\/p>\n<p>[\/et_pb_text][\/et_pb_column][\/et_pb_row][et_pb_row column_structure=\u00a0\u00bb1_2,1_2&Prime; _builder_version=\u00a0\u00bb4.27.4&Prime; _module_preset=\u00a0\u00bbdefault\u00a0\u00bb width=\u00a0\u00bb100%\u00a0\u00bb max_width=\u00a0\u00bb1180px\u00a0\u00bb module_alignment=\u00a0\u00bbcenter\u00a0\u00bb custom_margin=\u00a0\u00bb|auto|23px|auto||\u00a0\u00bb custom_padding=\u00a0\u00bb20px||20px||false|false\u00a0\u00bb global_colors_info=\u00a0\u00bb{}\u00a0\u00bb][et_pb_column type=\u00a0\u00bb1_2&Prime; _builder_version=\u00a0\u00bb4.22.0&Prime; _module_preset=\u00a0\u00bbdefault\u00a0\u00bb global_colors_info=\u00a0\u00bb{}\u00a0\u00bb][et_pb_image src=\u00a0\u00bbhttps:\/\/www.coachwp.fr\/pierre-et-vacances\/wp-content\/uploads\/2025\/05\/Activites.png\u00a0\u00bb alt=\u00a0\u00bbSch\u00e9ma des activit\u00e9s du Groupe PVCP\u00a0\u00bb title_text=\u00a0\u00bbActivit\u00e9s\u00a0\u00bb show_bottom_space=\u00a0\u00bboff\u00a0\u00bb _builder_version=\u00a0\u00bb4.27.4&Prime; _module_preset=\u00a0\u00bbdefault\u00a0\u00bb background_color=\u00a0\u00bbRGBA(255,255,255,0)\u00a0\u00bb width=\u00a0\u00bb100%\u00a0\u00bb custom_margin=\u00a0\u00bb8px|||||\u00a0\u00bb border_radii=\u00a0\u00bbon|30px|30px|30px|30px\u00a0\u00bb global_colors_info=\u00a0\u00bb{}\u00a0\u00bb][\/et_pb_image][et_pb_text _builder_version=\u00a0\u00bb4.27.4&Prime; _module_preset=\u00a0\u00bbdefault\u00a0\u00bb global_colors_info=\u00a0\u00bb{}\u00a0\u00bb]<\/p>\n<p>Infographie des chiffres cl\u00e9s du Groupe<span>\u00a0Pierre &amp; Vacances &#8211; Center Parcs<\/span><\/p>\n<p>[\/et_pb_text][\/et_pb_column][et_pb_column type=\u00a0\u00bb1_2&Prime; _builder_version=\u00a0\u00bb4.22.0&Prime; _module_preset=\u00a0\u00bbdefault\u00a0\u00bb global_colors_info=\u00a0\u00bb{}\u00a0\u00bb][et_pb_text _builder_version=\u00a0\u00bb4.27.4&Prime; _module_preset=\u00a0\u00bbac363a56-eeb7-41d0-9b0f-5a4a2b62c7e3&Prime; min_height=\u00a0\u00bb386px\u00a0\u00bb custom_margin=\u00a0\u00bb3px|||||\u00a0\u00bb locked=\u00a0\u00bboff\u00a0\u00bb global_colors_info=\u00a0\u00bb{}\u00a0\u00bb]<\/p>\n<p style=\"text-align: justify;\">Le Groupe Pierre &amp; Vacances-Center Parcs (PVCP) se d\u00e9finit comme <a href=\"https:\/\/www.groupepvcp.com\/groupe\/\" target=\"_blank\" rel=\"noopener\">le leader europ\u00e9en du tourisme de proximit\u00e9 \u00e0 impact positif<\/a>. Ses activit\u00e9s principales se d\u00e9clinent autour de <strong>l\u2019h\u00e9bergement touristique<\/strong>, sp\u00e9cialis\u00e9 dans la commercialisation de s\u00e9jours, ainsi que la gestion et l\u2019exploitation de r\u00e9sidences de vacances, de parcs et appart\u2019h\u00f4tels, accompagn\u00e9s par une large offre de loisirs et de services associ\u00e9s. Son parc immobilier et touristique exploite plus de <strong>49 000 appartements, maisons et villas,<\/strong> situ\u00e9s dans pr\u00e8s de <strong><a href=\"https:\/\/www.groupepvcp.com\/talents\/\" target=\"_blank\" rel=\"noopener\">340 sites en Europe<\/a><\/strong>, principalement en France, en Belgique, aux Pays-Bas, en Allemagne et en Espagne. Le groupe PCVP a accueilli <strong><a href=\"https:\/\/www.groupepvcp.com\/talents\/\" target=\"_blank\" rel=\"noopener\">8 millions de clients<\/a><\/strong> (du 30\/09\/2023 au 30\/09\/2024).<\/p>\n<p style=\"text-align: justify;\"><a href=\"https:\/\/www.groupepvcp.com\/app\/uploads\/2024\/12\/deu_20dec24-fr.pdf\" target=\"_blank\" rel=\"noopener\">Repr\u00e9sentant 77 %<\/a> de son chiffre d&rsquo;affaires (lien partie CA), l&rsquo;activit\u00e9 touristique s&rsquo;organise autour de 4 marques renomm\u00e9es et compl\u00e9mentaires : <strong>Pierre &amp; Vacances, Center Parcs , maeva et Adagio.<\/strong><\/p>\n<p>[\/et_pb_text][\/et_pb_column][\/et_pb_row][et_pb_row column_structure=\u00a0\u00bb1_2,1_2&Prime; _builder_version=\u00a0\u00bb4.27.4&Prime; _module_preset=\u00a0\u00bbdefault\u00a0\u00bb width=\u00a0\u00bb100%\u00a0\u00bb custom_padding=\u00a0\u00bb9px|0px|3px|||\u00a0\u00bb global_colors_info=\u00a0\u00bb{}\u00a0\u00bb][et_pb_column type=\u00a0\u00bb1_2&Prime; _builder_version=\u00a0\u00bb4.27.4&Prime; _module_preset=\u00a0\u00bbdefault\u00a0\u00bb global_colors_info=\u00a0\u00bb{}\u00a0\u00bb][et_pb_image src=\u00a0\u00bbhttps:\/\/www.coachwp.fr\/pierre-et-vacances\/wp-content\/uploads\/2025\/05\/464753401_1461680967750793_3566085658377528004_n.jpg\u00a0\u00bb alt=\u00a0\u00bbMarques du Groupe PVCP\u00a0\u00bb title_text=\u00a0\u00bb464753401_1461680967750793_3566085658377528004_n\u00a0\u00bb align=\u00a0\u00bbcenter\u00a0\u00bb _builder_version=\u00a0\u00bb4.27.4&Prime; _module_preset=\u00a0\u00bbdefault\u00a0\u00bb width=\u00a0\u00bb62%\u00a0\u00bb custom_margin=\u00a0\u00bb0px|-50px|0px|0px|false|false\u00a0\u00bb custom_padding=\u00a0\u00bb||0px||false|false\u00a0\u00bb border_radii=\u00a0\u00bbon|30px|30px|30px|30px\u00a0\u00bb global_colors_info=\u00a0\u00bb{}\u00a0\u00bb][\/et_pb_image][\/et_pb_column][et_pb_column type=\u00a0\u00bb1_2&Prime; _builder_version=\u00a0\u00bb4.27.4&Prime; _module_preset=\u00a0\u00bbdefault\u00a0\u00bb global_colors_info=\u00a0\u00bb{}\u00a0\u00bb][et_pb_text _builder_version=\u00a0\u00bb4.27.4&Prime; _module_preset=\u00a0\u00bbc1ccfd77-cac1-4faa-8e41-20d723f81385&Prime; text_font=\u00a0\u00bb&#8211;et_global_body_font||on||||||\u00a0\u00bb text_text_color=\u00a0\u00bb#016577&Prime; text_font_size=\u00a0\u00bb22px\u00a0\u00bb text_letter_spacing=\u00a0\u00bb1px\u00a0\u00bb width=\u00a0\u00bb100%\u00a0\u00bb custom_margin=\u00a0\u00bb||10px|-90px|false|false\u00a0\u00bb locked=\u00a0\u00bboff\u00a0\u00bb global_colors_info=\u00a0\u00bb{}\u00a0\u00bb]<\/p>\n<p><strong>Ressources humaines<\/strong><\/p>\n<p>[\/et_pb_text][et_pb_text _builder_version=\u00a0\u00bb4.27.4&Prime; _module_preset=\u00a0\u00bbac363a56-eeb7-41d0-9b0f-5a4a2b62c7e3&Prime; min_height=\u00a0\u00bb386px\u00a0\u00bb custom_margin=\u00a0\u00bb39px|||-90px|false|false\u00a0\u00bb locked=\u00a0\u00bboff\u00a0\u00bb global_colors_info=\u00a0\u00bb{}\u00a0\u00bb]<\/p>\n<p style=\"text-align: justify;\">En septembre 2024, le Groupe PVCP compte <a href=\"https:\/\/www.groupepvcp.com\/talents\/\" target=\"_blank\" rel=\"noopener\"><strong>13 000 collaborateurs<\/strong> : la PVCPTeam<\/a>. <a href=\"https:\/\/www.boursier.com\/actions\/societe\/profil\/pierre-et-vacances-center-parcs-FR0000073041%2CFR.html?utm_source=chatgpt.com\" target=\"_blank\" rel=\"noopener\">La r\u00e9partition g\u00e9ographique<\/a> des salari\u00e9s \u00e9quivaut globalement \u00e0 celle de l\u2019activit\u00e9 du Groupe : France (51,5%), Pays-Bas (17,7%), Allemagne (13,8%), Belgique (11,3%) et Espagne (5,7%). L&rsquo;accompagnement des collaborateurs dans le projet d&rsquo;entreprise est un des 3 piliers de la<a href=\"https:\/\/www.groupepvcp.com\/engagement\/tourisme-impact-positif\/\" target=\"_blank\" rel=\"noopener\"> d\u00e9marche RSE<\/a> \u00e0 travers notamment <a href=\"https:\/\/www.groupepvcp.com\/app\/uploads\/2025\/03\/resultats-de-lindex-egalite-professionnelle-2024.pdf\" target=\"_blank\" rel=\"noopener\"><strong>l\u2019\u00e9galit\u00e9 Femmes\/Hommes<\/strong><\/a> tant d\u2019un point de vue des salaires que de l&rsquo;acc\u00e8s \u00e0 des postes \u00e0 responsabilit\u00e9. Actuellement, il y a deux femmes si\u00e9geant au Comit\u00e9 de Direction sur les 5 si\u00e8ges et 53% des managers sont des femmes. Cet engagement s\u2019incarne \u00e9galement dans la<a href=\"https:\/\/www.coachwp.fr\/pierre-et-vacances\/2025\/05\/06\/le-groupe-pvcp-engager-nos-collaborateurs\/\" target=\"_blank\" rel=\"noopener\"><strong> sensibilisation des salari\u00e9s aux enjeux de la RSE<\/strong><\/a> via un plan de formation et la mise en place <a href=\"https:\/\/www.coachwp.fr\/pierre-et-vacances\/2025\/05\/06\/pvcp-reduction-impact-environnemental\/\" target=\"_blank\" rel=\"noopener\">d&rsquo;initiatives durables<\/a>.<\/p>\n<p>[\/et_pb_text][\/et_pb_column][\/et_pb_row][et_pb_row _builder_version=\u00a0\u00bb4.27.4&Prime; _module_preset=\u00a0\u00bbdefault\u00a0\u00bb width=\u00a0\u00bb100%\u00a0\u00bb custom_padding=\u00a0\u00bb10px||42px|||\u00a0\u00bb global_colors_info=\u00a0\u00bb{}\u00a0\u00bb][et_pb_column type=\u00a0\u00bb4_4&Prime; _builder_version=\u00a0\u00bb4.27.4&Prime; _module_preset=\u00a0\u00bbdefault\u00a0\u00bb global_colors_info=\u00a0\u00bb{}\u00a0\u00bb][et_pb_text _builder_version=\u00a0\u00bb4.27.4&Prime; _module_preset=\u00a0\u00bbc1ccfd77-cac1-4faa-8e41-20d723f81385&Prime; text_font=\u00a0\u00bb&#8211;et_global_body_font||on||||||\u00a0\u00bb text_text_color=\u00a0\u00bb#016577&Prime; text_font_size=\u00a0\u00bb22px\u00a0\u00bb text_letter_spacing=\u00a0\u00bb1px\u00a0\u00bb width=\u00a0\u00bb100%\u00a0\u00bb custom_margin=\u00a0\u00bb||10px||false|false\u00a0\u00bb locked=\u00a0\u00bboff\u00a0\u00bb global_colors_info=\u00a0\u00bb{}\u00a0\u00bb]<\/p>\n<p style=\"text-align: center;\"><strong>Les marques du Groupe PVCP<\/strong><\/p>\n<p>[\/et_pb_text][et_pb_image src=\u00a0\u00bbhttps:\/\/www.coachwp.fr\/pierre-et-vacances\/wp-content\/uploads\/2025\/05\/Marques.png\u00a0\u00bb alt=\u00a0\u00bbMarques du Groupe PVCP\u00a0\u00bb title_text=\u00a0\u00bbMarques\u00a0\u00bb align=\u00a0\u00bbcenter\u00a0\u00bb _builder_version=\u00a0\u00bb4.27.4&Prime; _module_preset=\u00a0\u00bbdefault\u00a0\u00bb width=\u00a0\u00bb100%\u00a0\u00bb module_alignment=\u00a0\u00bbcenter\u00a0\u00bb max_height=\u00a0\u00bb601px\u00a0\u00bb custom_margin=\u00a0\u00bb0px|-40px|0px|-40px|false|false\u00a0\u00bb custom_padding=\u00a0\u00bb||0px||false|false\u00a0\u00bb global_colors_info=\u00a0\u00bb{}\u00a0\u00bb][\/et_pb_image][et_pb_text _builder_version=\u00a0\u00bb4.27.4&Prime; _module_preset=\u00a0\u00bbdefault\u00a0\u00bb global_colors_info=\u00a0\u00bb{}\u00a0\u00bb]<\/p>\n<p style=\"text-align: center;\">Infographie des marques du Groupe <span>PVCP<\/span><\/p>\n<p>[\/et_pb_text][\/et_pb_column][\/et_pb_row][et_pb_row column_structure=\u00a0\u00bb1_2,1_2&Prime; _builder_version=\u00a0\u00bb4.27.4&Prime; _module_preset=\u00a0\u00bbdefault\u00a0\u00bb width=\u00a0\u00bb100%\u00a0\u00bb max_width=\u00a0\u00bb1180px\u00a0\u00bb module_alignment=\u00a0\u00bbcenter\u00a0\u00bb custom_padding=\u00a0\u00bb20px||20px||false|false\u00a0\u00bb locked=\u00a0\u00bboff\u00a0\u00bb global_colors_info=\u00a0\u00bb{}\u00a0\u00bb][et_pb_column type=\u00a0\u00bb1_2&Prime; _builder_version=\u00a0\u00bb4.22.0&Prime; _module_preset=\u00a0\u00bbdefault\u00a0\u00bb global_colors_info=\u00a0\u00bb{}\u00a0\u00bb][et_pb_text _builder_version=\u00a0\u00bb4.27.4&Prime; _module_preset=\u00a0\u00bbc9789490-1279-489e-8feb-a841f606a965&Prime; text_font=\u00a0\u00bb&#8211;et_global_body_font||||||||\u00a0\u00bb text_letter_spacing=\u00a0\u00bb2px\u00a0\u00bb custom_margin=\u00a0\u00bb||27px||false|false\u00a0\u00bb locked=\u00a0\u00bboff\u00a0\u00bb global_colors_info=\u00a0\u00bb{}\u00a0\u00bb]<\/p>\n<p><b>PIERRE &amp; VACANCES<\/b><\/p>\n<p>[\/et_pb_text][et_pb_text _builder_version=\u00a0\u00bb4.27.4&Prime; _module_preset=\u00a0\u00bbac363a56-eeb7-41d0-9b0f-5a4a2b62c7e3&Prime; custom_margin=\u00a0\u00bb||-3px||false|false\u00a0\u00bb locked=\u00a0\u00bboff\u00a0\u00bb global_colors_info=\u00a0\u00bb{}\u00a0\u00bb]<\/p>\n<p style=\"text-align: justify;\"><a href=\"https:\/\/www.coachwp.fr\/pierre-et-vacances\/presentation-histoire-gouvernance\/\" target=\"_blank\" rel=\"noopener\">Marque fondatrice du Groupe PVC<\/a> sp\u00e9cialis\u00e9e dans des r\u00e9sidences de vacances \u00e0 la mer, en montagne ou \u00e0 la campagne en France et en Espagne, elle compte 189 R\u00e9sidences proposant des s\u00e9jours flexibles et pr\u00eats\u00a0 vivre dans ses 17 643 h\u00e9bergements (villages vacances, r\u00e9sidence de tourisme, appart&rsquo;h\u00f4tels) \u00e0 destination d\u2019une client\u00e8le principalement familiale. Son offre d\u2019h\u00e9bergement est compl\u00e9t\u00e9e par de nombreuses activit\u00e9s de sports et de loisirs (parcs aquatiques, spas, clubs enfants et ados, golfs..) Lors du dernier exercice, <a href=\"https:\/\/www.pierreetvacances.com\/\" target=\"_blank\" rel=\"noopener\">Pierre &amp; vacances<\/a> a accueilli 2 millions de vacanciers.<\/p>\n<p>&nbsp;<\/p>\n<ul>\n<li><strong>Part dans le Chiffre d&rsquo;affaires\u00a0 : 21 % du CA tourisme (\u00e9quivaut \u00e0 16 % du CA global)<\/strong><\/li>\n<li><strong>Reconnaissance de la marque : 70 % de notori\u00e9t\u00e9 assist\u00e9e<\/strong><\/li>\n<\/ul>\n<p>[\/et_pb_text][\/et_pb_column][et_pb_column type=\u00a0\u00bb1_2&Prime; _builder_version=\u00a0\u00bb4.22.0&Prime; _module_preset=\u00a0\u00bbdefault\u00a0\u00bb global_colors_info=\u00a0\u00bb{}\u00a0\u00bb][et_pb_image src=\u00a0\u00bbhttps:\/\/www.coachwp.fr\/pierre-et-vacances\/wp-content\/uploads\/2025\/05\/activites01.jpg\u00a0\u00bb title_text=\u00a0\u00bbactivites01&Prime; _builder_version=\u00a0\u00bb4.27.4&Prime; _module_preset=\u00a0\u00bbdefault\u00a0\u00bb width=\u00a0\u00bb80%\u00a0\u00bb border_radii=\u00a0\u00bbon|30px|30px|30px|30px\u00a0\u00bb global_colors_info=\u00a0\u00bb{}\u00a0\u00bb][\/et_pb_image][et_pb_image src=\u00a0\u00bbhttps:\/\/www.coachwp.fr\/pierre-et-vacances\/wp-content\/uploads\/2025\/05\/LOGO_PV_300px.png\u00a0\u00bb title_text=\u00a0\u00bbLOGO_PV_300px\u00a0\u00bb align=\u00a0\u00bbright\u00a0\u00bb _builder_version=\u00a0\u00bb4.27.4&Prime; _module_preset=\u00a0\u00bbdefault\u00a0\u00bb width=\u00a0\u00bb40%\u00a0\u00bb custom_margin=\u00a0\u00bb-400px|||250px|false|false\u00a0\u00bb custom_padding=\u00a0\u00bb0px||||false|false\u00a0\u00bb border_radii=\u00a0\u00bbon|30px|30px|30px|30px\u00a0\u00bb global_colors_info=\u00a0\u00bb{}\u00a0\u00bb][\/et_pb_image][\/et_pb_column][\/et_pb_row][et_pb_row column_structure=\u00a0\u00bb1_2,1_2&Prime; _builder_version=\u00a0\u00bb4.27.4&Prime; _module_preset=\u00a0\u00bbdefault\u00a0\u00bb width=\u00a0\u00bb100%\u00a0\u00bb max_width=\u00a0\u00bb1180px\u00a0\u00bb module_alignment=\u00a0\u00bbcenter\u00a0\u00bb custom_padding=\u00a0\u00bb20px||20px||false|false\u00a0\u00bb locked=\u00a0\u00bboff\u00a0\u00bb global_colors_info=\u00a0\u00bb{}\u00a0\u00bb][et_pb_column type=\u00a0\u00bb1_2&Prime; _builder_version=\u00a0\u00bb4.22.0&Prime; _module_preset=\u00a0\u00bbdefault\u00a0\u00bb global_colors_info=\u00a0\u00bb{}\u00a0\u00bb][et_pb_image src=\u00a0\u00bbhttps:\/\/www.coachwp.fr\/pierre-et-vacances\/wp-content\/uploads\/2025\/05\/AAA_154338_43.webp\u00a0\u00bb title_text=\u00a0\u00bbAAA_154338_43&Prime; _builder_version=\u00a0\u00bb4.27.4&Prime; _module_preset=\u00a0\u00bbdefault\u00a0\u00bb width=\u00a0\u00bb80%\u00a0\u00bb custom_margin=\u00a0\u00bb44px|||||\u00a0\u00bb border_radii=\u00a0\u00bbon|30px|30px|30px|30px\u00a0\u00bb global_colors_info=\u00a0\u00bb{}\u00a0\u00bb][\/et_pb_image][et_pb_image src=\u00a0\u00bbhttps:\/\/www.coachwp.fr\/pierre-et-vacances\/wp-content\/uploads\/2025\/05\/LOGO_CenterParcs_300px.png\u00a0\u00bb title_text=\u00a0\u00bbLOGO_CenterParcs_300px\u00a0\u00bb align=\u00a0\u00bbright\u00a0\u00bb _builder_version=\u00a0\u00bb4.27.4&Prime; _module_preset=\u00a0\u00bbdefault\u00a0\u00bb width=\u00a0\u00bb40%\u00a0\u00bb custom_margin=\u00a0\u00bb-336px|||250px|false|false\u00a0\u00bb custom_padding=\u00a0\u00bb0px||||false|false\u00a0\u00bb border_radii=\u00a0\u00bbon|30px|30px|30px|30px\u00a0\u00bb global_colors_info=\u00a0\u00bb{}\u00a0\u00bb][\/et_pb_image][\/et_pb_column][et_pb_column type=\u00a0\u00bb1_2&Prime; _builder_version=\u00a0\u00bb4.22.0&Prime; _module_preset=\u00a0\u00bbdefault\u00a0\u00bb global_colors_info=\u00a0\u00bb{}\u00a0\u00bb][et_pb_text _builder_version=\u00a0\u00bb4.27.4&Prime; _module_preset=\u00a0\u00bbc9789490-1279-489e-8feb-a841f606a965&Prime; text_font=\u00a0\u00bb&#8211;et_global_body_font||||||||\u00a0\u00bb text_letter_spacing=\u00a0\u00bb2px\u00a0\u00bb custom_margin=\u00a0\u00bb||37px||false|false\u00a0\u00bb locked=\u00a0\u00bboff\u00a0\u00bb global_colors_info=\u00a0\u00bb{}\u00a0\u00bb]<\/p>\n<p><b>CENTER PARCS<\/b><\/p>\n<p>[\/et_pb_text][et_pb_text _builder_version=\u00a0\u00bb4.27.4&Prime; _module_preset=\u00a0\u00bbac363a56-eeb7-41d0-9b0f-5a4a2b62c7e3&Prime; custom_margin=\u00a0\u00bb-17px||-3px||false|false\u00a0\u00bb locked=\u00a0\u00bboff\u00a0\u00bb global_colors_info=\u00a0\u00bb{}\u00a0\u00bb]<\/p>\n<p style=\"text-align: justify;\">Marque n\u00e9erlandaise cr\u00e9\u00e9e en 1968\u00a0<a href=\"https:\/\/www.coachwp.fr\/pierre-et-vacances\/presentation-histoire-gouvernance\/\" target=\"_blank\" rel=\"noopener\">int\u00e9gr\u00e9e au groupe PCVP en 2003<\/a>, elle est sp\u00e9cialis\u00e9e dans des s\u00e9jours de vacances (h\u00e9bergements, activit\u00e9s et exp\u00e9riences) et pr\u00e9sente dans 4 pays en Europe : France, Pays-Bas, Allemagne et Belgique. Son concept est bas\u00e9 sur une forte connexion \u00e0 la nature et \u00e0 un engagement \u00e9cologique dans son offre d&rsquo;h\u00e9bergement : 18 304 cottages situ\u00e9s dans les 29 domaines Nature. Son public cible est une client\u00e8le familiale, de groupes ou de couples.\u00a0Lors du dernier exercice, <a href=\"https:\/\/www.centerparcs.fr\/\" target=\"_blank\" rel=\"noopener\">Center Parcs<\/a> a accueilli pr\u00e8s de 7 millions de vacanciers.<\/p>\n<p style=\"text-align: justify;\">\n<ul>\n<li><strong>Part dans le Chiffre d&rsquo;affaires\u00a0 : 62 % du CA tourisme (\u00e9quivaut \u00e0 48% du CA global)<\/strong><\/li>\n<li><strong>Reconnaissance de la marque : 81 % de notori\u00e9t\u00e9 assist\u00e9e<\/strong><\/li>\n<\/ul>\n<p>[\/et_pb_text][\/et_pb_column][\/et_pb_row][et_pb_row column_structure=\u00a0\u00bb1_2,1_2&Prime; _builder_version=\u00a0\u00bb4.27.4&Prime; _module_preset=\u00a0\u00bbdefault\u00a0\u00bb width=\u00a0\u00bb100%\u00a0\u00bb max_width=\u00a0\u00bb1180px\u00a0\u00bb module_alignment=\u00a0\u00bbcenter\u00a0\u00bb custom_padding=\u00a0\u00bb20px||20px||false|false\u00a0\u00bb locked=\u00a0\u00bboff\u00a0\u00bb global_colors_info=\u00a0\u00bb{}\u00a0\u00bb][et_pb_column type=\u00a0\u00bb1_2&Prime; _builder_version=\u00a0\u00bb4.22.0&Prime; _module_preset=\u00a0\u00bbdefault\u00a0\u00bb global_colors_info=\u00a0\u00bb{}\u00a0\u00bb][et_pb_text _builder_version=\u00a0\u00bb4.27.4&Prime; _module_preset=\u00a0\u00bbc9789490-1279-489e-8feb-a841f606a965&Prime; text_font=\u00a0\u00bb&#8211;et_global_body_font||||||||\u00a0\u00bb text_letter_spacing=\u00a0\u00bb2px\u00a0\u00bb custom_margin=\u00a0\u00bb||24px||false|false\u00a0\u00bb locked=\u00a0\u00bboff\u00a0\u00bb global_colors_info=\u00a0\u00bb{}\u00a0\u00bb]<\/p>\n<p><b>MAEVA<\/b><\/p>\n<p>[\/et_pb_text][et_pb_text _builder_version=\u00a0\u00bb4.27.4&Prime; _module_preset=\u00a0\u00bbac363a56-eeb7-41d0-9b0f-5a4a2b62c7e3&Prime; custom_margin=\u00a0\u00bb||-3px||false|false\u00a0\u00bb locked=\u00a0\u00bboff\u00a0\u00bb global_colors_info=\u00a0\u00bb{}\u00a0\u00bb]<\/p>\n<p style=\"text-align: justify;\">La marque <a href=\"https:\/\/www.maeva.com\/fr-fr\/\" target=\"_blank\" rel=\"noopener\">maeva<\/a> a \u00e9t\u00e9 rachet\u00e9e par le groupe <a href=\"https:\/\/www.coachwp.fr\/pierre-et-vacances\/presentation-histoire-gouvernance\/\" target=\"_blank\" rel=\"noopener\">en 2001<\/a>\u00a0qui la transforma en 2014 en agence de voyage en ligne, nomm\u00e9e maeva.com. Aujourd&rsquo;hui, elle est la premi\u00e8re plateforme fran\u00e7aise de distribution \u200bet services d\u00e9di\u00e9e aux \u200bparticuliers et professionnels de la location de vacances. Elle s\u2019organise autour de trois plateformes de services :\u00a0<a href=\"https:\/\/www.maeva.com\/fr-fr\/\" target=\"_blank\" rel=\"noopener\">maeva.com<\/a> (agence de voyages en ligne),\u00a0maeva Home (service de location tout en un pour les propri\u00e9taires) et\u00a0campings Maeva (campings ind\u00e9pendants sous marque). La marque se distingue par ses trois concepts de campings :<\/p>\n<ul style=\"text-align: justify;\">\n<li><strong>Maeva Club<\/strong> : pour des vacances dynamiques et familiales<\/li>\n<li><strong>Maeva Escapades<\/strong> : pour d\u00e9couvrir les r\u00e9gions fran\u00e7aises<\/li>\n<li><strong>Maeva Respire<\/strong> : ax\u00e9 sur le ressourcement en pleine nature et l\u2019\u00e9coresponsabilit\u00e9<\/li>\n<\/ul>\n<p style=\"text-align: justify;\">Elle accompagne 6 300 Partenaires h\u00e9bergeurs (particuliers et professionnels du tourisme) et 3 500 mandats de gestion. Chaque ann\u00e9e, maeva accueille 500 000 vacanciers.<\/p>\n<p style=\"text-align: justify;\">\n<ul>\n<li><strong>Part dans le Chiffre d&rsquo;affaires\u00a0 : 4 %<\/strong><strong> du CA tourisme (\u00e9quivaut \u00e0 3 % du CA global)<\/strong><\/li>\n<li><strong>Reconnaissance de la marque : 30 % de notori\u00e9t\u00e9 assist\u00e9e<\/strong><\/li>\n<\/ul>\n<p>[\/et_pb_text][\/et_pb_column][et_pb_column type=\u00a0\u00bb1_2&Prime; _builder_version=\u00a0\u00bb4.22.0&Prime; _module_preset=\u00a0\u00bbdefault\u00a0\u00bb global_colors_info=\u00a0\u00bb{}\u00a0\u00bb][et_pb_image src=\u00a0\u00bbhttps:\/\/www.coachwp.fr\/pierre-et-vacances\/wp-content\/uploads\/2025\/05\/Appartement_400x600_03.png\u00a0\u00bb title_text=\u00a0\u00bbAppartement_400x600_03&Prime; _builder_version=\u00a0\u00bb4.27.4&Prime; _module_preset=\u00a0\u00bbdefault\u00a0\u00bb width=\u00a0\u00bb80%\u00a0\u00bb border_radii=\u00a0\u00bbon|30px|30px|30px|30px\u00a0\u00bb global_colors_info=\u00a0\u00bb{}\u00a0\u00bb][\/et_pb_image][et_pb_image src=\u00a0\u00bbhttps:\/\/www.coachwp.fr\/pierre-et-vacances\/wp-content\/uploads\/2025\/05\/LOGO_Maeva_300px.png\u00a0\u00bb title_text=\u00a0\u00bbLOGO_Maeva_300px\u00a0\u00bb align=\u00a0\u00bbright\u00a0\u00bb _builder_version=\u00a0\u00bb4.27.4&Prime; _module_preset=\u00a0\u00bbdefault\u00a0\u00bb width=\u00a0\u00bb40%\u00a0\u00bb custom_margin=\u00a0\u00bb-550px|||250px|false|false\u00a0\u00bb custom_padding=\u00a0\u00bb0px||||false|false\u00a0\u00bb border_radii=\u00a0\u00bbon|30px|30px|30px|30px\u00a0\u00bb global_colors_info=\u00a0\u00bb{}\u00a0\u00bb][\/et_pb_image][\/et_pb_column][\/et_pb_row][et_pb_row column_structure=\u00a0\u00bb1_2,1_2&Prime; _builder_version=\u00a0\u00bb4.27.4&Prime; _module_preset=\u00a0\u00bbdefault\u00a0\u00bb width=\u00a0\u00bb100%\u00a0\u00bb max_width=\u00a0\u00bb1180px\u00a0\u00bb module_alignment=\u00a0\u00bbcenter\u00a0\u00bb custom_padding=\u00a0\u00bb20px||20px||false|false\u00a0\u00bb locked=\u00a0\u00bboff\u00a0\u00bb global_colors_info=\u00a0\u00bb{}\u00a0\u00bb][et_pb_column type=\u00a0\u00bb1_2&Prime; _builder_version=\u00a0\u00bb4.22.0&Prime; _module_preset=\u00a0\u00bbdefault\u00a0\u00bb global_colors_info=\u00a0\u00bb{}\u00a0\u00bb][et_pb_image src=\u00a0\u00bbhttps:\/\/www.coachwp.fr\/pierre-et-vacances\/wp-content\/uploads\/2025\/05\/AAA_158521_43.webp\u00a0\u00bb title_text=\u00a0\u00bbAAA_158521_43&Prime; _builder_version=\u00a0\u00bb4.27.4&Prime; _module_preset=\u00a0\u00bbdefault\u00a0\u00bb width=\u00a0\u00bb80%\u00a0\u00bb custom_margin=\u00a0\u00bb44px|-67px||||\u00a0\u00bb border_radii=\u00a0\u00bbon|30px|30px|30px|30px\u00a0\u00bb global_colors_info=\u00a0\u00bb{}\u00a0\u00bb][\/et_pb_image][et_pb_image src=\u00a0\u00bbhttps:\/\/www.coachwp.fr\/pierre-et-vacances\/wp-content\/uploads\/2025\/05\/LOGO_Adagio_300px.png\u00a0\u00bb title_text=\u00a0\u00bbLOGO_Adagio_300px\u00a0\u00bb align=\u00a0\u00bbright\u00a0\u00bb _builder_version=\u00a0\u00bb4.27.4&Prime; _module_preset=\u00a0\u00bbdefault\u00a0\u00bb width=\u00a0\u00bb40%\u00a0\u00bb custom_margin=\u00a0\u00bb-336px|||250px|false|false\u00a0\u00bb custom_padding=\u00a0\u00bb0px||||false|false\u00a0\u00bb border_radii=\u00a0\u00bbon|30px|30px|30px|30px\u00a0\u00bb global_colors_info=\u00a0\u00bb{}\u00a0\u00bb][\/et_pb_image][\/et_pb_column][et_pb_column type=\u00a0\u00bb1_2&Prime; _builder_version=\u00a0\u00bb4.22.0&Prime; _module_preset=\u00a0\u00bbdefault\u00a0\u00bb global_colors_info=\u00a0\u00bb{}\u00a0\u00bb][et_pb_text _builder_version=\u00a0\u00bb4.27.4&Prime; _module_preset=\u00a0\u00bbc9789490-1279-489e-8feb-a841f606a965&Prime; text_font=\u00a0\u00bb&#8211;et_global_body_font||||||||\u00a0\u00bb text_letter_spacing=\u00a0\u00bb2px\u00a0\u00bb custom_margin=\u00a0\u00bb||37px||false|false\u00a0\u00bb locked=\u00a0\u00bboff\u00a0\u00bb global_colors_info=\u00a0\u00bb{}\u00a0\u00bb]<\/p>\n<p><b>ADAGIO<\/b><\/p>\n<p>[\/et_pb_text][et_pb_text _builder_version=\u00a0\u00bb4.27.4&Prime; _module_preset=\u00a0\u00bbac363a56-eeb7-41d0-9b0f-5a4a2b62c7e3&Prime; width=\u00a0\u00bb100%\u00a0\u00bb custom_margin=\u00a0\u00bb-17px||-3px||false|false\u00a0\u00bb locked=\u00a0\u00bboff\u00a0\u00bb global_colors_info=\u00a0\u00bb{}\u00a0\u00bb]<\/p>\n<p style=\"text-align: justify;\">La marque <a href=\"https:\/\/www.adagio-city.com\/\" target=\"_blank\" rel=\"noopener\">Adagio<\/a> a \u00e9t\u00e9 cr\u00e9\u00e9e en <a href=\"https:\/\/www.coachwp.fr\/pierre-et-vacances\/presentation-histoire-gouvernance\/\" target=\"_blank\" rel=\"noopener\">2017<\/a>\u00a0par le groupe PVCP et le groupe Accor autour du concept d\u2019Aparthotels Adagio. Elle est sp\u00e9cialis\u00e9e dans la location de courtes dur\u00e9es en appartements priv\u00e9s et apparts h\u00f4tels dans 17 pays. Son offre se compose actuellement de 129 Aparthotels, soit 14 733 Appartements, avec un objectif de 200 Aparthotels d\u2019ici 2030. La marque s\u2019articule autour de 3 gammes en fonction des budgets : Adagio Access (essentiel et accessible), Adagio Original (Coeur de gamme), Adagio Premium (Haut de gamme). Adagio est aujourd&rsquo;hui le leader europ\u00e9en de l\u2019appart\u2019h\u00f4tellerie \u00e0 destination d&rsquo;une client\u00e8le urbaine. Lors de l\u2019ann\u00e9e 2023, Adagio a accueilli 1,7 million de vacanciers.<\/p>\n<p style=\"text-align: justify;\">\n<ul>\n<li><strong>Part dans le Chiffre d&rsquo;affaires\u00a0 : 13 % du CA tourisme (\u00e9quivaut \u00e0 10 % du CA global)<\/strong><\/li>\n<li><strong>Reconnaissance de la marque : 36 % de notori\u00e9t\u00e9 assist\u00e9e<\/strong><\/li>\n<\/ul>\n<p>[\/et_pb_text][\/et_pb_column][\/et_pb_row][et_pb_row _builder_version=\u00a0\u00bb4.27.4&Prime; _module_preset=\u00a0\u00bbdefault\u00a0\u00bb width=\u00a0\u00bb100%\u00a0\u00bb max_width=\u00a0\u00bb1180px\u00a0\u00bb custom_padding=\u00a0\u00bb20px||20px||false|false\u00a0\u00bb global_colors_info=\u00a0\u00bb{}\u00a0\u00bb][et_pb_column type=\u00a0\u00bb4_4&Prime; _builder_version=\u00a0\u00bb4.27.4&Prime; _module_preset=\u00a0\u00bbdefault\u00a0\u00bb global_colors_info=\u00a0\u00bb{}\u00a0\u00bb][et_pb_text _builder_version=\u00a0\u00bb4.27.4&Prime; _module_preset=\u00a0\u00bbdefault\u00a0\u00bb text_font_size=\u00a0\u00bb17px\u00a0\u00bb custom_margin=\u00a0\u00bb||18px|||\u00a0\u00bb custom_padding=\u00a0\u00bb||0px||false|false\u00a0\u00bb locked=\u00a0\u00bboff\u00a0\u00bb global_colors_info=\u00a0\u00bb{}\u00a0\u00bb]<\/p>\n<p><span style=\"color: #008080;\"><b>Les r\u00e9f\u00e9rences consult\u00e9es<\/b><\/span><\/p>\n<p>[\/et_pb_text][et_pb_text _builder_version=\u00a0\u00bb4.27.4&Prime; _module_preset=\u00a0\u00bbac363a56-eeb7-41d0-9b0f-5a4a2b62c7e3&Prime; text_font_size=\u00a0\u00bb14px\u00a0\u00bb custom_padding=\u00a0\u00bb2px|||||\u00a0\u00bb hover_enabled=\u00a0\u00bb0&Prime; global_colors_info=\u00a0\u00bb{}\u00a0\u00bb sticky_enabled=\u00a0\u00bb0&Prime;]<\/p>\n<ul>\n<li style=\"font-weight: 400;\" aria-level=\"1\"><a href=\"https:\/\/www.groupepvcp.com\/adagio\/\" target=\"_blank\" rel=\"noopener\"><span style=\"font-weight: 400;\">Adagio<\/span><\/a><span style=\"font-weight: 400;\">, <\/span><i><span style=\"font-weight: 400;\">Groupe PVCP<\/span><\/i><span style=\"font-weight: 400;\"> [en\u00a0ligne][consult\u00e9 le 16\u00a0mai\u00a02025].\u00a0<\/span><\/li>\n<li style=\"font-weight: 400;\" aria-level=\"1\"><a href=\"https:\/\/hospitality-on.com\/fr\/ouverture\/adagio-vise-une-annee-2024-axee-sur-lhospitalite-apres-une-performance-record-en-2023\" target=\"_blank\" rel=\"noopener\"><span style=\"font-weight: 400;\">Adagio vise une ann\u00e9e 2024 ax\u00e9e sur l\u2019hospitalit\u00e9 apr\u00e8s une performance record en 2023<\/span><\/a><span style=\"font-weight: 400;\">, <\/span><i><span style=\"font-weight: 400;\">Hospitality ON, <\/span><\/i><span style=\"font-weight: 400;\">2024<\/span><span style=\"font-weight: 400;\"> [en\u00a0ligne][consult\u00e9 le 16\u00a0mai\u00a02025].\u00a0<\/span><\/li>\n<li style=\"font-weight: 400;\" aria-level=\"1\"><a href=\"https:\/\/www.groupepvcp.com\/engagement\/tourisme-impact-positif\/\" target=\"_blank\" rel=\"noopener\"><span style=\"font-weight: 400;\">Agir pour un tourisme \u00e0 impact positif<\/span><\/a><span style=\"font-weight: 400;\">, <\/span><i><span style=\"font-weight: 400;\">Groupe PVCP<\/span><\/i><span style=\"font-weight: 400;\"> [en\u00a0ligne][consult\u00e9 le 16\u00a0mai\u00a02025].\u00a0<\/span><\/li>\n<li style=\"font-weight: 400;\" aria-level=\"1\"><a href=\"https:\/\/www.lefigaro.fr\/societes\/cottage-vip-appart-hotels-en-ville-la-recette-de-pierre-vacances-center-parcs-pour-attirer-les-familles-20241203\" target=\"_blank\" rel=\"noopener\"><span style=\"font-weight: 400;\">Cottage VIP, appart\u2019h\u00f4tels en ville&#8230; La recette de Pierre &amp; Vacances Center Parcs pour attirer les familles<\/span><\/a><span style=\"font-weight: 400;\">, <\/span><i><span style=\"font-weight: 400;\">Le Figaro, <\/span><\/i><span style=\"font-weight: 400;\">2024,<\/span><span style=\"font-weight: 400;\"> [en\u00a0ligne][consult\u00e9 le 16\u00a0mai\u00a02025].\u00a0<\/span><\/li>\n<li><span style=\"font-weight: 400;\"><a href=\"https:\/\/www.groupepvcp.com\/app\/uploads\/2024\/12\/deu_20dec24-fr.pdf\" target=\"_blank\" rel=\"noopener\">Document d&rsquo;Enregistrement Universel 2023-2024<\/a>, <\/span><i><span style=\"font-weight: 400;\">Groupe PVCP, <\/span><\/i><span style=\"font-weight: 400;\">2025 <\/span><span style=\"font-weight: 400;\">[en\u00a0ligne] [consult\u00e9 le 15\u00a0mai\u00a02025].\u00a0<\/span><span style=\"font-weight: 400;\"><\/span><\/li>\n<li style=\"font-weight: 400;\" aria-level=\"1\"><a href=\"https:\/\/www.groupepvcp.com\/groupe\/\" target=\"_blank\" rel=\"noopener\"><span style=\"font-weight: 400;\">Groupe<\/span><\/a><span style=\"font-weight: 400;\">, <\/span><i><span style=\"font-weight: 400;\">Groupe PVCP<\/span><\/i><span style=\"font-weight: 400;\"> [en\u00a0ligne][consult\u00e9 le 16\u00a0mai\u00a02025].\u00a0<\/span><\/li>\n<li style=\"font-weight: 400;\" aria-level=\"1\"><a href=\"https:\/\/www.businesswire.com\/news\/home\/20241203378754\/fr\" target=\"_blank\" rel=\"noopener\"><span style=\"font-weight: 400;\">Groupe Pierre &amp; Vacances-Center Parcs\u202f: R\u00e9sultats de l\u2019exercice 2023\/2024<\/span><\/a><span style=\"font-weight: 400;\">, <i>Groupe PVCP, <\/i>2025 [en\u00a0ligne][consult\u00e9 le 16\u00a0mai\u00a02025].\u00a0<\/span><\/li>\n<li style=\"font-weight: 400;\" aria-level=\"1\"><a href=\"https:\/\/www.adagio-city.com\/fr\/investir.shtml\" target=\"_blank\" rel=\"noopener\"><span style=\"font-weight: 400;\">Investir chez Adagio<\/span><\/a><span style=\"font-weight: 400;\"> | Aparthotels Adagio, [en\u00a0ligne] [consult\u00e9 le 16\u00a0mai\u00a02025].\u00a0<\/span><\/li>\n<li style=\"font-weight: 400;\" aria-level=\"1\"><a href=\"https:\/\/hospitality-on.com\/fr\/residence-service\/le-groupe-pierre-vacances-center-parcs-se-porte-bien-voire-tres-bien\" target=\"_blank\" rel=\"noopener\"><span style=\"font-weight: 400;\">Le groupe Pierre &amp; Vacances\/ Center Parcs se porte bien, voire tr\u00e8s bien<\/span><\/a><span style=\"font-weight: 400;\">, <\/span><i><span style=\"font-weight: 400;\">Hospitality ON,<\/span><\/i><span style=\"font-weight: 400;\"> 2024<\/span><span style=\"font-weight: 400;\"> [en\u00a0ligne] [consult\u00e9 le 16\u00a0mai\u00a02025].\u00a0<\/span><\/li>\n<li style=\"font-weight: 400;\" aria-level=\"1\"><a href=\"https:\/\/www.groupepvcp.com\/maeva\/\" target=\"_blank\" rel=\"noopener\"><span style=\"font-weight: 400;\">Maeva<\/span><\/a><span style=\"font-weight: 400;\">, <\/span><i><span style=\"font-weight: 400;\">Groupe PVCP<\/span><\/i><span style=\"font-weight: 400;\"> [en\u00a0ligne][consult\u00e9 le 16\u00a0mai\u00a02025].\u00a0<\/span><\/li>\n<li style=\"font-weight: 400;\" aria-level=\"1\"><a href=\"https:\/\/www.groupepvcp.com\/pierre-vacances\/\" target=\"_blank\" rel=\"noopener\"><span style=\"font-weight: 400;\">Pierre &amp; Vacances<\/span><\/a><span style=\"font-weight: 400;\">, <\/span><i><span style=\"font-weight: 400;\">Groupe PVCP<\/span><\/i><span style=\"font-weight: 400;\"> [en\u00a0ligne][consult\u00e9 le 16\u00a0mai\u00a02025].\u00a0<\/span><\/li>\n<li style=\"font-weight: 400;\" aria-level=\"1\"><a href=\"https:\/\/www.maeva.com\/fr-fr\/qui-sommes-nous\/notre-mission\" target=\"_blank\" rel=\"noopener\"><span style=\"font-weight: 400;\">Qui sommes-nous\u202f? Nos missions<\/span><\/a><span style=\"font-weight: 400;\">, <\/span><i><span style=\"font-weight: 400;\">Maeva <\/span><\/i><span style=\"font-weight: 400;\">[en\u00a0ligne][consult\u00e9 le 16\u00a0mai\u00a02025].\u00a0<\/span><\/li>\n<li style=\"font-weight: 400;\" aria-level=\"1\"><a href=\"https:\/\/www.bsmart.fr\/video\/28263-smart-impact-16-avril-2025\" target=\"_blank\" rel=\"noopener\"><span style=\"font-weight: 400;\">SMART IMPACT &#8211; Tourisme\u202f: comment r\u00e9inventer la RSE\u202f?<\/span><\/a><span style=\"font-weight: 400;\">, <em>BS Smart<\/em>, 2025[en ligne][consult\u00e9 le 16 mai 2025].\u00a0<\/span><\/li>\n<\/ul>\n<p>[\/et_pb_text][\/et_pb_column][\/et_pb_row][et_pb_row _builder_version=\u00a0\u00bb4.27.4&Prime; _module_preset=\u00a0\u00bbdefault\u00a0\u00bb width=\u00a0\u00bb100%\u00a0\u00bb max_width=\u00a0\u00bb1180px\u00a0\u00bb global_colors_info=\u00a0\u00bb{}\u00a0\u00bb][et_pb_column type=\u00a0\u00bb4_4&Prime; _builder_version=\u00a0\u00bb4.27.4&Prime; _module_preset=\u00a0\u00bbdefault\u00a0\u00bb global_colors_info=\u00a0\u00bb{}\u00a0\u00bb][et_pb_post_nav next_text=\u00a0\u00bb\u00c9conomie et finances\u00a0\u00bb _builder_version=\u00a0\u00bb4.27.4&Prime; _module_preset=\u00a0\u00bbdefault\u00a0\u00bb title_font=\u00a0\u00bb|600|||||||\u00a0\u00bb title_text_color=\u00a0\u00bb#f96c00&Prime; global_colors_info=\u00a0\u00bb{}\u00a0\u00bb][\/et_pb_post_nav][\/et_pb_column][\/et_pb_row][\/et_pb_section]<\/p>\n","protected":false},"excerpt":{"rendered":"<p>Activit\u00e9sInfographie des chiffres cl\u00e9s du Groupe\u00a0Pierre &amp; Vacances &#8211; Center ParcsLe Groupe Pierre &amp; Vacances-Center Parcs (PVCP) se d\u00e9finit comme le leader europ\u00e9en du tourisme de proximit\u00e9 \u00e0 impact positif. Ses activit\u00e9s principales se d\u00e9clinent autour de l\u2019h\u00e9bergement touristique, sp\u00e9cialis\u00e9 dans la commercialisation de s\u00e9jours, ainsi que la gestion et l\u2019exploitation de r\u00e9sidences de vacances, [&hellip;]<\/p>\n","protected":false},"author":4,"featured_media":0,"parent":0,"menu_order":0,"comment_status":"closed","ping_status":"closed","template":"","meta":{"_et_pb_use_builder":"on","_et_pb_old_content":"","_et_gb_content_width":"","footnotes":""},"class_list":["post-267","page","type-page","status-publish","hentry"],"yoast_head":"<!-- This site is optimized with the Yoast SEO plugin v25.2 - https:\/\/yoast.com\/wordpress\/plugins\/seo\/ -->\n<title>Activit\u00e9s &amp; Marques - Horizons M\u00e9dias<\/title>\n<meta name=\"robots\" content=\"index, follow, max-snippet:-1, max-image-preview:large, max-video-preview:-1\" \/>\n<link rel=\"canonical\" href=\"https:\/\/www.coachwp.fr\/pierre-et-vacances\/activites-marques\/\" \/>\n<meta property=\"og:locale\" content=\"fr_FR\" \/>\n<meta property=\"og:type\" content=\"article\" \/>\n<meta property=\"og:title\" content=\"Activit\u00e9s &amp; Marques - Horizons M\u00e9dias\" \/>\n<meta property=\"og:description\" content=\"Activit\u00e9sInfographie des chiffres cl\u00e9s du Groupe\u00a0Pierre &amp; Vacances - Center ParcsLe Groupe Pierre &amp; Vacances-Center Parcs (PVCP) se d\u00e9finit comme le leader europ\u00e9en du tourisme de proximit\u00e9 \u00e0 impact positif. Ses activit\u00e9s principales se d\u00e9clinent autour de l\u2019h\u00e9bergement touristique, sp\u00e9cialis\u00e9 dans la commercialisation de s\u00e9jours, ainsi que la gestion et l\u2019exploitation de r\u00e9sidences de vacances, [&hellip;]\" \/>\n<meta property=\"og:url\" content=\"https:\/\/www.coachwp.fr\/pierre-et-vacances\/activites-marques\/\" \/>\n<meta property=\"og:site_name\" content=\"Horizons M\u00e9dias\" \/>\n<meta property=\"article:modified_time\" content=\"2025-06-01T13:22:15+00:00\" \/>\n<meta name=\"twitter:card\" content=\"summary_large_image\" \/>\n<script type=\"application\/ld+json\" class=\"yoast-schema-graph\">{\"@context\":\"https:\/\/schema.org\",\"@graph\":[{\"@type\":\"WebPage\",\"@id\":\"https:\/\/www.coachwp.fr\/pierre-et-vacances\/activites-marques\/\",\"url\":\"https:\/\/www.coachwp.fr\/pierre-et-vacances\/activites-marques\/\",\"name\":\"Activit\u00e9s &amp; Marques - Horizons M\u00e9dias\",\"isPartOf\":{\"@id\":\"https:\/\/www.coachwp.fr\/pierre-et-vacances\/#website\"},\"datePublished\":\"2025-05-06T13:07:51+00:00\",\"dateModified\":\"2025-06-01T13:22:15+00:00\",\"breadcrumb\":{\"@id\":\"https:\/\/www.coachwp.fr\/pierre-et-vacances\/activites-marques\/#breadcrumb\"},\"inLanguage\":\"fr-FR\",\"potentialAction\":[{\"@type\":\"ReadAction\",\"target\":[\"https:\/\/www.coachwp.fr\/pierre-et-vacances\/activites-marques\/\"]}]},{\"@type\":\"BreadcrumbList\",\"@id\":\"https:\/\/www.coachwp.fr\/pierre-et-vacances\/activites-marques\/#breadcrumb\",\"itemListElement\":[{\"@type\":\"ListItem\",\"position\":1,\"name\":\"Accueil\",\"item\":\"https:\/\/www.coachwp.fr\/pierre-et-vacances\/\"},{\"@type\":\"ListItem\",\"position\":2,\"name\":\"Activit\u00e9s &amp; Marques\"}]},{\"@type\":\"WebSite\",\"@id\":\"https:\/\/www.coachwp.fr\/pierre-et-vacances\/#website\",\"url\":\"https:\/\/www.coachwp.fr\/pierre-et-vacances\/\",\"name\":\"Horizons M\u00e9dias\",\"description\":\"Votre source d&#039;information sur le Groupe Pierre &amp; Vacances-Center Parcs\",\"potentialAction\":[{\"@type\":\"SearchAction\",\"target\":{\"@type\":\"EntryPoint\",\"urlTemplate\":\"https:\/\/www.coachwp.fr\/pierre-et-vacances\/?s={search_term_string}\"},\"query-input\":{\"@type\":\"PropertyValueSpecification\",\"valueRequired\":true,\"valueName\":\"search_term_string\"}}],\"inLanguage\":\"fr-FR\"}]}<\/script>\n<!-- \/ Yoast SEO plugin. -->","yoast_head_json":{"title":"Activit\u00e9s &amp; Marques - Horizons M\u00e9dias","robots":{"index":"index","follow":"follow","max-snippet":"max-snippet:-1","max-image-preview":"max-image-preview:large","max-video-preview":"max-video-preview:-1"},"canonical":"https:\/\/www.coachwp.fr\/pierre-et-vacances\/activites-marques\/","og_locale":"fr_FR","og_type":"article","og_title":"Activit\u00e9s &amp; Marques - Horizons M\u00e9dias","og_description":"Activit\u00e9sInfographie des chiffres cl\u00e9s du Groupe\u00a0Pierre &amp; Vacances - Center ParcsLe Groupe Pierre &amp; Vacances-Center Parcs (PVCP) se d\u00e9finit comme le leader europ\u00e9en du tourisme de proximit\u00e9 \u00e0 impact positif. Ses activit\u00e9s principales se d\u00e9clinent autour de l\u2019h\u00e9bergement touristique, sp\u00e9cialis\u00e9 dans la commercialisation de s\u00e9jours, ainsi que la gestion et l\u2019exploitation de r\u00e9sidences de vacances, [&hellip;]","og_url":"https:\/\/www.coachwp.fr\/pierre-et-vacances\/activites-marques\/","og_site_name":"Horizons M\u00e9dias","article_modified_time":"2025-06-01T13:22:15+00:00","twitter_card":"summary_large_image","schema":{"@context":"https:\/\/schema.org","@graph":[{"@type":"WebPage","@id":"https:\/\/www.coachwp.fr\/pierre-et-vacances\/activites-marques\/","url":"https:\/\/www.coachwp.fr\/pierre-et-vacances\/activites-marques\/","name":"Activit\u00e9s &amp; Marques - Horizons M\u00e9dias","isPartOf":{"@id":"https:\/\/www.coachwp.fr\/pierre-et-vacances\/#website"},"datePublished":"2025-05-06T13:07:51+00:00","dateModified":"2025-06-01T13:22:15+00:00","breadcrumb":{"@id":"https:\/\/www.coachwp.fr\/pierre-et-vacances\/activites-marques\/#breadcrumb"},"inLanguage":"fr-FR","potentialAction":[{"@type":"ReadAction","target":["https:\/\/www.coachwp.fr\/pierre-et-vacances\/activites-marques\/"]}]},{"@type":"BreadcrumbList","@id":"https:\/\/www.coachwp.fr\/pierre-et-vacances\/activites-marques\/#breadcrumb","itemListElement":[{"@type":"ListItem","position":1,"name":"Accueil","item":"https:\/\/www.coachwp.fr\/pierre-et-vacances\/"},{"@type":"ListItem","position":2,"name":"Activit\u00e9s &amp; Marques"}]},{"@type":"WebSite","@id":"https:\/\/www.coachwp.fr\/pierre-et-vacances\/#website","url":"https:\/\/www.coachwp.fr\/pierre-et-vacances\/","name":"Horizons M\u00e9dias","description":"Votre source d&#039;information sur le Groupe Pierre &amp; Vacances-Center Parcs","potentialAction":[{"@type":"SearchAction","target":{"@type":"EntryPoint","urlTemplate":"https:\/\/www.coachwp.fr\/pierre-et-vacances\/?s={search_term_string}"},"query-input":{"@type":"PropertyValueSpecification","valueRequired":true,"valueName":"search_term_string"}}],"inLanguage":"fr-FR"}]}},"_links":{"self":[{"href":"https:\/\/www.coachwp.fr\/pierre-et-vacances\/wp-json\/wp\/v2\/pages\/267","targetHints":{"allow":["GET"]}}],"collection":[{"href":"https:\/\/www.coachwp.fr\/pierre-et-vacances\/wp-json\/wp\/v2\/pages"}],"about":[{"href":"https:\/\/www.coachwp.fr\/pierre-et-vacances\/wp-json\/wp\/v2\/types\/page"}],"author":[{"embeddable":true,"href":"https:\/\/www.coachwp.fr\/pierre-et-vacances\/wp-json\/wp\/v2\/users\/4"}],"replies":[{"embeddable":true,"href":"https:\/\/www.coachwp.fr\/pierre-et-vacances\/wp-json\/wp\/v2\/comments?post=267"}],"version-history":[{"count":34,"href":"https:\/\/www.coachwp.fr\/pierre-et-vacances\/wp-json\/wp\/v2\/pages\/267\/revisions"}],"predecessor-version":[{"id":1903,"href":"https:\/\/www.coachwp.fr\/pierre-et-vacances\/wp-json\/wp\/v2\/pages\/267\/revisions\/1903"}],"wp:attachment":[{"href":"https:\/\/www.coachwp.fr\/pierre-et-vacances\/wp-json\/wp\/v2\/media?parent=267"}],"curies":[{"name":"wp","href":"https:\/\/api.w.org\/{rel}","templated":true}]}}