{"id":265,"date":"2025-05-06T13:07:32","date_gmt":"2025-05-06T13:07:32","guid":{"rendered":"https:\/\/www.coachwp.fr\/pierre-et-vacances\/?page_id=265"},"modified":"2025-06-01T13:58:37","modified_gmt":"2025-06-01T13:58:37","slug":"presentation-histoire-gouvernance","status":"publish","type":"page","link":"https:\/\/www.coachwp.fr\/pierre-et-vacances\/presentation-histoire-gouvernance\/","title":{"rendered":"Pr\u00e9sentation"},"content":{"rendered":"<p>[et_pb_section fb_built=\u00a0\u00bb1&Prime; admin_label=\u00a0\u00bbAbout\u00a0\u00bb _builder_version=\u00a0\u00bb4.27.4&Prime; _module_preset=\u00a0\u00bbdefault\u00a0\u00bb width=\u00a0\u00bb100%\u00a0\u00bb custom_padding=\u00a0\u00bb|0px||0px|false|false\u00a0\u00bb locked=\u00a0\u00bboff\u00a0\u00bb collapsed=\u00a0\u00bbon\u00a0\u00bb global_colors_info=\u00a0\u00bb{}\u00a0\u00bb][et_pb_row _builder_version=\u00a0\u00bb4.27.4&Prime; _module_preset=\u00a0\u00bbdefault\u00a0\u00bb width=\u00a0\u00bb100%\u00a0\u00bb max_width=\u00a0\u00bb1180px\u00a0\u00bb min_height=\u00a0\u00bb126.5px\u00a0\u00bb custom_padding=\u00a0\u00bb23px||23px||true|\u00a0\u00bb global_colors_info=\u00a0\u00bb{}\u00a0\u00bb][et_pb_column type=\u00a0\u00bb4_4&Prime; _builder_version=\u00a0\u00bb4.22.0&Prime; _module_preset=\u00a0\u00bbdefault\u00a0\u00bb global_colors_info=\u00a0\u00bb{}\u00a0\u00bb][et_pb_heading title=\u00a0\u00bbPr\u00e9sentation du Groupe\u00a0\u00bb _builder_version=\u00a0\u00bb4.27.4&Prime; _module_preset=\u00a0\u00bbdefault\u00a0\u00bb title_text_align=\u00a0\u00bbcenter\u00a0\u00bb title_font_size=\u00a0\u00bb43px\u00a0\u00bb global_colors_info=\u00a0\u00bb{}\u00a0\u00bb][\/et_pb_heading][et_pb_heading title=\u00a0\u00bbPierre &#038; Vacances &#8211; Center Parcs (PVCP)\u00a0\u00bb _builder_version=\u00a0\u00bb4.27.4&Prime; _module_preset=\u00a0\u00bbdefault\u00a0\u00bb title_text_align=\u00a0\u00bbcenter\u00a0\u00bb title_font_size=\u00a0\u00bb43px\u00a0\u00bb custom_margin=\u00a0\u00bb-50px||||false|false\u00a0\u00bb custom_padding=\u00a0\u00bb0px|||||\u00a0\u00bb global_colors_info=\u00a0\u00bb{}\u00a0\u00bb][\/et_pb_heading][\/et_pb_column][\/et_pb_row][et_pb_row column_structure=\u00a0\u00bb1_2,1_2&Prime; _builder_version=\u00a0\u00bb4.27.4&Prime; _module_preset=\u00a0\u00bbdefault\u00a0\u00bb width=\u00a0\u00bb100%\u00a0\u00bb max_width=\u00a0\u00bb1180px\u00a0\u00bb module_alignment=\u00a0\u00bbcenter\u00a0\u00bb custom_padding=\u00a0\u00bb20px||20px||false|false\u00a0\u00bb global_colors_info=\u00a0\u00bb{}\u00a0\u00bb][et_pb_column type=\u00a0\u00bb1_2&Prime; _builder_version=\u00a0\u00bb4.22.0&Prime; _module_preset=\u00a0\u00bbdefault\u00a0\u00bb global_colors_info=\u00a0\u00bb{}\u00a0\u00bb][et_pb_image src=\u00a0\u00bbhttps:\/\/www.coachwp.fr\/pierre-et-vacances\/wp-content\/uploads\/2025\/05\/Presentation-05.jpg\u00a0\u00bb title_text=\u00a0\u00bbPresentation 05&Prime; show_bottom_space=\u00a0\u00bboff\u00a0\u00bb _builder_version=\u00a0\u00bb4.27.4&Prime; _module_preset=\u00a0\u00bbdefault\u00a0\u00bb width=\u00a0\u00bb70%\u00a0\u00bb border_radii=\u00a0\u00bbon|30px|30px|30px|30px\u00a0\u00bb global_colors_info=\u00a0\u00bb{}\u00a0\u00bb][\/et_pb_image][et_pb_image src=\u00a0\u00bbhttps:\/\/www.coachwp.fr\/pierre-et-vacances\/wp-content\/uploads\/2025\/05\/Presentation03-219&#215;300.jpg\u00a0\u00bb title_text=\u00a0\u00bbPresentation03&Prime; show_bottom_space=\u00a0\u00bboff\u00a0\u00bb align=\u00a0\u00bbright\u00a0\u00bb _builder_version=\u00a0\u00bb4.27.4&Prime; _module_preset=\u00a0\u00bbdefault\u00a0\u00bb width=\u00a0\u00bb80%\u00a0\u00bb module_alignment=\u00a0\u00bbright\u00a0\u00bb custom_margin=\u00a0\u00bb-350px||||false|false\u00a0\u00bb custom_padding=\u00a0\u00bb|||0px|false|false\u00a0\u00bb border_radii=\u00a0\u00bbon|30px|30px|30px|30px\u00a0\u00bb global_colors_info=\u00a0\u00bb{}\u00a0\u00bb][\/et_pb_image][\/et_pb_column][et_pb_column type=\u00a0\u00bb1_2&Prime; _builder_version=\u00a0\u00bb4.22.0&Prime; _module_preset=\u00a0\u00bbdefault\u00a0\u00bb global_colors_info=\u00a0\u00bb{}\u00a0\u00bb][et_pb_text _builder_version=\u00a0\u00bb4.27.4&Prime; _module_preset=\u00a0\u00bbc1ccfd77-cac1-4faa-8e41-20d723f81385&Prime; text_font=\u00a0\u00bb&#8211;et_global_body_font||on||||||\u00a0\u00bb text_text_color=\u00a0\u00bb#016577&Prime; text_font_size=\u00a0\u00bb22px\u00a0\u00bb text_letter_spacing=\u00a0\u00bb1px\u00a0\u00bb width=\u00a0\u00bb100%\u00a0\u00bb custom_margin=\u00a0\u00bb||10px||false|false\u00a0\u00bb global_colors_info=\u00a0\u00bb{}\u00a0\u00bb]<\/p>\n<p><strong>Informations l\u00e9gales<\/strong><\/p>\n<p>[\/et_pb_text][et_pb_text _builder_version=\u00a0\u00bb4.27.4&Prime; _module_preset=\u00a0\u00bbc1ccfd77-cac1-4faa-8e41-20d723f81385&Prime; text_font=\u00a0\u00bb&#8211;et_global_body_font||||||||\u00a0\u00bb text_text_color=\u00a0\u00bb#3d3d3d\u00a0\u00bb text_font_size=\u00a0\u00bb18px\u00a0\u00bb text_letter_spacing=\u00a0\u00bb1px\u00a0\u00bb width=\u00a0\u00bb100%\u00a0\u00bb custom_margin=\u00a0\u00bb||10px||false|false\u00a0\u00bb global_colors_info=\u00a0\u00bb{}\u00a0\u00bb]<\/p>\n<p><strong>Voici les renseignements g\u00e9n\u00e9raux\u00a0 concernant le Groupe PVCP :\u00a0<\/strong><\/p>\n<p>[\/et_pb_text][et_pb_text _builder_version=\u00a0\u00bb4.27.4&Prime; _module_preset=\u00a0\u00bbac363a56-eeb7-41d0-9b0f-5a4a2b62c7e3&Prime; hover_enabled=\u00a0\u00bb0&Prime; locked=\u00a0\u00bboff\u00a0\u00bb global_colors_info=\u00a0\u00bb{}\u00a0\u00bb sticky_enabled=\u00a0\u00bb0&Prime;]<\/p>\n<ul>\n<li><strong><a href=\"https:\/\/www.pappers.fr\/entreprise\/pierre-et-vacances-316580869\" target=\"_blank\" rel=\"noopener\">Forme juridique<\/a> :<\/strong> Soci\u00e9t\u00e9 Anonyme \u00e0 conseil d&rsquo;administration (s.a.i.) au capital de 4.544.371,128 \u20ac<\/li>\n<li><strong>Si\u00e8ge social :<\/strong> L\u2019Artois &#8211; Espace Pont de Flandre &#8211; 11 rue de Cambrai &#8211; 75947 PARIS CEDEX 19<\/li>\n<li><strong>Registre du commerce :<\/strong> Immatricul\u00e9e au RCS PARIS sous le N\u00b0 316 580 869<\/li>\n<li><strong>SIREN :<\/strong> 316 580 869<\/li>\n<li><strong>SIRET (si\u00e8ge) :<\/strong> 316 580 869 00386<\/li>\n<li><strong><a href=\"https:\/\/www.pappers.fr\/entreprise\/center-parcs-france-452783970\" target=\"_blank\" rel=\"noopener\">Domaine d\u2019activit\u00e9<\/a> :<\/strong> H\u00e9bergement touristique<\/li>\n<li><strong>Code NAF :<\/strong> 55.20Z\u00a0 (H\u00e9bergement touristique et autre h\u00e9bergement de courte dur\u00e9e)<\/li>\n<\/ul>\n<p style=\"text-align: justify;\">[\/et_pb_text][\/et_pb_column][\/et_pb_row][et_pb_row _builder_version=\u00a0\u00bb4.27.4&Prime; _module_preset=\u00a0\u00bbdefault\u00a0\u00bb width=\u00a0\u00bb100%\u00a0\u00bb max_width=\u00a0\u00bb1180px\u00a0\u00bb module_alignment=\u00a0\u00bbcenter\u00a0\u00bb custom_margin=\u00a0\u00bb52px|auto||auto||\u00a0\u00bb custom_padding=\u00a0\u00bb20px||20px||false|false\u00a0\u00bb global_colors_info=\u00a0\u00bb{}\u00a0\u00bb][et_pb_column type=\u00a0\u00bb4_4&Prime; _builder_version=\u00a0\u00bb4.27.4&Prime; _module_preset=\u00a0\u00bbdefault\u00a0\u00bb global_colors_info=\u00a0\u00bb{}\u00a0\u00bb][et_pb_text _builder_version=\u00a0\u00bb4.27.4&Prime; _module_preset=\u00a0\u00bbc1ccfd77-cac1-4faa-8e41-20d723f81385&Prime; text_font=\u00a0\u00bb&#8211;et_global_body_font||on||||||\u00a0\u00bb text_text_color=\u00a0\u00bb#016577&Prime; text_font_size=\u00a0\u00bb22px\u00a0\u00bb text_letter_spacing=\u00a0\u00bb1px\u00a0\u00bb width=\u00a0\u00bb100%\u00a0\u00bb custom_margin=\u00a0\u00bb||10px||false|false\u00a0\u00bb locked=\u00a0\u00bboff\u00a0\u00bb global_colors_info=\u00a0\u00bb{}\u00a0\u00bb]<\/p>\n<p style=\"text-align: center;\"><strong>Historique du Groupe PVCP<\/strong><\/p>\n<p>[\/et_pb_text][et_pb_text _builder_version=\u00a0\u00bb4.27.4&Prime; _module_preset=\u00a0\u00bbac363a56-eeb7-41d0-9b0f-5a4a2b62c7e3&Prime; locked=\u00a0\u00bboff\u00a0\u00bb global_colors_info=\u00a0\u00bb{}\u00a0\u00bb]<\/p>\n<p style=\"text-align: justify;\"><strong>Le groupe a \u00e9t\u00e9 cr\u00e9\u00e9 en 1967 par <a href=\"https:\/\/www.groupepvcp.com\/groupe\/histoire\/\" target=\"_blank\" rel=\"noopener\">G\u00e9rard Br\u00e9mond<\/a><\/strong> lors du d\u00e9veloppement de la station de ski d\u2019Avoriaz autour du mod\u00e8le de gestion locative des appartements pour les propri\u00e9taires bailleurs. En 1979, il ouvre sa premi\u00e8re r\u00e9sidence baln\u00e9aire en proposant le concept de \u201cnouvelle propri\u00e9t\u00e9\u201d qui combine l&rsquo;accession \u00e0 la propri\u00e9t\u00e9 avec la gestion locative. Dans les ann\u00e9es 80 &#8211; 90, l\u2019entreprise se d\u00e9veloppe sur toute la France avec la cr\u00e9ation de nouvelles r\u00e9sidences baln\u00e9aires et alpines. <strong>En 1999, l\u2019entreprise Pierre &amp; Vacances\u00a0entre en <a href=\"https:\/\/www.coachwp.fr\/pierre-et-vacances\/lentreprise\/economie-finance\/\" target=\"_blank\" rel=\"noopener\">bourse<\/a><\/strong> puis se d\u00e9veloppe fortement avec <strong>l\u2019acquisition de <a href=\"https:\/\/www.coachwp.fr\/pierre-et-vacances\/activites-marques\/\" target=\"_blank\" rel=\"noopener\">nouvelles marques<\/a> (<a href=\"https:\/\/www.maeva.com\/fr-fr\/\" target=\"_blank\" rel=\"noopener\">maeva<\/a> en 2001 et <a href=\"https:\/\/www.centerparcs.fr\/\" target=\"_blank\" rel=\"noopener\">Center parcs<\/a> \u00a0en 2003) et la cr\u00e9ation de la marque <a href=\"https:\/\/www.adagio-city.com\/\" target=\"_blank\" rel=\"noopener\">Adagio<\/a> en 2007.<\/strong> L&rsquo;expansion \u00e9conomique se poursuit avec l\u2019ouverture \u00e0 de nouveaux pays (Espagne, Allemagne, Belgique\u2026) et la mutation en Groupe Pierre &amp; Vacances &#8211; Center Parcs en 2009.<\/p>\n<p>&nbsp;<\/p>\n<p>[\/et_pb_text][et_pb_image src=\u00a0\u00bbhttps:\/\/www.coachwp.fr\/pierre-et-vacances\/wp-content\/uploads\/2025\/05\/Historique.png\u00a0\u00bb alt=\u00a0\u00bbFrise historique du Groupe \u00a9 E. Vandenbussche\u00a0\u00bb title_text=\u00a0\u00bbFrise historique du Groupe \u00a9 E. Vandenbussche\u00a0\u00bb align=\u00a0\u00bbcenter\u00a0\u00bb _builder_version=\u00a0\u00bb4.27.4&Prime; _module_preset=\u00a0\u00bbdefault\u00a0\u00bb width=\u00a0\u00bb80%\u00a0\u00bb max_width=\u00a0\u00bb80%\u00a0\u00bb global_colors_info=\u00a0\u00bb{}\u00a0\u00bb][\/et_pb_image][et_pb_text _builder_version=\u00a0\u00bb4.27.4&Prime; _module_preset=\u00a0\u00bbdefault\u00a0\u00bb min_height=\u00a0\u00bb39.8px\u00a0\u00bb custom_margin=\u00a0\u00bb-34px|||||\u00a0\u00bb global_colors_info=\u00a0\u00bb{}\u00a0\u00bb]<\/p>\n<p style=\"text-align: center;\">Frise historique du Groupe PVCP<\/p>\n<p>[\/et_pb_text][et_pb_text _builder_version=\u00a0\u00bb4.27.4&Prime; _module_preset=\u00a0\u00bbac363a56-eeb7-41d0-9b0f-5a4a2b62c7e3&Prime; global_colors_info=\u00a0\u00bb{}\u00a0\u00bb]<\/p>\n<p style=\"text-align: justify;\"><b style=\"font-size: 16px;\">Depuis les ann\u00e9es 2020, le groupe PVCP rencontre des difficult\u00e9s majeures<\/b><span style=\"font-size: 16px;\">, principalement li\u00e9es \u00e0 la crise du COVID-19 qui marque un temps d\u2019arr\u00eat au d\u00e9veloppement \u00e9conomique. <\/span><a href=\"https:\/\/www.lechotouristique.com\/article\/pierre-vacances-la-pandemie-aura-coute-300-millions-deuros-au-printemps\" target=\"_blank\" rel=\"noopener\" style=\"font-size: 16px;\">Le groupe PVCP passe pr\u00e8s de la faillite<\/a><span style=\"font-size: 16px;\"> et doit mettre en place un plan de restructuration qui l\u2019am\u00e8ne \u00e0 <\/span><a href=\"https:\/\/www.lechotouristique.com\/article\/economie-pierre-vacances-center-parcs-va-supprimer-105-postes-au-siege\" target=\"_blank\" rel=\"noopener\" style=\"font-size: 16px;\">licencier<\/a><span style=\"font-size: 16px;\"> une partie de ses effectifs et recentrer ses activit\u00e9s. Afin de r\u00e9impulser ses activit\u00e9s, le groupe PVCP \u00e9labore d\u00e8s 2021 <\/span><b style=\"font-size: 16px;\">la <a href=\"https:\/\/www.coachwp.fr\/pierre-et-vacances\/enjeux-strategie\/\" target=\"_blank\" rel=\"noopener\">strat\u00e9gie R\u00e9invention 2025 <\/a><\/b><span style=\"font-size: 16px;\">qui marque un changement majeur dans la <a href=\"https:\/\/www.coachwp.fr\/pierre-et-vacances\/presentation-histoire-gouvernance\/\" target=\"_blank\" rel=\"noopener\">direction du groupe<\/a> avec le d\u00e9part du fondateur <\/span><a href=\"https:\/\/www.lemonde.fr\/economie\/article\/2022\/03\/10\/la-triste-sortie-de-gerard-bremond-patron-de-pierre-vacances_6116918_3234.html\" target=\"_blank\" rel=\"noopener\" style=\"font-size: 16px;\">G\u00e9rard Br\u00e9mond<\/a><span style=\"font-size: 16px;\"> et l\u2019arriv\u00e9e de <\/span><a href=\"https:\/\/www.lechotouristique.com\/article\/pierre-vacances-center-parcs-veut-retrouver-sa-place-de-leader-europeen\" target=\"_blank\" rel=\"noopener\" style=\"font-size: 16px;\">Franck Gervais<\/a><span style=\"font-size: 16px;\">. La strat\u00e9gie s\u2019av\u00e8re payante puisque <\/span><span style=\"font-size: 16px;\">en 2024, les <a href=\"https:\/\/www.coachwp.fr\/pierre-et-vacances\/economie-finance\/\" target=\"_blank\" rel=\"noopener\" title=\"r\u00e9sulats\">r\u00e9sultats<\/a><\/span><span style=\"font-size: 16px;\"><a href=\"https:\/\/www.coachwp.fr\/pierre-et-vacances\/economie-finance\/\" target=\"_blank\" rel=\"noopener\" title=\"r\u00e9sulats\">\u00a0<\/a>redeviennent <\/span><a href=\"https:\/\/www.lechotouristique.com\/article\/pierre-vacances-center-parcs-renoue-avec-les-benefices\" target=\"_blank\" rel=\"noopener\" style=\"font-size: 16px;\">positifs<\/a><span style=\"font-size: 16px;\">, et ce pour la premi\u00e8re fois depuis <\/span><a href=\"https:\/\/www.lechotouristique.com\/article\/pierre-vacances-center-parcs-renoue-avec-les-benefices\" target=\"_blank\" rel=\"noopener\" style=\"font-size: 16px;\">plus de 10 ans.<\/a><b><\/b><\/p>\n<p style=\"text-align: justify;\"><b><\/b><\/p>\n<p>[\/et_pb_text][\/et_pb_column][\/et_pb_row][et_pb_row column_structure=\u00a0\u00bb1_2,1_2&Prime; _builder_version=\u00a0\u00bb4.27.4&Prime; _module_preset=\u00a0\u00bbdefault\u00a0\u00bb width=\u00a0\u00bb100%\u00a0\u00bb max_width=\u00a0\u00bb1180px\u00a0\u00bb module_alignment=\u00a0\u00bbcenter\u00a0\u00bb custom_padding=\u00a0\u00bb20px||20px||false|false\u00a0\u00bb global_colors_info=\u00a0\u00bb{}\u00a0\u00bb][et_pb_column type=\u00a0\u00bb1_2&Prime; _builder_version=\u00a0\u00bb4.27.4&Prime; _module_preset=\u00a0\u00bbdefault\u00a0\u00bb global_colors_info=\u00a0\u00bb{}\u00a0\u00bb][et_pb_text _builder_version=\u00a0\u00bb4.27.4&Prime; _module_preset=\u00a0\u00bbc1ccfd77-cac1-4faa-8e41-20d723f81385&Prime; text_font=\u00a0\u00bb&#8211;et_global_body_font||on||||||\u00a0\u00bb text_text_color=\u00a0\u00bb#016577&Prime; text_font_size=\u00a0\u00bb22px\u00a0\u00bb text_letter_spacing=\u00a0\u00bb1px\u00a0\u00bb width=\u00a0\u00bb100%\u00a0\u00bb custom_margin=\u00a0\u00bb||10px||false|false\u00a0\u00bb locked=\u00a0\u00bboff\u00a0\u00bb global_colors_info=\u00a0\u00bb{}\u00a0\u00bb]<\/p>\n<p><strong>Gouvernance<\/strong><\/p>\n<p>[\/et_pb_text][et_pb_image src=\u00a0\u00bbhttps:\/\/www.coachwp.fr\/pierre-et-vacances\/wp-content\/uploads\/2025\/05\/CA.png\u00a0\u00bb alt=\u00a0\u00bbConseil d&rsquo;administration\u00a0\u00bb title_text=\u00a0\u00bbConseil d&rsquo;administration\u00a0\u00bb _builder_version=\u00a0\u00bb4.27.4&Prime; _module_preset=\u00a0\u00bbdefault\u00a0\u00bb width=\u00a0\u00bb100%\u00a0\u00bb global_colors_info=\u00a0\u00bb{}\u00a0\u00bb][\/et_pb_image][et_pb_text _builder_version=\u00a0\u00bb4.27.4&Prime; _module_preset=\u00a0\u00bbdefault\u00a0\u00bb global_colors_info=\u00a0\u00bb{}\u00a0\u00bb]<\/p>\n<p style=\"text-align: center;\"><span>Organigramme du Conseil d&rsquo;Administration <br \/><\/span><span>du Groupe Pierre &amp; Vacances &#8211; Center Parcs<\/span><\/p>\n<p>[\/et_pb_text][\/et_pb_column][et_pb_column type=\u00a0\u00bb1_2&Prime; _builder_version=\u00a0\u00bb4.27.4&Prime; _module_preset=\u00a0\u00bbdefault\u00a0\u00bb global_colors_info=\u00a0\u00bb{}\u00a0\u00bb][et_pb_image src=\u00a0\u00bbhttps:\/\/www.coachwp.fr\/pierre-et-vacances\/wp-content\/uploads\/2025\/05\/COMEX.png\u00a0\u00bb alt=\u00a0\u00bbComit\u00e9 ex\u00e9cutif du groupe\u00a0\u00bb title_text=\u00a0\u00bbComit\u00e9 ex\u00e9cutif du groupe\u00a0\u00bb _builder_version=\u00a0\u00bb4.27.4&Prime; _module_preset=\u00a0\u00bbdefault\u00a0\u00bb global_colors_info=\u00a0\u00bb{}\u00a0\u00bb][\/et_pb_image][et_pb_text _builder_version=\u00a0\u00bb4.27.4&Prime; _module_preset=\u00a0\u00bbdefault\u00a0\u00bb global_colors_info=\u00a0\u00bb{}\u00a0\u00bb]<\/p>\n<p style=\"text-align: center;\"><span>Organigramme du Comit\u00e9 Ex\u00e9cutif <br \/><\/span><span>du Groupe Pierre &amp; Vacances &#8211; Center Parcs<\/span><\/p>\n<p>[\/et_pb_text][\/et_pb_column][\/et_pb_row][et_pb_row _builder_version=\u00a0\u00bb4.27.4&Prime; _module_preset=\u00a0\u00bbdefault\u00a0\u00bb width=\u00a0\u00bb100%\u00a0\u00bb max_width=\u00a0\u00bb1180px\u00a0\u00bb module_alignment=\u00a0\u00bbcenter\u00a0\u00bb custom_padding=\u00a0\u00bb20px||20px||false|false\u00a0\u00bb global_colors_info=\u00a0\u00bb{}\u00a0\u00bb][et_pb_column type=\u00a0\u00bb4_4&Prime; _builder_version=\u00a0\u00bb4.27.4&Prime; _module_preset=\u00a0\u00bbdefault\u00a0\u00bb global_colors_info=\u00a0\u00bb{}\u00a0\u00bb][et_pb_text _builder_version=\u00a0\u00bb4.27.4&Prime; _module_preset=\u00a0\u00bbac363a56-eeb7-41d0-9b0f-5a4a2b62c7e3&Prime; locked=\u00a0\u00bboff\u00a0\u00bb global_colors_info=\u00a0\u00bb{}\u00a0\u00bb]<\/p>\n<p style=\"text-align: justify;\"><a href=\"https:\/\/www.groupepvcp.com\/groupe\/gouvernance\/\" target=\"_blank\" rel=\"noopener\">La gouvernance du groupe PVCP<\/a> s\u2019articule autour d\u2019un Conseil d\u2019Administration renouvel\u00e9 lors de l\u2019<a href=\"https:\/\/www.groupepvcp.com\/finance\/assemblee-generale-et-statuts\/\" target=\"_blank\" rel=\"noopener\">AGM du 13 f\u00e9vrier 2025<\/a>, pr\u00e9sid\u00e9 par George Sampeur et Franck Gervais \u00e0 la Direction g\u00e9n\u00e9rale. Ce CA est compos\u00e9 de 9 membres (3 femmes, 6 hommes) dont 4 administrateurs ind\u00e9pendants comme le veut le <a href=\"https:\/\/afep.com\/wp-content\/uploads\/2022\/12\/Code-AFEP-MEDEF-version-de-decembre-2022.pdf\" target=\"_blank\" rel=\"noopener\">Code Afep-Medef<\/a>. Il est accompagn\u00e9 d\u2019un <a href=\"https:\/\/www.lechotouristique.com\/article\/du-changement-au-comite-executif-de-pierre-vacances-centers-parcs\" target=\"_blank\" rel=\"noopener\">Comit\u00e9 ex\u00e9cutif du Groupe<\/a> qui compte 12 membres dont 3 femmes avec un objectif de parit\u00e9 et de diversit\u00e9 incarn\u00e9 dans les <a href=\"https:\/\/news.groupepvcp.com\/3-nouvelles-nominations-au-sein-du-comite-executif-et-conseil-dadministration\/\" target=\"_blank\" rel=\"noopener\">nouvelles nominations<\/a> : Victoire Aubry (Administrative ind\u00e9pendante si\u00e9geant au CA), Emeline Laut\u00e9 (Directrice M&amp;A) et Elise Ramin (Directrice des <a href=\"https:\/\/www.coachwp.fr\/pierre-et-vacances\/activites-marques\/\" target=\"_blank\" rel=\"noopener\">Ressources humaines<\/a>).<\/p>\n<p style=\"text-align: justify;\"><strong>Focus sur <a href=\"https:\/\/www.lechotouristique.com\/article\/franck-gervais-ex-accor-prend-la-direction-generale-de-pierre-vacances\" target=\"_blank\" rel=\"noopener\">Franck Gervais<\/a>, le nouveau <a href=\"https:\/\/www.groupepvcp.com\/app\/uploads\/2022\/12\/CP-PVCP-Nomination-FG-06-01-2021-FR.pdf\" target=\"_blank\" rel=\"noopener\">directeur g\u00e9n\u00e9ral depuis 2021<\/a><\/strong>. <a href=\"https:\/\/fr.linkedin.com\/in\/franck-gervais-59a48554\" target=\"_blank\" rel=\"noopener\">Dipl\u00f4m\u00e9 de l\u2019Ecole Nationale des Ponts et Chausses,<\/a> 48 ans, a pilot\u00e9 pendant trois ans la transformation du secteur Europe du Groupe Accor. Auparavant, au sein du Groupe SNCF, il a assur\u00e9 les fonctions de Directeur G\u00e9n\u00e9ral successivement de Thalys, puis de Voyages-SNCF.com.<\/p>\n<p>[\/et_pb_text][\/et_pb_column][\/et_pb_row][et_pb_row _builder_version=\u00a0\u00bb4.27.4&Prime; _module_preset=\u00a0\u00bbdefault\u00a0\u00bb width=\u00a0\u00bb100%\u00a0\u00bb max_width=\u00a0\u00bb1180px\u00a0\u00bb custom_padding=\u00a0\u00bb20px||20px||false|false\u00a0\u00bb locked=\u00a0\u00bboff\u00a0\u00bb global_colors_info=\u00a0\u00bb{}\u00a0\u00bb][et_pb_column type=\u00a0\u00bb4_4&Prime; _builder_version=\u00a0\u00bb4.22.0&Prime; _module_preset=\u00a0\u00bbdefault\u00a0\u00bb global_colors_info=\u00a0\u00bb{}\u00a0\u00bb][et_pb_text _builder_version=\u00a0\u00bb4.27.4&Prime; _module_preset=\u00a0\u00bbdefault\u00a0\u00bb text_font_size=\u00a0\u00bb17px\u00a0\u00bb custom_margin=\u00a0\u00bb||18px|||\u00a0\u00bb custom_padding=\u00a0\u00bb||0px||false|false\u00a0\u00bb locked=\u00a0\u00bboff\u00a0\u00bb global_colors_info=\u00a0\u00bb{}\u00a0\u00bb]<\/p>\n<p><span style=\"color: #008080;\"><b>Les r\u00e9f\u00e9rences consult\u00e9es<\/b><\/span><\/p>\n<p>[\/et_pb_text][et_pb_text _builder_version=\u00a0\u00bb4.27.4&Prime; _module_preset=\u00a0\u00bbac363a56-eeb7-41d0-9b0f-5a4a2b62c7e3&Prime; text_font_size=\u00a0\u00bb14px\u00a0\u00bb custom_padding=\u00a0\u00bb2px|||||\u00a0\u00bb global_colors_info=\u00a0\u00bb{}\u00a0\u00bb]<\/p>\n<ul>\n<li style=\"font-weight: 400; text-align: justify;\" aria-level=\"1\"><a href=\"https:\/\/news.groupepvcp.com\/3-nouvelles-nominations-au-sein-du-comite-executif-et-conseil-dadministration\/\" target=\"_blank\" rel=\"noopener\"><span style=\"font-weight: 400;\">3 nouvelles nominations au sein du Comit\u00e9 Ex\u00e9cutif et Conseil d\u2019Administration, <\/span><\/a><span style=\"font-weight: 400;\"><em>Site presse du Groupe PVCP<\/em>, 2024 [en ligne] [consult\u00e9 le 15 mai 2025].\u00a0<\/span><\/li>\n<li style=\"font-weight: 400; text-align: justify;\" aria-level=\"1\"><a href=\"https:\/\/www.groupepvcp.com\/finance\/assemblee-generale-et-statuts\/\" target=\"_blank\" rel=\"noopener\"><span style=\"font-weight: 400;\">Assembl\u00e9e G\u00e9n\u00e9rale et Statuts<\/span><\/a><span style=\"font-weight: 400;\">, <\/span><i><span style=\"font-weight: 400;\">Groupe PVCP, <\/span><\/i><span style=\"font-weight: 400;\">2025<\/span><span style=\"font-weight: 400;\"> [en\u00a0ligne] [consult\u00e9 le 15\u00a0mai\u00a02025].\u00a0<\/span><\/li>\n<li style=\"font-weight: 400; text-align: justify;\" aria-level=\"1\"><span style=\"font-weight: 400;\"><a href=\"https:\/\/www.groupepvcp.com\/app\/uploads\/2024\/12\/deu_20dec24-fr.pdf\" target=\"_blank\" rel=\"noopener\">Document d&rsquo;Enregistrement Universel 2023-2024<\/a>, <\/span><i><span style=\"font-weight: 400;\">Groupe PVCP, <\/span><\/i><span style=\"font-weight: 400;\">2025<\/span><span style=\"font-weight: 400;\"> [en\u00a0ligne] [consult\u00e9 le 15\u00a0mai\u00a02025].\u00a0<\/span><\/li>\n<li style=\"font-weight: 400; text-align: justify;\" aria-level=\"1\"><a href=\"https:\/\/www.lechotouristique.com\/article\/du-changement-au-comite-executif-de-pierre-vacances-centers-parcs\" target=\"_blank\" rel=\"noopener\"><span style=\"font-weight: 400;\">Du changement au comit\u00e9 ex\u00e9cutif de Pierre &amp; Vacances\/Centers Parcs<\/span><\/a><span style=\"font-weight: 400;\">, <\/span><i><span style=\"font-weight: 400;\">L\u2019Echo Touristique, <\/span><\/i><span style=\"font-weight: 400;\">2024<\/span><span style=\"font-weight: 400;\">\u00a0[en\u00a0ligne]. [consult\u00e9 le 15\u00a0mai\u00a02025].\u00a0<\/span><\/li>\n<li style=\"font-weight: 400; text-align: justify;\" aria-level=\"1\"><span style=\"font-weight: 400;\"><a href=\"https:\/\/www.linkedin.com\/in\/franck-gervais-59a48554\/?originalSubdomain=fr\" target=\"_blank\" rel=\"noopener\">GERVAIS, Franck, <\/a><em>Linkedin, <\/em>2025 [en\u00a0ligne] [consult\u00e9 le 15\u00a0mai\u00a02025].\u00a0<\/span><\/li>\n<li style=\"font-weight: 400; text-align: justify;\" aria-level=\"1\"><a href=\"https:\/\/www.groupepvcp.com\/groupe\/gouvernance\/\" target=\"_blank\" rel=\"noopener\"><span style=\"font-weight: 400;\">Gouvernance<\/span><\/a><span style=\"font-weight: 400;\">, <\/span><i><span style=\"font-weight: 400;\">Groupe PVCP, <\/span><\/i><span style=\"font-weight: 400;\">2025<\/span><span style=\"font-weight: 400;\"> [en\u00a0ligne] [consult\u00e9 le 15\u00a0mai\u00a02025].\u00a0<\/span><\/li>\n<li style=\"font-weight: 400; text-align: justify;\" aria-level=\"1\"><a href=\"https:\/\/www.lemonde.fr\/economie\/article\/2022\/03\/10\/la-triste-sortie-de-gerard-bremond-patron-de-pierre-vacances_6116918_3234.html\" target=\"_blank\" rel=\"noopener\"><span style=\"font-weight: 400;\">La triste sortie de G\u00e9rard Br\u00e9mond, fondateur de Pierre &amp; Vacances-Center Parcs<\/span><\/a><span style=\"font-weight: 400;\">, <em>Le Monde<\/em>, 2022 [en ligne] [consult\u00e9 le 15 mai 2025].\u00a0<\/span><\/li>\n<li style=\"font-weight: 400; text-align: justify;\" aria-level=\"1\"><a href=\"https:\/\/www.groupepvcp.com\/mentions-legales\/\" target=\"_blank\" rel=\"noopener\"><span style=\"font-weight: 400;\">Mentions L\u00e9gales<\/span><\/a><span style=\"font-weight: 400;\">, <\/span><i><span style=\"font-weight: 400;\">Groupe PVCP, <\/span><\/i><span style=\"font-weight: 400;\">2025<\/span><span style=\"font-weight: 400;\"> [en\u00a0ligne] [consult\u00e9 le 15\u00a0mai\u00a02025].\u00a0<\/span><\/li>\n<li style=\"font-weight: 400; text-align: justify;\" aria-level=\"1\"><a href=\"https:\/\/www.lechotouristique.com\/article\/pierre-vacances-center-parcs-renoue-avec-les-benefices\" target=\"_blank\" rel=\"noopener\"><span style=\"font-weight: 400;\">Pierre &amp; Vacances\/Center Parcs renoue avec les b\u00e9n\u00e9fices<\/span><\/a><span style=\"font-weight: 400;\">, <\/span><i><span style=\"font-weight: 400;\">L\u2019Echo Touristique, <\/span><\/i><span style=\"font-weight: 400;\">2024 <\/span><span style=\"font-weight: 400;\"> [en\u00a0ligne] [consult\u00e9 le 15\u00a0mai\u00a02025].\u00a0<\/span><\/li>\n<li style=\"font-weight: 400; text-align: justify;\" aria-level=\"1\"><a href=\"https:\/\/www.lechotouristique.com\/article\/economie-pierre-vacances-center-parcs-va-supprimer-105-postes-au-siege\" target=\"_blank\" rel=\"noopener\"><span style=\"font-weight: 400;\">Pierre &amp; Vacances\/Center Parcs va supprimer 105 postes au si\u00e8ge<\/span><\/a><span style=\"font-weight: 400;\">, <\/span><i><span style=\"font-weight: 400;\">L\u2019Echo Touristique, <\/span><\/i><span style=\"font-weight: 400;\">2022 <\/span><span style=\"font-weight: 400;\"> [en\u00a0ligne] [consult\u00e9 le 15\u00a0mai\u00a02025].\u00a0<\/span><\/li>\n<li style=\"font-weight: 400; text-align: justify;\" aria-level=\"1\"><a href=\"https:\/\/www.lechotouristique.com\/article\/pierre-vacances-center-parcs-veut-retrouver-sa-place-de-leader-europeen\" target=\"_blank\" rel=\"noopener\"><span style=\"font-weight: 400;\">Pierre &amp; Vacances\/Center Parcs veut retrouver sa place de leader europ\u00e9en<\/span><\/a><span style=\"font-weight: 400;\">, <\/span><i><span style=\"font-weight: 400;\">L\u2019Echo Touristique, <\/span><\/i><span style=\"font-weight: 400;\">2021 <\/span><span style=\"font-weight: 400;\">[en\u00a0ligne][consult\u00e9 le 15\u00a0mai\u00a02025].\u00a0<\/span><\/li>\n<li style=\"font-weight: 400; text-align: justify;\" aria-level=\"1\"><a href=\"https:\/\/www.lechotouristique.com\/article\/pierre-vacances-la-pandemie-aura-coute-300-millions-deuros-au-printemps\" target=\"_blank\" rel=\"noopener\"><span style=\"font-weight: 400;\">Pierre et Vacances\u202f: la pand\u00e9mie aura co\u00fbt\u00e9 300 millions d\u2019euros au printemps<\/span><\/a><span style=\"font-weight: 400;\">, <\/span><i><span style=\"font-weight: 400;\">L\u2019Echo Touristique, <\/span><\/i><span style=\"font-weight: 400;\">2020 <\/span><span style=\"font-weight: 400;\">[en\u00a0ligne] [consult\u00e9 le 15\u00a0mai\u00a02025].\u00a0<\/span><\/li>\n<li style=\"font-weight: 400; text-align: justify;\" aria-level=\"1\"><a href=\"https:\/\/www.pappers.fr\/entreprise\/center-parcs-france-452783970\" target=\"_blank\" rel=\"noopener\"><span style=\"font-weight: 400;\">Soci\u00e9t\u00e9 CENTER PARCS FRANCE<\/span><\/a><span style=\"font-weight: 400;\">\u202f: Chiffre d\u2019affaires, statuts, extrait d\u2019immatriculation, [en\u00a0ligne] [consult\u00e9 le 15\u00a0mai\u00a02025].\u00a0<\/span><\/li>\n<li style=\"font-weight: 400; text-align: justify;\" aria-level=\"1\"><a href=\"https:\/\/www.pappers.fr\/entreprise\/pierre-et-vacances-316580869\" target=\"_blank\" rel=\"noopener\"><span style=\"font-weight: 400;\">Soci\u00e9t\u00e9 PIERRE ET VACANCES<\/span><\/a><span style=\"font-weight: 400;\">\u202f: Chiffre d\u2019affaires, statuts, extrait d\u2019immatriculation, [en\u00a0ligne] [consult\u00e9 le 15\u00a0mai\u00a02025].\u00a0<\/span><\/li>\n<\/ul>\n<p>[\/et_pb_text][\/et_pb_column][\/et_pb_row][et_pb_row _builder_version=\u00a0\u00bb4.27.4&Prime; _module_preset=\u00a0\u00bbdefault\u00a0\u00bb width=\u00a0\u00bb100%\u00a0\u00bb max_width=\u00a0\u00bb1180px\u00a0\u00bb module_alignment=\u00a0\u00bbcenter\u00a0\u00bb custom_padding=\u00a0\u00bb20px||20px||false|false\u00a0\u00bb locked=\u00a0\u00bboff\u00a0\u00bb global_colors_info=\u00a0\u00bb{}\u00a0\u00bb][et_pb_column type=\u00a0\u00bb4_4&Prime; _builder_version=\u00a0\u00bb4.22.0&Prime; _module_preset=\u00a0\u00bbdefault\u00a0\u00bb global_colors_info=\u00a0\u00bb{}\u00a0\u00bb][et_pb_image src=\u00a0\u00bbhttps:\/\/www.coachwp.fr\/pierre-et-vacances\/wp-content\/uploads\/2025\/05\/Bureau_1180x340_01.png\u00a0\u00bb title_text=\u00a0\u00bbBureau_1180x340_01&Prime; _builder_version=\u00a0\u00bb4.27.4&Prime; _module_preset=\u00a0\u00bbdefault\u00a0\u00bb border_radii=\u00a0\u00bbon|30px|30px|30px|30px\u00a0\u00bb global_colors_info=\u00a0\u00bb{}\u00a0\u00bb][\/et_pb_image][\/et_pb_column][\/et_pb_row][et_pb_row _builder_version=\u00a0\u00bb4.27.4&Prime; _module_preset=\u00a0\u00bbdefault\u00a0\u00bb width=\u00a0\u00bb100%\u00a0\u00bb max_width=\u00a0\u00bb1180px\u00a0\u00bb global_colors_info=\u00a0\u00bb{}\u00a0\u00bb][et_pb_column type=\u00a0\u00bb4_4&Prime; _builder_version=\u00a0\u00bb4.27.4&Prime; _module_preset=\u00a0\u00bbdefault\u00a0\u00bb global_colors_info=\u00a0\u00bb{}\u00a0\u00bb][et_pb_post_nav prev_text=\u00a0\u00bbEnjeux et tendances actuelles\u00a0\u00bb next_text=\u00a0\u00bbActivit\u00e9s et marques\u00a0\u00bb _builder_version=\u00a0\u00bb4.27.4&Prime; _module_preset=\u00a0\u00bbdefault\u00a0\u00bb title_font=\u00a0\u00bb|600|||||||\u00a0\u00bb title_text_color=\u00a0\u00bb#f96c00&Prime; global_colors_info=\u00a0\u00bb{}\u00a0\u00bb][\/et_pb_post_nav][\/et_pb_column][\/et_pb_row][\/et_pb_section]<\/p>\n","protected":false},"excerpt":{"rendered":"<p>Informations l\u00e9galesVoici les renseignements g\u00e9n\u00e9raux\u00a0 concernant le Groupe PVCP :\u00a0 Forme juridique : Soci\u00e9t\u00e9 Anonyme \u00e0 conseil d&rsquo;administration (s.a.i.) au capital de 4.544.371,128 \u20ac Si\u00e8ge social : L\u2019Artois &#8211; Espace Pont de Flandre &#8211; 11 rue de Cambrai &#8211; 75947 PARIS CEDEX 19 Registre du commerce : Immatricul\u00e9e au RCS PARIS sous le N\u00b0 316 [&hellip;]<\/p>\n","protected":false},"author":4,"featured_media":0,"parent":0,"menu_order":0,"comment_status":"closed","ping_status":"closed","template":"","meta":{"_et_pb_use_builder":"on","_et_pb_old_content":"","_et_gb_content_width":"","footnotes":""},"class_list":["post-265","page","type-page","status-publish","hentry"],"yoast_head":"<!-- This site is optimized with the Yoast SEO plugin v25.2 - https:\/\/yoast.com\/wordpress\/plugins\/seo\/ -->\n<title>Pr\u00e9sentation - Horizons M\u00e9dias<\/title>\n<meta name=\"robots\" content=\"index, follow, max-snippet:-1, max-image-preview:large, max-video-preview:-1\" \/>\n<link rel=\"canonical\" href=\"https:\/\/www.coachwp.fr\/pierre-et-vacances\/presentation-histoire-gouvernance\/\" \/>\n<meta property=\"og:locale\" content=\"fr_FR\" \/>\n<meta property=\"og:type\" content=\"article\" \/>\n<meta property=\"og:title\" content=\"Pr\u00e9sentation - Horizons M\u00e9dias\" \/>\n<meta property=\"og:description\" content=\"Informations l\u00e9galesVoici les renseignements g\u00e9n\u00e9raux\u00a0 concernant le Groupe PVCP :\u00a0 Forme juridique : Soci\u00e9t\u00e9 Anonyme \u00e0 conseil d&#039;administration (s.a.i.) au capital de 4.544.371,128 \u20ac Si\u00e8ge social : L\u2019Artois - Espace Pont de Flandre - 11 rue de Cambrai - 75947 PARIS CEDEX 19 Registre du commerce : Immatricul\u00e9e au RCS PARIS sous le N\u00b0 316 [&hellip;]\" \/>\n<meta property=\"og:url\" content=\"https:\/\/www.coachwp.fr\/pierre-et-vacances\/presentation-histoire-gouvernance\/\" \/>\n<meta property=\"og:site_name\" content=\"Horizons M\u00e9dias\" \/>\n<meta property=\"article:modified_time\" content=\"2025-06-01T13:58:37+00:00\" \/>\n<meta name=\"twitter:card\" content=\"summary_large_image\" \/>\n<meta name=\"twitter:label1\" content=\"Dur\u00e9e de lecture estim\u00e9e\" \/>\n\t<meta name=\"twitter:data1\" content=\"5 minutes\" \/>\n<script type=\"application\/ld+json\" class=\"yoast-schema-graph\">{\"@context\":\"https:\/\/schema.org\",\"@graph\":[{\"@type\":\"WebPage\",\"@id\":\"https:\/\/www.coachwp.fr\/pierre-et-vacances\/presentation-histoire-gouvernance\/\",\"url\":\"https:\/\/www.coachwp.fr\/pierre-et-vacances\/presentation-histoire-gouvernance\/\",\"name\":\"Pr\u00e9sentation - Horizons M\u00e9dias\",\"isPartOf\":{\"@id\":\"https:\/\/www.coachwp.fr\/pierre-et-vacances\/#website\"},\"datePublished\":\"2025-05-06T13:07:32+00:00\",\"dateModified\":\"2025-06-01T13:58:37+00:00\",\"breadcrumb\":{\"@id\":\"https:\/\/www.coachwp.fr\/pierre-et-vacances\/presentation-histoire-gouvernance\/#breadcrumb\"},\"inLanguage\":\"fr-FR\",\"potentialAction\":[{\"@type\":\"ReadAction\",\"target\":[\"https:\/\/www.coachwp.fr\/pierre-et-vacances\/presentation-histoire-gouvernance\/\"]}]},{\"@type\":\"BreadcrumbList\",\"@id\":\"https:\/\/www.coachwp.fr\/pierre-et-vacances\/presentation-histoire-gouvernance\/#breadcrumb\",\"itemListElement\":[{\"@type\":\"ListItem\",\"position\":1,\"name\":\"Accueil\",\"item\":\"https:\/\/www.coachwp.fr\/pierre-et-vacances\/\"},{\"@type\":\"ListItem\",\"position\":2,\"name\":\"Pr\u00e9sentation\"}]},{\"@type\":\"WebSite\",\"@id\":\"https:\/\/www.coachwp.fr\/pierre-et-vacances\/#website\",\"url\":\"https:\/\/www.coachwp.fr\/pierre-et-vacances\/\",\"name\":\"Horizons M\u00e9dias\",\"description\":\"Votre source d&#039;information sur le Groupe Pierre &amp; Vacances-Center Parcs\",\"potentialAction\":[{\"@type\":\"SearchAction\",\"target\":{\"@type\":\"EntryPoint\",\"urlTemplate\":\"https:\/\/www.coachwp.fr\/pierre-et-vacances\/?s={search_term_string}\"},\"query-input\":{\"@type\":\"PropertyValueSpecification\",\"valueRequired\":true,\"valueName\":\"search_term_string\"}}],\"inLanguage\":\"fr-FR\"}]}<\/script>\n<!-- \/ Yoast SEO plugin. -->","yoast_head_json":{"title":"Pr\u00e9sentation - Horizons M\u00e9dias","robots":{"index":"index","follow":"follow","max-snippet":"max-snippet:-1","max-image-preview":"max-image-preview:large","max-video-preview":"max-video-preview:-1"},"canonical":"https:\/\/www.coachwp.fr\/pierre-et-vacances\/presentation-histoire-gouvernance\/","og_locale":"fr_FR","og_type":"article","og_title":"Pr\u00e9sentation - Horizons M\u00e9dias","og_description":"Informations l\u00e9galesVoici les renseignements g\u00e9n\u00e9raux\u00a0 concernant le Groupe PVCP :\u00a0 Forme juridique : Soci\u00e9t\u00e9 Anonyme \u00e0 conseil d'administration (s.a.i.) au capital de 4.544.371,128 \u20ac Si\u00e8ge social : L\u2019Artois - Espace Pont de Flandre - 11 rue de Cambrai - 75947 PARIS CEDEX 19 Registre du commerce : Immatricul\u00e9e au RCS PARIS sous le N\u00b0 316 [&hellip;]","og_url":"https:\/\/www.coachwp.fr\/pierre-et-vacances\/presentation-histoire-gouvernance\/","og_site_name":"Horizons M\u00e9dias","article_modified_time":"2025-06-01T13:58:37+00:00","twitter_card":"summary_large_image","twitter_misc":{"Dur\u00e9e de lecture estim\u00e9e":"5 minutes"},"schema":{"@context":"https:\/\/schema.org","@graph":[{"@type":"WebPage","@id":"https:\/\/www.coachwp.fr\/pierre-et-vacances\/presentation-histoire-gouvernance\/","url":"https:\/\/www.coachwp.fr\/pierre-et-vacances\/presentation-histoire-gouvernance\/","name":"Pr\u00e9sentation - Horizons M\u00e9dias","isPartOf":{"@id":"https:\/\/www.coachwp.fr\/pierre-et-vacances\/#website"},"datePublished":"2025-05-06T13:07:32+00:00","dateModified":"2025-06-01T13:58:37+00:00","breadcrumb":{"@id":"https:\/\/www.coachwp.fr\/pierre-et-vacances\/presentation-histoire-gouvernance\/#breadcrumb"},"inLanguage":"fr-FR","potentialAction":[{"@type":"ReadAction","target":["https:\/\/www.coachwp.fr\/pierre-et-vacances\/presentation-histoire-gouvernance\/"]}]},{"@type":"BreadcrumbList","@id":"https:\/\/www.coachwp.fr\/pierre-et-vacances\/presentation-histoire-gouvernance\/#breadcrumb","itemListElement":[{"@type":"ListItem","position":1,"name":"Accueil","item":"https:\/\/www.coachwp.fr\/pierre-et-vacances\/"},{"@type":"ListItem","position":2,"name":"Pr\u00e9sentation"}]},{"@type":"WebSite","@id":"https:\/\/www.coachwp.fr\/pierre-et-vacances\/#website","url":"https:\/\/www.coachwp.fr\/pierre-et-vacances\/","name":"Horizons M\u00e9dias","description":"Votre source d&#039;information sur le Groupe Pierre &amp; Vacances-Center Parcs","potentialAction":[{"@type":"SearchAction","target":{"@type":"EntryPoint","urlTemplate":"https:\/\/www.coachwp.fr\/pierre-et-vacances\/?s={search_term_string}"},"query-input":{"@type":"PropertyValueSpecification","valueRequired":true,"valueName":"search_term_string"}}],"inLanguage":"fr-FR"}]}},"_links":{"self":[{"href":"https:\/\/www.coachwp.fr\/pierre-et-vacances\/wp-json\/wp\/v2\/pages\/265","targetHints":{"allow":["GET"]}}],"collection":[{"href":"https:\/\/www.coachwp.fr\/pierre-et-vacances\/wp-json\/wp\/v2\/pages"}],"about":[{"href":"https:\/\/www.coachwp.fr\/pierre-et-vacances\/wp-json\/wp\/v2\/types\/page"}],"author":[{"embeddable":true,"href":"https:\/\/www.coachwp.fr\/pierre-et-vacances\/wp-json\/wp\/v2\/users\/4"}],"replies":[{"embeddable":true,"href":"https:\/\/www.coachwp.fr\/pierre-et-vacances\/wp-json\/wp\/v2\/comments?post=265"}],"version-history":[{"count":47,"href":"https:\/\/www.coachwp.fr\/pierre-et-vacances\/wp-json\/wp\/v2\/pages\/265\/revisions"}],"predecessor-version":[{"id":1923,"href":"https:\/\/www.coachwp.fr\/pierre-et-vacances\/wp-json\/wp\/v2\/pages\/265\/revisions\/1923"}],"wp:attachment":[{"href":"https:\/\/www.coachwp.fr\/pierre-et-vacances\/wp-json\/wp\/v2\/media?parent=265"}],"curies":[{"name":"wp","href":"https:\/\/api.w.org\/{rel}","templated":true}]}}