{"id":219,"date":"2026-02-02T12:11:30","date_gmt":"2026-02-02T12:11:30","guid":{"rendered":"https:\/\/www.coachwp.fr\/ebd26g3\/?page_id=219"},"modified":"2026-03-06T11:30:24","modified_gmt":"2026-03-06T11:30:24","slug":"actualites-agenda","status":"publish","type":"page","link":"https:\/\/www.coachwp.fr\/ebd26g3\/actualites-agenda\/","title":{"rendered":"Actualit\u00e9s Agenda"},"content":{"rendered":"<p>[et_pb_section fb_built=\u00a0\u00bb1&Prime; _builder_version=\u00a0\u00bb4.27.5&Prime; _module_preset=\u00a0\u00bbdefault\u00a0\u00bb background_color=\u00a0\u00bb#ADADAD\u00a0\u00bb custom_padding=\u00a0\u00bb||54px|||\u00a0\u00bb global_colors_info=\u00a0\u00bb{}\u00a0\u00bb][et_pb_row column_structure=\u00a0\u00bb3_5,2_5&Prime; _builder_version=\u00a0\u00bb4.27.5&Prime; _module_preset=\u00a0\u00bbdefault\u00a0\u00bb global_colors_info=\u00a0\u00bb{}\u00a0\u00bb][et_pb_column type=\u00a0\u00bb3_5&Prime; _builder_version=\u00a0\u00bb4.27.5&Prime; _module_preset=\u00a0\u00bbdefault\u00a0\u00bb global_colors_info=\u00a0\u00bb{}\u00a0\u00bb][et_pb_text _builder_version=\u00a0\u00bb4.27.5&Prime; _module_preset=\u00a0\u00bbdefault\u00a0\u00bb text_text_color=\u00a0\u00bb#FFFFFF\u00a0\u00bb text_orientation=\u00a0\u00bbcenter\u00a0\u00bb text_text_shadow_style=\u00a0\u00bbpreset2&Prime; global_colors_info=\u00a0\u00bb{}\u00a0\u00bb]<\/p>\n<h1 style=\"text-align: center;\"><span style=\"color: #f4f4f4;\"><strong>Agenda <\/strong><\/span><\/h1>\n<h1 style=\"text-align: center;\"><span style=\"color: #f4f4f4;\"><strong>des Professionnels de la Documentation<\/strong><\/span><\/h1>\n<p>[\/et_pb_text][et_pb_text _builder_version=\u00a0\u00bb4.27.5&Prime; _module_preset=\u00a0\u00bbdefault\u00a0\u00bb global_colors_info=\u00a0\u00bb{}\u00a0\u00bb]<\/p>\n<h2 style=\"text-align: center;\">Les prochains \u00e9v\u00e9nements<\/h2>\n<p>[\/et_pb_text][\/et_pb_column][et_pb_column type=\u00a0\u00bb2_5&Prime; _builder_version=\u00a0\u00bb4.27.5&Prime; _module_preset=\u00a0\u00bbdefault\u00a0\u00bb global_colors_info=\u00a0\u00bb{}\u00a0\u00bb][et_pb_image src=\u00a0\u00bbhttps:\/\/www.coachwp.fr\/ebd26g3\/wp-content\/uploads\/2026\/02\/bwoaixlg0uc-e1770645898661.jpg\u00a0\u00bb alt=\u00a0\u00bba calendar with red push buttons pinned to it\u00a0\u00bb title_text=\u00a0\u00bbPhoto by Towfiqu barbhuiya\u00a0\u00bb _builder_version=\u00a0\u00bb4.27.5&Prime; _module_preset=\u00a0\u00bbdefault\u00a0\u00bb global_colors_info=\u00a0\u00bb{}\u00a0\u00bb][\/et_pb_image][\/et_pb_column][\/et_pb_row][et_pb_row column_structure=\u00a0\u00bb1_3,1_3,1_3&Prime; _builder_version=\u00a0\u00bb4.27.5&Prime; _module_preset=\u00a0\u00bbdefault\u00a0\u00bb global_colors_info=\u00a0\u00bb{}\u00a0\u00bb][et_pb_column type=\u00a0\u00bb1_3&Prime; _builder_version=\u00a0\u00bb4.27.5&Prime; _module_preset=\u00a0\u00bbdefault\u00a0\u00bb global_colors_info=\u00a0\u00bb{}\u00a0\u00bb][et_pb_toggle title=\u00a0\u00bbVisite de la DEFENSE\u00a0\u00bb open_toggle_text_color=\u00a0\u00bb#FFFFFF\u00a0\u00bb closed_toggle_text_color=\u00a0\u00bb#FFFFFF\u00a0\u00bb _builder_version=\u00a0\u00bb4.27.5&Prime; _module_preset=\u00a0\u00bbdefault\u00a0\u00bb title_text_color=\u00a0\u00bb#161616&Prime; title_font=\u00a0\u00bb||||||||\u00a0\u00bb title_text_align=\u00a0\u00bbright\u00a0\u00bb background_image=\u00a0\u00bbhttps:\/\/www.coachwp.fr\/ebd26g3\/wp-content\/uploads\/2026\/02\/360_F_52149432_4FhRgWtKJQFCM299StO3te3zwXF5KAfE.jpg\u00a0\u00bb background_position=\u00a0\u00bbbottom_center\u00a0\u00bb text_orientation=\u00a0\u00bbjustified\u00a0\u00bb global_colors_info=\u00a0\u00bb{}\u00a0\u00bb]<\/p>\n<p style=\"text-align: justify;\"><strong><span style=\"color: #ffffff;\">Le 9 fevrier apr\u00e8s-midi, parcourez le Parvis de la D\u00e9fense en compagnie de Lucie Y., guide-conf\u00e9renciere qui nous fera d\u00e9couvrir les lieux embl\u00e9matiques du Savoir.<\/span><\/strong><\/p>\n<p>[\/et_pb_toggle][\/et_pb_column][et_pb_column type=\u00a0\u00bb1_3&Prime; _builder_version=\u00a0\u00bb4.27.5&Prime; _module_preset=\u00a0\u00bbdefault\u00a0\u00bb global_colors_info=\u00a0\u00bb{}\u00a0\u00bb][et_pb_toggle title=\u00a0\u00bbSalon Documation\u00a0\u00bb _builder_version=\u00a0\u00bb4.27.5&Prime; _module_preset=\u00a0\u00bbdefault\u00a0\u00bb background_enable_image=\u00a0\u00bboff\u00a0\u00bb background_position=\u00a0\u00bbbottom_center\u00a0\u00bb background_vertical_offset=\u00a0\u00bb0%\u00a0\u00bb link_option_url=\u00a0\u00bbhttps:\/\/www.documation.fr\/?gad_source=1&#038;gad_campaignid=23302758426&#038;gclid=CjwKCAiAncvMBhBEEiwA9GU_fteXtVxuT5Lmgsbeod3pjTXlSrgBZ8sMwTS2xf7SAjRg2LV8WgGn5hoCIWkQAvD_BwE\u00a0\u00bb global_colors_info=\u00a0\u00bb{}\u00a0\u00bb]<\/p>\n<p><img loading=\"lazy\" decoding=\"async\" src=\"https:\/\/www.coachwp.fr\/ebd26g3\/wp-content\/uploads\/2026\/02\/image_2026-02-16_110558289-150x150.png\" width=\"150\" height=\"150\" alt=\"\" class=\"wp-image-640 alignnone size-thumbnail\" \/>Cette ann\u00e9e, il aura lieu le 24 mars 2026 Porte de Versailles. Les pass d&rsquo;acc\u00e8s sont \u00e0 retirer sur le site.<\/p>\n<p>[\/et_pb_toggle][\/et_pb_column][et_pb_column type=\u00a0\u00bb1_3&Prime; _builder_version=\u00a0\u00bb4.27.5&Prime; _module_preset=\u00a0\u00bbdefault\u00a0\u00bb global_colors_info=\u00a0\u00bb{}\u00a0\u00bb][et_pb_toggle title=\u00a0\u00bbTable Ronde EBD IA &#038; Droit\u00a0\u00bb open_toggle_text_color=\u00a0\u00bb#FFFFFF\u00a0\u00bb _builder_version=\u00a0\u00bb4.27.5&Prime; _module_preset=\u00a0\u00bbdefault\u00a0\u00bb background_color=\u00a0\u00bbrgba(173,34,157,0.29)\u00a0\u00bb global_colors_info=\u00a0\u00bb{}\u00a0\u00bb]<\/p>\n<p>Venez assister \u00e0 la Table Ronde \u00ab\u00a0IA &amp; Droit\u00a0\u00bb le 10 f\u00e9vrier \u00e0 18h. Le lien Teams est \u00e0 demander en cliquant sur le lien suivant.<\/p>\n<p>[\/et_pb_toggle][\/et_pb_column][\/et_pb_row][et_pb_row column_structure=\u00a0\u00bb1_3,1_3,1_3&Prime; _builder_version=\u00a0\u00bb4.27.5&Prime; _module_preset=\u00a0\u00bbdefault\u00a0\u00bb hover_enabled=\u00a0\u00bb0&Prime; global_colors_info=\u00a0\u00bb{}\u00a0\u00bb sticky_enabled=\u00a0\u00bb0&Prime;][et_pb_column type=\u00a0\u00bb1_3&Prime; _builder_version=\u00a0\u00bb4.27.5&Prime; _module_preset=\u00a0\u00bbdefault\u00a0\u00bb global_colors_info=\u00a0\u00bb{}\u00a0\u00bb][et_pb_toggle title=\u00a0\u00bbSalon du Livre Paris 2026&Prime; open=\u00a0\u00bbon\u00a0\u00bb _builder_version=\u00a0\u00bb4.27.5&Prime; _module_preset=\u00a0\u00bbdefault\u00a0\u00bb background_color=\u00a0\u00bb#ae63e8&Prime; hover_enabled=\u00a0\u00bb0&Prime; global_colors_info=\u00a0\u00bb{}\u00a0\u00bb title__hover_enabled=\u00a0\u00bboff|desktop\u00a0\u00bb sticky_enabled=\u00a0\u00bb0&Prime;]<\/p>\n<p>Il se tiendra cette ann\u00e9e le 20 juin \u00e0 la Villette.<\/p>\n<p>[\/et_pb_toggle][\/et_pb_column][et_pb_column type=\u00a0\u00bb1_3&Prime; _builder_version=\u00a0\u00bb4.27.5&Prime; _module_preset=\u00a0\u00bbdefault\u00a0\u00bb global_colors_info=\u00a0\u00bb{}\u00a0\u00bb][\/et_pb_column][et_pb_column type=\u00a0\u00bb1_3&Prime; _builder_version=\u00a0\u00bb4.27.5&Prime; _module_preset=\u00a0\u00bbdefault\u00a0\u00bb global_colors_info=\u00a0\u00bb{}\u00a0\u00bb][\/et_pb_column][\/et_pb_row][\/et_pb_section][et_pb_section fb_built=\u00a0\u00bb1&Prime; fullwidth=\u00a0\u00bbon\u00a0\u00bb _builder_version=\u00a0\u00bb4.27.5&Prime; _module_preset=\u00a0\u00bbdefault\u00a0\u00bb global_colors_info=\u00a0\u00bb{}\u00a0\u00bb][\/et_pb_section][et_pb_section fb_built=\u00a0\u00bb1&Prime; _builder_version=\u00a0\u00bb4.27.5&Prime; _module_preset=\u00a0\u00bbdefault\u00a0\u00bb min_height=\u00a0\u00bb127.8px\u00a0\u00bb custom_margin=\u00a0\u00bb||-59px|||\u00a0\u00bb custom_padding=\u00a0\u00bb0px||0px|||\u00a0\u00bb global_colors_info=\u00a0\u00bb{}\u00a0\u00bb][et_pb_row column_structure=\u00a0\u00bb1_3,1_3,1_3&Prime; _builder_version=\u00a0\u00bb4.27.5&Prime; _module_preset=\u00a0\u00bbdefault\u00a0\u00bb custom_margin=\u00a0\u00bb|auto|-20px|auto||\u00a0\u00bb global_colors_info=\u00a0\u00bb{}\u00a0\u00bb][et_pb_column type=\u00a0\u00bb1_3&Prime; _builder_version=\u00a0\u00bb4.27.5&Prime; _module_preset=\u00a0\u00bbdefault\u00a0\u00bb global_colors_info=\u00a0\u00bb{}\u00a0\u00bb][et_pb_text _builder_version=\u00a0\u00bb4.27.5&Prime; _module_preset=\u00a0\u00bbdefault\u00a0\u00bb text_font=\u00a0\u00bbAbril Fatface||||||||\u00a0\u00bb text_font_size=\u00a0\u00bb17px\u00a0\u00bb global_colors_info=\u00a0\u00bb{}\u00a0\u00bb background__hover_enabled=\u00a0\u00bboff|desktop\u00a0\u00bb]<\/p>\n<p style=\"text-align: right;\">Contact<\/p>\n<p style=\"text-align: left;\">[\/et_pb_text][\/et_pb_column][et_pb_column type=\u00a0\u00bb1_3&Prime; _builder_version=\u00a0\u00bb4.27.5&Prime; _module_preset=\u00a0\u00bbdefault\u00a0\u00bb global_colors_info=\u00a0\u00bb{}\u00a0\u00bb][et_pb_text _builder_version=\u00a0\u00bb4.27.5&Prime; _module_preset=\u00a0\u00bbdefault\u00a0\u00bb text_font=\u00a0\u00bbAbril Fatface||||||||\u00a0\u00bb text_font_size=\u00a0\u00bb17px\u00a0\u00bb global_colors_info=\u00a0\u00bb{}\u00a0\u00bb]<\/p>\n<p style=\"text-align: center;\">Mentions l\u00e9gales<\/p>\n<p>[\/et_pb_text][\/et_pb_column][et_pb_column type=\u00a0\u00bb1_3&Prime; _builder_version=\u00a0\u00bb4.27.5&Prime; _module_preset=\u00a0\u00bbdefault\u00a0\u00bb global_colors_info=\u00a0\u00bb{}\u00a0\u00bb][et_pb_text _builder_version=\u00a0\u00bb4.27.5&Prime; _module_preset=\u00a0\u00bbdefault\u00a0\u00bb text_font=\u00a0\u00bbAbril Fatface||||||||\u00a0\u00bb text_font_size=\u00a0\u00bb17px\u00a0\u00bb global_colors_info=\u00a0\u00bb{}\u00a0\u00bb]<\/p>\n<p style=\"text-align: left;\">FAQs<\/p>\n<p>[\/et_pb_text][\/et_pb_column][\/et_pb_row][\/et_pb_section]<\/p>\n","protected":false},"excerpt":{"rendered":"<p>Agenda des Professionnels de la DocumentationLes prochains \u00e9v\u00e9nementsLe 9 fevrier apr\u00e8s-midi, parcourez le Parvis de la D\u00e9fense en compagnie de Lucie Y., guide-conf\u00e9renciere qui nous fera d\u00e9couvrir les lieux embl\u00e9matiques du Savoir.Cette ann\u00e9e, il aura lieu le 24 mars 2026 Porte de Versailles. Les pass d&rsquo;acc\u00e8s sont \u00e0 retirer sur le site.Venez assister \u00e0 la [&hellip;]<\/p>\n","protected":false},"author":5,"featured_media":0,"parent":0,"menu_order":0,"comment_status":"closed","ping_status":"closed","template":"","meta":{"_acf_changed":false,"_et_pb_use_builder":"on","_et_pb_old_content":"","_et_gb_content_width":"","_uag_custom_page_level_css":"","footnotes":""},"class_list":["post-219","page","type-page","status-publish","hentry"],"acf":[],"yoast_head":"<!-- This site is optimized with the Yoast SEO plugin v27.0 - https:\/\/yoast.com\/product\/yoast-seo-wordpress\/ -->\n<title>Actualit\u00e9s Agenda - M\u00e9tiersDoc<\/title>\n<meta name=\"robots\" content=\"index, follow, max-snippet:-1, max-image-preview:large, max-video-preview:-1\" \/>\n<link rel=\"canonical\" href=\"https:\/\/www.coachwp.fr\/ebd26g3\/actualites-agenda\/\" \/>\n<meta property=\"og:locale\" content=\"fr_FR\" \/>\n<meta property=\"og:type\" content=\"article\" \/>\n<meta property=\"og:title\" content=\"Actualit\u00e9s Agenda - M\u00e9tiersDoc\" \/>\n<meta property=\"og:description\" content=\"Agenda des Professionnels de la DocumentationLes prochains \u00e9v\u00e9nementsLe 9 fevrier apr\u00e8s-midi, parcourez le Parvis de la D\u00e9fense en compagnie de Lucie Y., guide-conf\u00e9renciere qui nous fera d\u00e9couvrir les lieux embl\u00e9matiques du Savoir.Cette ann\u00e9e, il aura lieu le 24 mars 2026 Porte de Versailles. Les pass d&#039;acc\u00e8s sont \u00e0 retirer sur le site.Venez assister \u00e0 la [&hellip;]\" \/>\n<meta property=\"og:url\" content=\"https:\/\/www.coachwp.fr\/ebd26g3\/actualites-agenda\/\" \/>\n<meta property=\"og:site_name\" content=\"M\u00e9tiersDoc\" \/>\n<meta property=\"article:modified_time\" content=\"2026-03-06T11:30:24+00:00\" \/>\n<meta property=\"og:image\" content=\"https:\/\/www.coachwp.fr\/ebd26g3\/wp-content\/uploads\/2026\/02\/image_2026-02-16_110558289-150x150.png\" \/>\n<meta name=\"twitter:card\" content=\"summary_large_image\" \/>\n<script type=\"application\/ld+json\" class=\"yoast-schema-graph\">{\"@context\":\"https:\/\/schema.org\",\"@graph\":[{\"@type\":\"WebPage\",\"@id\":\"https:\/\/www.coachwp.fr\/ebd26g3\/actualites-agenda\/\",\"url\":\"https:\/\/www.coachwp.fr\/ebd26g3\/actualites-agenda\/\",\"name\":\"Actualit\u00e9s Agenda - M\u00e9tiersDoc\",\"isPartOf\":{\"@id\":\"https:\/\/www.coachwp.fr\/ebd26g3\/#website\"},\"primaryImageOfPage\":{\"@id\":\"https:\/\/www.coachwp.fr\/ebd26g3\/actualites-agenda\/#primaryimage\"},\"image\":{\"@id\":\"https:\/\/www.coachwp.fr\/ebd26g3\/actualites-agenda\/#primaryimage\"},\"thumbnailUrl\":\"https:\/\/www.coachwp.fr\/ebd26g3\/wp-content\/uploads\/2026\/02\/image_2026-02-16_110558289-150x150.png\",\"datePublished\":\"2026-02-02T12:11:30+00:00\",\"dateModified\":\"2026-03-06T11:30:24+00:00\",\"breadcrumb\":{\"@id\":\"https:\/\/www.coachwp.fr\/ebd26g3\/actualites-agenda\/#breadcrumb\"},\"inLanguage\":\"fr-FR\",\"potentialAction\":[{\"@type\":\"ReadAction\",\"target\":[\"https:\/\/www.coachwp.fr\/ebd26g3\/actualites-agenda\/\"]}]},{\"@type\":\"ImageObject\",\"inLanguage\":\"fr-FR\",\"@id\":\"https:\/\/www.coachwp.fr\/ebd26g3\/actualites-agenda\/#primaryimage\",\"url\":\"https:\/\/www.coachwp.fr\/ebd26g3\/wp-content\/uploads\/2026\/02\/image_2026-02-16_110558289-e1771338941784.png\",\"contentUrl\":\"https:\/\/www.coachwp.fr\/ebd26g3\/wp-content\/uploads\/2026\/02\/image_2026-02-16_110558289-e1771338941784.png\",\"width\":100,\"height\":51},{\"@type\":\"BreadcrumbList\",\"@id\":\"https:\/\/www.coachwp.fr\/ebd26g3\/actualites-agenda\/#breadcrumb\",\"itemListElement\":[{\"@type\":\"ListItem\",\"position\":1,\"name\":\"Accueil\",\"item\":\"https:\/\/www.coachwp.fr\/ebd26g3\/\"},{\"@type\":\"ListItem\",\"position\":2,\"name\":\"Actualit\u00e9s Agenda\"}]},{\"@type\":\"WebSite\",\"@id\":\"https:\/\/www.coachwp.fr\/ebd26g3\/#website\",\"url\":\"https:\/\/www.coachwp.fr\/ebd26g3\/\",\"name\":\"M\u00e9tiersDoc\",\"description\":\"\",\"potentialAction\":[{\"@type\":\"SearchAction\",\"target\":{\"@type\":\"EntryPoint\",\"urlTemplate\":\"https:\/\/www.coachwp.fr\/ebd26g3\/?s={search_term_string}\"},\"query-input\":{\"@type\":\"PropertyValueSpecification\",\"valueRequired\":true,\"valueName\":\"search_term_string\"}}],\"inLanguage\":\"fr-FR\"}]}<\/script>\n<!-- \/ Yoast SEO plugin. -->","yoast_head_json":{"title":"Actualit\u00e9s Agenda - M\u00e9tiersDoc","robots":{"index":"index","follow":"follow","max-snippet":"max-snippet:-1","max-image-preview":"max-image-preview:large","max-video-preview":"max-video-preview:-1"},"canonical":"https:\/\/www.coachwp.fr\/ebd26g3\/actualites-agenda\/","og_locale":"fr_FR","og_type":"article","og_title":"Actualit\u00e9s Agenda - M\u00e9tiersDoc","og_description":"Agenda des Professionnels de la DocumentationLes prochains \u00e9v\u00e9nementsLe 9 fevrier apr\u00e8s-midi, parcourez le Parvis de la D\u00e9fense en compagnie de Lucie Y., guide-conf\u00e9renciere qui nous fera d\u00e9couvrir les lieux embl\u00e9matiques du Savoir.Cette ann\u00e9e, il aura lieu le 24 mars 2026 Porte de Versailles. Les pass d'acc\u00e8s sont \u00e0 retirer sur le site.Venez assister \u00e0 la [&hellip;]","og_url":"https:\/\/www.coachwp.fr\/ebd26g3\/actualites-agenda\/","og_site_name":"M\u00e9tiersDoc","article_modified_time":"2026-03-06T11:30:24+00:00","og_image":[{"url":"https:\/\/www.coachwp.fr\/ebd26g3\/wp-content\/uploads\/2026\/02\/image_2026-02-16_110558289-150x150.png","type":"","width":"","height":""}],"twitter_card":"summary_large_image","schema":{"@context":"https:\/\/schema.org","@graph":[{"@type":"WebPage","@id":"https:\/\/www.coachwp.fr\/ebd26g3\/actualites-agenda\/","url":"https:\/\/www.coachwp.fr\/ebd26g3\/actualites-agenda\/","name":"Actualit\u00e9s Agenda - M\u00e9tiersDoc","isPartOf":{"@id":"https:\/\/www.coachwp.fr\/ebd26g3\/#website"},"primaryImageOfPage":{"@id":"https:\/\/www.coachwp.fr\/ebd26g3\/actualites-agenda\/#primaryimage"},"image":{"@id":"https:\/\/www.coachwp.fr\/ebd26g3\/actualites-agenda\/#primaryimage"},"thumbnailUrl":"https:\/\/www.coachwp.fr\/ebd26g3\/wp-content\/uploads\/2026\/02\/image_2026-02-16_110558289-150x150.png","datePublished":"2026-02-02T12:11:30+00:00","dateModified":"2026-03-06T11:30:24+00:00","breadcrumb":{"@id":"https:\/\/www.coachwp.fr\/ebd26g3\/actualites-agenda\/#breadcrumb"},"inLanguage":"fr-FR","potentialAction":[{"@type":"ReadAction","target":["https:\/\/www.coachwp.fr\/ebd26g3\/actualites-agenda\/"]}]},{"@type":"ImageObject","inLanguage":"fr-FR","@id":"https:\/\/www.coachwp.fr\/ebd26g3\/actualites-agenda\/#primaryimage","url":"https:\/\/www.coachwp.fr\/ebd26g3\/wp-content\/uploads\/2026\/02\/image_2026-02-16_110558289-e1771338941784.png","contentUrl":"https:\/\/www.coachwp.fr\/ebd26g3\/wp-content\/uploads\/2026\/02\/image_2026-02-16_110558289-e1771338941784.png","width":100,"height":51},{"@type":"BreadcrumbList","@id":"https:\/\/www.coachwp.fr\/ebd26g3\/actualites-agenda\/#breadcrumb","itemListElement":[{"@type":"ListItem","position":1,"name":"Accueil","item":"https:\/\/www.coachwp.fr\/ebd26g3\/"},{"@type":"ListItem","position":2,"name":"Actualit\u00e9s Agenda"}]},{"@type":"WebSite","@id":"https:\/\/www.coachwp.fr\/ebd26g3\/#website","url":"https:\/\/www.coachwp.fr\/ebd26g3\/","name":"M\u00e9tiersDoc","description":"","potentialAction":[{"@type":"SearchAction","target":{"@type":"EntryPoint","urlTemplate":"https:\/\/www.coachwp.fr\/ebd26g3\/?s={search_term_string}"},"query-input":{"@type":"PropertyValueSpecification","valueRequired":true,"valueName":"search_term_string"}}],"inLanguage":"fr-FR"}]}},"uagb_featured_image_src":{"full":false,"thumbnail":false,"medium":false,"medium_large":false,"large":false,"1536x1536":false,"2048x2048":false,"et-pb-post-main-image":false,"et-pb-post-main-image-fullwidth":false,"et-pb-portfolio-image":false,"et-pb-portfolio-module-image":false,"et-pb-portfolio-image-single":false,"et-pb-gallery-module-image-portrait":false,"et-pb-post-main-image-fullwidth-large":false,"et-pb-image--responsive--desktop":false,"et-pb-image--responsive--tablet":false,"et-pb-image--responsive--phone":false},"uagb_author_info":{"display_name":"Agnes MARIOTTE","author_link":"https:\/\/www.coachwp.fr\/ebd26g3\/author\/a-mariotteebd-fr\/"},"uagb_comment_info":0,"uagb_excerpt":"Agenda des Professionnels de la DocumentationLes prochains \u00e9v\u00e9nementsLe 9 fevrier apr\u00e8s-midi, parcourez le Parvis de la D\u00e9fense en compagnie de Lucie Y., guide-conf\u00e9renciere qui nous fera d\u00e9couvrir les lieux embl\u00e9matiques du Savoir.Cette ann\u00e9e, il aura lieu le 24 mars 2026 Porte de Versailles. Les pass d'acc\u00e8s sont \u00e0 retirer sur le site.Venez assister \u00e0 la\u2026","_links":{"self":[{"href":"https:\/\/www.coachwp.fr\/ebd26g3\/wp-json\/wp\/v2\/pages\/219","targetHints":{"allow":["GET"]}}],"collection":[{"href":"https:\/\/www.coachwp.fr\/ebd26g3\/wp-json\/wp\/v2\/pages"}],"about":[{"href":"https:\/\/www.coachwp.fr\/ebd26g3\/wp-json\/wp\/v2\/types\/page"}],"author":[{"embeddable":true,"href":"https:\/\/www.coachwp.fr\/ebd26g3\/wp-json\/wp\/v2\/users\/5"}],"replies":[{"embeddable":true,"href":"https:\/\/www.coachwp.fr\/ebd26g3\/wp-json\/wp\/v2\/comments?post=219"}],"version-history":[{"count":37,"href":"https:\/\/www.coachwp.fr\/ebd26g3\/wp-json\/wp\/v2\/pages\/219\/revisions"}],"predecessor-version":[{"id":1118,"href":"https:\/\/www.coachwp.fr\/ebd26g3\/wp-json\/wp\/v2\/pages\/219\/revisions\/1118"}],"wp:attachment":[{"href":"https:\/\/www.coachwp.fr\/ebd26g3\/wp-json\/wp\/v2\/media?parent=219"}],"curies":[{"name":"wp","href":"https:\/\/api.w.org\/{rel}","templated":true}]}}