{"id":12,"date":"2026-01-26T08:41:10","date_gmt":"2026-01-26T08:41:10","guid":{"rendered":"https:\/\/www.coachwp.fr\/ebd26g3\/?page_id=12"},"modified":"2026-02-09T11:03:50","modified_gmt":"2026-02-09T11:03:50","slug":"entretiens-professionnels","status":"publish","type":"page","link":"https:\/\/www.coachwp.fr\/ebd26g3\/entretiens-professionnels\/","title":{"rendered":"Entretiens Professionnels"},"content":{"rendered":"<p>[et_pb_section fb_built=\u00a0\u00bb1&Prime; _builder_version=\u00a0\u00bb4.27.5&Prime; _module_preset=\u00a0\u00bbdefault\u00a0\u00bb min_height=\u00a0\u00bb653px\u00a0\u00bb top_divider_style=\u00a0\u00bbmountains2&Prime; top_divider_color=\u00a0\u00bb#C2AB92&Prime; hover_enabled=\u00a0\u00bb0&Prime; global_colors_info=\u00a0\u00bb{}\u00a0\u00bb sticky_enabled=\u00a0\u00bb0&Prime;][et_pb_row _builder_version=\u00a0\u00bb4.27.5&Prime; _module_preset=\u00a0\u00bbdefault\u00a0\u00bb hover_enabled=\u00a0\u00bb0&Prime; global_colors_info=\u00a0\u00bb{}\u00a0\u00bb custom_padding=\u00a0\u00bb|||0px||\u00a0\u00bb sticky_enabled=\u00a0\u00bb0&Prime; transform_scale=\u00a0\u00bb104%|104%\u00a0\u00bb animation_style=\u00a0\u00bbfold\u00a0\u00bb animation_direction=\u00a0\u00bbleft\u00a0\u00bb][et_pb_column _builder_version=\u00a0\u00bb4.27.5&Prime; _module_preset=\u00a0\u00bbdefault\u00a0\u00bb type=\u00a0\u00bb4_4&Prime;][et_pb_text _builder_version=\u00a0\u00bb4.27.5&Prime; _module_preset=\u00a0\u00bbdefault\u00a0\u00bb hover_enabled=\u00a0\u00bb0&Prime; global_colors_info=\u00a0\u00bb{}\u00a0\u00bb custom_padding=\u00a0\u00bb7px||0px||false|false\u00a0\u00bb min_height=\u00a0\u00bb0px\u00a0\u00bb header_4_text_color=\u00a0\u00bb#ADADAD\u00a0\u00bb header_4_text_shadow_style=\u00a0\u00bbpreset2&Prime; custom_margin=\u00a0\u00bb4px|||-245px|false|false\u00a0\u00bb sticky_enabled=\u00a0\u00bb0&Prime;]<\/p>\n<h4><span style=\"font-size: xx-large;\"><strong>Les derniers entretiens<\/strong>\u00a0<\/span><\/h4>\n<p>[\/et_pb_text][\/et_pb_column][\/et_pb_row][et_pb_row column_structure=\u00a0\u00bb1_4,1_4,1_4,1_4&Prime; make_equal=\u00a0\u00bbon\u00a0\u00bb admin_label=\u00a0\u00bbLigne\u00a0\u00bb _builder_version=\u00a0\u00bb4.27.5&Prime; _module_preset=\u00a0\u00bbdefault\u00a0\u00bb background_color=\u00a0\u00bb#C2AB92&Prime; background_enable_mask_style=\u00a0\u00bbon\u00a0\u00bb width=\u00a0\u00bb100%\u00a0\u00bb max_width=\u00a0\u00bb2560px\u00a0\u00bb module_alignment=\u00a0\u00bbcenter\u00a0\u00bb min_height=\u00a0\u00bb575px\u00a0\u00bb filter_saturate=\u00a0\u00bb123%\u00a0\u00bb filter_contrast=\u00a0\u00bb97%\u00a0\u00bb animation_style=\u00a0\u00bbflip\u00a0\u00bb hover_enabled=\u00a0\u00bb0&Prime; box_shadow_style=\u00a0\u00bbpreset3&Prime; global_colors_info=\u00a0\u00bb{}\u00a0\u00bb custom_margin=\u00a0\u00bb|0px|||false|false\u00a0\u00bb custom_padding=\u00a0\u00bb||||false\u00a0\u00bb sticky_enabled=\u00a0\u00bb0&Prime;][et_pb_column type=\u00a0\u00bb1_4&Prime; _builder_version=\u00a0\u00bb4.27.5&Prime; _module_preset=\u00a0\u00bbdefault\u00a0\u00bb global_colors_info=\u00a0\u00bb{}\u00a0\u00bb][et_pb_team_member name=\u00a0\u00bbClaire MARTIN \u00a0\u00bb position=\u00a0\u00bbCharg\u00e9e de veille et d\u2019intelligence informationnelle\u00a0\u00bb image_url=\u00a0\u00bbhttps:\/\/www.coachwp.fr\/ebd26g3\/wp-content\/uploads\/2026\/02\/Capture-decran-2026-02-02-140727.png\u00a0\u00bb _builder_version=\u00a0\u00bb4.27.5&Prime; _module_preset=\u00a0\u00bbdefault\u00a0\u00bb header_text_color=\u00a0\u00bb#000000&Prime; position_text_color=\u00a0\u00bb#000000&Prime; custom_padding=\u00a0\u00bb|2px||||\u00a0\u00bb global_colors_info=\u00a0\u00bb{}\u00a0\u00bb]<\/p>\n<p style=\"text-align: left;\">Sp\u00e9cialis\u00e9e dans la surveillance et l\u2019analyse de l\u2019information strat\u00e9gique, elle accompagne les organisations dans l\u2019identification des tendances, des innovations et des signaux faibles \u00e0 l\u2019aide d\u2019outils de veille num\u00e9rique et d\u2019analyse de donn\u00e9es.<\/p>\n<p>[\/et_pb_team_member][\/et_pb_column][et_pb_column type=\u00a0\u00bb1_4&Prime; _builder_version=\u00a0\u00bb4.27.5&Prime; _module_preset=\u00a0\u00bbdefault\u00a0\u00bb global_colors_info=\u00a0\u00bb{}\u00a0\u00bb][et_pb_team_member name=\u00a0\u00bbJulien LEFEVRE\u00a0\u00bb position=\u00a0\u00bbKnowledge manager \u00a0\u00bb image_url=\u00a0\u00bbhttps:\/\/www.coachwp.fr\/ebd26g3\/wp-content\/uploads\/2026\/02\/Capture-decran-2026-02-02-141411-245&#215;300.png\u00a0\u00bb _builder_version=\u00a0\u00bb4.27.5&Prime; _module_preset=\u00a0\u00bbdefault\u00a0\u00bb header_text_color=\u00a0\u00bb#000000&Prime; position_text_color=\u00a0\u00bb#000000&Prime; global_colors_info=\u00a0\u00bb{}\u00a0\u00bb]<\/p>\n<p>Il pilote la gestion et la capitalisation des connaissances au sein d\u2019organisations complexes. Son r\u00f4le consiste \u00e0 structurer l\u2019information, faciliter le partage des savoirs et accompagner les \u00e9quipes dans l\u2019utilisation d\u2019outils collaboratifs.<\/p>\n<p>[\/et_pb_team_member][\/et_pb_column][et_pb_column type=\u00a0\u00bb1_4&Prime; _builder_version=\u00a0\u00bb4.27.5&Prime; _module_preset=\u00a0\u00bbdefault\u00a0\u00bb global_colors_info=\u00a0\u00bb{}\u00a0\u00bb][et_pb_team_member name=\u00a0\u00bbSophie Bernard\u00a0\u00bb position=\u00a0\u00bbResponsable documentation et GED\u00a0\u00bb image_url=\u00a0\u00bbhttps:\/\/www.coachwp.fr\/ebd26g3\/wp-content\/uploads\/2026\/02\/Capture-decran-2026-02-02-140646.png\u00a0\u00bb _builder_version=\u00a0\u00bb4.27.5&Prime; _module_preset=\u00a0\u00bbdefault\u00a0\u00bb header_text_color=\u00a0\u00bb#000000&Prime; position_text_color=\u00a0\u00bb#000000&Prime; custom_padding=\u00a0\u00bb0px|||||\u00a0\u00bb position_text_shadow_style=\u00a0\u00bbpreset1&Prime; position_text_shadow_color=\u00a0\u00bb#ADADAD\u00a0\u00bb global_colors_info=\u00a0\u00bb{}\u00a0\u00bb]<\/p>\n<p data-start=\"1123\" data-end=\"1398\">Elle est en charge de l\u2019organisation, de la gestion et de la diffusion des documents au sein d\u2019une institution. Son expertise repose sur la mise en place de syst\u00e8mes documentaires fiables, conformes aux normes et aux besoins des utilisateurs.<\/p>\n<p>[\/et_pb_team_member][\/et_pb_column][et_pb_column type=\u00a0\u00bb1_4&Prime; _builder_version=\u00a0\u00bb4.27.5&Prime; _module_preset=\u00a0\u00bbdefault\u00a0\u00bb global_colors_info=\u00a0\u00bb{}\u00a0\u00bb][et_pb_team_member name=\u00a0\u00bbThomas Nguyen\u00a0\u00bb position=\u00a0\u00bbConsultant en transformation num\u00e9rique de l\u2019information\u00a0\u00bb image_url=\u00a0\u00bbhttps:\/\/www.coachwp.fr\/ebd26g3\/wp-content\/uploads\/2026\/02\/Capture-decran-2026-02-02-140309.png\u00a0\u00bb _builder_version=\u00a0\u00bb4.27.5&Prime; _module_preset=\u00a0\u00bbdefault\u00a0\u00bb header_text_color=\u00a0\u00bb#000000&Prime; position_text_color=\u00a0\u00bb#000000&Prime; custom_margin=\u00a0\u00bb1px||4px|||\u00a0\u00bb custom_padding=\u00a0\u00bb|||0px||\u00a0\u00bb global_colors_info=\u00a0\u00bb{}\u00a0\u00bb]<\/p>\n<p>Il accompagne les organisations dans la transition num\u00e9rique de leurs pratiques informationnelles, en int\u00e9grant des outils innovants, des m\u00e9thodes de gestion de l\u2019information et des solutions adapt\u00e9es aux nouveaux enjeux technologiques.<\/p>\n<p>[\/et_pb_team_member][\/et_pb_column][\/et_pb_row][\/et_pb_section]<\/p>\n","protected":false},"excerpt":{"rendered":"<p>Les derniers entretiens\u00a0Sp\u00e9cialis\u00e9e dans la surveillance et l\u2019analyse de l\u2019information strat\u00e9gique, elle accompagne les organisations dans l\u2019identification des tendances, des innovations et des signaux faibles \u00e0 l\u2019aide d\u2019outils de veille num\u00e9rique et d\u2019analyse de donn\u00e9es.Il pilote la gestion et la capitalisation des connaissances au sein d\u2019organisations complexes. Son r\u00f4le consiste \u00e0 structurer l\u2019information, faciliter le [&hellip;]<\/p>\n","protected":false},"author":4,"featured_media":0,"parent":0,"menu_order":0,"comment_status":"closed","ping_status":"closed","template":"","meta":{"_acf_changed":false,"_et_pb_use_builder":"on","_et_pb_old_content":"","_et_gb_content_width":"","_uag_custom_page_level_css":"","footnotes":""},"class_list":["post-12","page","type-page","status-publish","hentry"],"acf":[],"yoast_head":"<!-- This site is optimized with the Yoast SEO plugin v27.0 - https:\/\/yoast.com\/product\/yoast-seo-wordpress\/ -->\n<title>Entretiens Professionnels - M\u00e9tiersDoc<\/title>\n<meta name=\"robots\" content=\"index, follow, max-snippet:-1, max-image-preview:large, max-video-preview:-1\" \/>\n<link rel=\"canonical\" href=\"https:\/\/www.coachwp.fr\/ebd26g3\/entretiens-professionnels\/\" \/>\n<meta property=\"og:locale\" content=\"fr_FR\" \/>\n<meta property=\"og:type\" content=\"article\" \/>\n<meta property=\"og:title\" content=\"Entretiens Professionnels - M\u00e9tiersDoc\" \/>\n<meta property=\"og:description\" content=\"Les derniers entretiens\u00a0Sp\u00e9cialis\u00e9e dans la surveillance et l\u2019analyse de l\u2019information strat\u00e9gique, elle accompagne les organisations dans l\u2019identification des tendances, des innovations et des signaux faibles \u00e0 l\u2019aide d\u2019outils de veille num\u00e9rique et d\u2019analyse de donn\u00e9es.Il pilote la gestion et la capitalisation des connaissances au sein d\u2019organisations complexes. Son r\u00f4le consiste \u00e0 structurer l\u2019information, faciliter le [&hellip;]\" \/>\n<meta property=\"og:url\" content=\"https:\/\/www.coachwp.fr\/ebd26g3\/entretiens-professionnels\/\" \/>\n<meta property=\"og:site_name\" content=\"M\u00e9tiersDoc\" \/>\n<meta property=\"article:modified_time\" content=\"2026-02-09T11:03:50+00:00\" \/>\n<meta name=\"twitter:card\" content=\"summary_large_image\" \/>\n<script type=\"application\/ld+json\" class=\"yoast-schema-graph\">{\"@context\":\"https:\/\/schema.org\",\"@graph\":[{\"@type\":\"WebPage\",\"@id\":\"https:\/\/www.coachwp.fr\/ebd26g3\/entretiens-professionnels\/\",\"url\":\"https:\/\/www.coachwp.fr\/ebd26g3\/entretiens-professionnels\/\",\"name\":\"Entretiens Professionnels - M\u00e9tiersDoc\",\"isPartOf\":{\"@id\":\"https:\/\/www.coachwp.fr\/ebd26g3\/#website\"},\"datePublished\":\"2026-01-26T08:41:10+00:00\",\"dateModified\":\"2026-02-09T11:03:50+00:00\",\"breadcrumb\":{\"@id\":\"https:\/\/www.coachwp.fr\/ebd26g3\/entretiens-professionnels\/#breadcrumb\"},\"inLanguage\":\"fr-FR\",\"potentialAction\":[{\"@type\":\"ReadAction\",\"target\":[\"https:\/\/www.coachwp.fr\/ebd26g3\/entretiens-professionnels\/\"]}]},{\"@type\":\"BreadcrumbList\",\"@id\":\"https:\/\/www.coachwp.fr\/ebd26g3\/entretiens-professionnels\/#breadcrumb\",\"itemListElement\":[{\"@type\":\"ListItem\",\"position\":1,\"name\":\"Accueil\",\"item\":\"https:\/\/www.coachwp.fr\/ebd26g3\/\"},{\"@type\":\"ListItem\",\"position\":2,\"name\":\"Entretiens Professionnels\"}]},{\"@type\":\"WebSite\",\"@id\":\"https:\/\/www.coachwp.fr\/ebd26g3\/#website\",\"url\":\"https:\/\/www.coachwp.fr\/ebd26g3\/\",\"name\":\"M\u00e9tiersDoc\",\"description\":\"\",\"potentialAction\":[{\"@type\":\"SearchAction\",\"target\":{\"@type\":\"EntryPoint\",\"urlTemplate\":\"https:\/\/www.coachwp.fr\/ebd26g3\/?s={search_term_string}\"},\"query-input\":{\"@type\":\"PropertyValueSpecification\",\"valueRequired\":true,\"valueName\":\"search_term_string\"}}],\"inLanguage\":\"fr-FR\"}]}<\/script>\n<!-- \/ Yoast SEO plugin. -->","yoast_head_json":{"title":"Entretiens Professionnels - M\u00e9tiersDoc","robots":{"index":"index","follow":"follow","max-snippet":"max-snippet:-1","max-image-preview":"max-image-preview:large","max-video-preview":"max-video-preview:-1"},"canonical":"https:\/\/www.coachwp.fr\/ebd26g3\/entretiens-professionnels\/","og_locale":"fr_FR","og_type":"article","og_title":"Entretiens Professionnels - M\u00e9tiersDoc","og_description":"Les derniers entretiens\u00a0Sp\u00e9cialis\u00e9e dans la surveillance et l\u2019analyse de l\u2019information strat\u00e9gique, elle accompagne les organisations dans l\u2019identification des tendances, des innovations et des signaux faibles \u00e0 l\u2019aide d\u2019outils de veille num\u00e9rique et d\u2019analyse de donn\u00e9es.Il pilote la gestion et la capitalisation des connaissances au sein d\u2019organisations complexes. Son r\u00f4le consiste \u00e0 structurer l\u2019information, faciliter le [&hellip;]","og_url":"https:\/\/www.coachwp.fr\/ebd26g3\/entretiens-professionnels\/","og_site_name":"M\u00e9tiersDoc","article_modified_time":"2026-02-09T11:03:50+00:00","twitter_card":"summary_large_image","schema":{"@context":"https:\/\/schema.org","@graph":[{"@type":"WebPage","@id":"https:\/\/www.coachwp.fr\/ebd26g3\/entretiens-professionnels\/","url":"https:\/\/www.coachwp.fr\/ebd26g3\/entretiens-professionnels\/","name":"Entretiens Professionnels - M\u00e9tiersDoc","isPartOf":{"@id":"https:\/\/www.coachwp.fr\/ebd26g3\/#website"},"datePublished":"2026-01-26T08:41:10+00:00","dateModified":"2026-02-09T11:03:50+00:00","breadcrumb":{"@id":"https:\/\/www.coachwp.fr\/ebd26g3\/entretiens-professionnels\/#breadcrumb"},"inLanguage":"fr-FR","potentialAction":[{"@type":"ReadAction","target":["https:\/\/www.coachwp.fr\/ebd26g3\/entretiens-professionnels\/"]}]},{"@type":"BreadcrumbList","@id":"https:\/\/www.coachwp.fr\/ebd26g3\/entretiens-professionnels\/#breadcrumb","itemListElement":[{"@type":"ListItem","position":1,"name":"Accueil","item":"https:\/\/www.coachwp.fr\/ebd26g3\/"},{"@type":"ListItem","position":2,"name":"Entretiens Professionnels"}]},{"@type":"WebSite","@id":"https:\/\/www.coachwp.fr\/ebd26g3\/#website","url":"https:\/\/www.coachwp.fr\/ebd26g3\/","name":"M\u00e9tiersDoc","description":"","potentialAction":[{"@type":"SearchAction","target":{"@type":"EntryPoint","urlTemplate":"https:\/\/www.coachwp.fr\/ebd26g3\/?s={search_term_string}"},"query-input":{"@type":"PropertyValueSpecification","valueRequired":true,"valueName":"search_term_string"}}],"inLanguage":"fr-FR"}]}},"uagb_featured_image_src":{"full":false,"thumbnail":false,"medium":false,"medium_large":false,"large":false,"1536x1536":false,"2048x2048":false,"et-pb-post-main-image":false,"et-pb-post-main-image-fullwidth":false,"et-pb-portfolio-image":false,"et-pb-portfolio-module-image":false,"et-pb-portfolio-image-single":false,"et-pb-gallery-module-image-portrait":false,"et-pb-post-main-image-fullwidth-large":false,"et-pb-image--responsive--desktop":false,"et-pb-image--responsive--tablet":false,"et-pb-image--responsive--phone":false},"uagb_author_info":{"display_name":"Ikram Mnie Filali","author_link":"https:\/\/www.coachwp.fr\/ebd26g3\/author\/i-mnieebd-fr\/"},"uagb_comment_info":0,"uagb_excerpt":"Les derniers entretiens\u00a0Sp\u00e9cialis\u00e9e dans la surveillance et l\u2019analyse de l\u2019information strat\u00e9gique, elle accompagne les organisations dans l\u2019identification des tendances, des innovations et des signaux faibles \u00e0 l\u2019aide d\u2019outils de veille num\u00e9rique et d\u2019analyse de donn\u00e9es.Il pilote la gestion et la capitalisation des connaissances au sein d\u2019organisations complexes. Son r\u00f4le consiste \u00e0 structurer l\u2019information, faciliter le\u2026","_links":{"self":[{"href":"https:\/\/www.coachwp.fr\/ebd26g3\/wp-json\/wp\/v2\/pages\/12","targetHints":{"allow":["GET"]}}],"collection":[{"href":"https:\/\/www.coachwp.fr\/ebd26g3\/wp-json\/wp\/v2\/pages"}],"about":[{"href":"https:\/\/www.coachwp.fr\/ebd26g3\/wp-json\/wp\/v2\/types\/page"}],"author":[{"embeddable":true,"href":"https:\/\/www.coachwp.fr\/ebd26g3\/wp-json\/wp\/v2\/users\/4"}],"replies":[{"embeddable":true,"href":"https:\/\/www.coachwp.fr\/ebd26g3\/wp-json\/wp\/v2\/comments?post=12"}],"version-history":[{"count":6,"href":"https:\/\/www.coachwp.fr\/ebd26g3\/wp-json\/wp\/v2\/pages\/12\/revisions"}],"predecessor-version":[{"id":397,"href":"https:\/\/www.coachwp.fr\/ebd26g3\/wp-json\/wp\/v2\/pages\/12\/revisions\/397"}],"wp:attachment":[{"href":"https:\/\/www.coachwp.fr\/ebd26g3\/wp-json\/wp\/v2\/media?parent=12"}],"curies":[{"name":"wp","href":"https:\/\/api.w.org\/{rel}","templated":true}]}}